{"id":31318,"date":"2018-10-24T13:39:13","date_gmt":"2018-10-24T13:39:13","guid":{"rendered":"https:\/\/www.logopediadomicilio.es\/?page_id=31318"},"modified":"2020-11-22T15:51:36","modified_gmt":"2020-11-22T15:51:36","slug":"home","status":"publish","type":"page","link":"https:\/\/www.logopediadomicilio.es\/ca\/","title":{"rendered":"HOME"},"content":{"rendered":"<div class=\"wpb-content-wrapper\"><p>[vc_row type=&#8221;full-width&#8221;][vc_column][rev_slider_vc alias=&#8221;home-1&#8243;][\/vc_column][\/vc_row][vc_row][vc_column offset=&#8221;vc_hidden-sm vc_hidden-xs&#8221;][vc_empty_space height=&#8221;96px&#8221;][vc_widget_sidebar sidebar_id=&#8221;sidebar-home-top-cat&#8221; el_class=&#8221;home-box-container-list for-home-slider&#8221;][\/vc_column][\/vc_row][vc_row top_margin=&#8221;page-margin-top-section&#8221;][vc_column width=&#8221;1\/2&#8243; el_class=&#8221;padding-right-30&#8243;][vc_single_image image=&#8221;31324&#8243; img_size=&#8221;medicenter-vertical-image&#8221; el_class=&#8221;page-margin-top side-image&#8221;][vc_single_image image=&#8221;31323&#8243; img_size=&#8221;medicenter-vertical-image&#8221; alignment=&#8221;right&#8221;][\/vc_column][vc_column width=&#8221;1\/2&#8243;]<h3 class=\"box-header\">Benvinguts a Logop\u00e8dia a Domicili<\/h3><h2 class=\"box-header large margin-top-30 no-border\">Portem el tractament logop\u00e8dic professional a la seva llar, amb totes les garanties<\/h2>[vc_column_text el_class=&#8221;large margin-top-10&#8243;]<\/p>\n<p>Des de l&#8217;inici de la nostra activitat el nostre objectiu sempre ha estat poder oferir un tractament logop\u00e8dic de gran qualitat a les llars de les fam\u00edlies, creant la base a aix\u00f2 un <strong>gran equip de professionals<\/strong>, experimentat i apassionat amb la rehabilitaci\u00f3 del llenguatge.<\/p>\n<p>[\/vc_column_text]<ul class=\"simple-list margin-top-15 clearfix\"><li class=\"template-tick-2 clearfix\">\n\t\t\t<span>Adaptem el nostre servei al seu horari i les seves necessitats, seleccionant cada professional acuradament<\/span><\/li><li class=\"template-tick-2 clearfix\">\n\t\t\t<span>Cobrim totes les \u00e0rees de la logop\u00e8dia mitjan\u00e7ant professionals especialitzats en logop\u00e8dia infantil, en dany cerebral i en ter\u00e0pia miofuncional<\/span><\/li><li class=\"template-tick-2 clearfix\">\n\t\t\t<span>La comunicaci\u00f3 amb la fam\u00edlia i amb altres professionals implicats en cada pacient \u00e9s una prioritat per a nosaltres<\/span><\/li><\/ul>[\/vc_column][\/vc_row][vc_row type=&#8221;full-width&#8221; top_margin=&#8221;page-margin-top-section&#8221; css=&#8221;.vc_custom_1534852698410{background-color: #f0f0f0 !important;}&#8221; el_class=&#8221;align-center padding-top-57 padding-bottom-63&#8243;][vc_column][vc_column_text]<\/p>\n<h2 style=\"text-align: center;\"><span style=\"color: #0000ff;\">Contacti amb nosaltres al 931 001 485 (Barcelona), 910 911 285 (Madrid) o 960 001 185 (Valencia)<\/span><\/h2>\n<p>[\/vc_column_text][vc_column_text][vc_button title=&#8221;MISSATGE&#8221; label=&#8221;o envieu un&#8221; size=&#8221;large&#8221; icon=&#8221;template-arrow-horizontal-1-after&#8221; style=&#8221;dark-color&#8221; href=&#8221;http:%2F%2Fwww.logopediadomicilio.es%2Fcontact-style-2%2F|&#8221;][\/vc_column_text][\/vc_column][\/vc_row][vc_row type=&#8221;full-width mc-parallax mc-overlay&#8221; css=&#8221;.vc_custom_1595497067497{background-image: url(http:\/\/www.logopediadomicilio.es\/wp-content\/uploads\/2020\/07\/notebook-writing-hand-pencil-wood-office-697821-pxhere.com_-freshblue.jpg?id=30968) !important;}&#8221; el_class=&#8221;counters-group padding-top-200 padding-bottom-193&#8243;][vc_column][vc_row_inner][vc_column_inner width=&#8221;1\/4&#8243;]<div class=\"counter-box has-counter-box-path features-time\"><svg xmlns=\"https:\/\/www.w3.org\/2000\/svg\" xmlns:xlink=\"https:\/\/www.w3.org\/1999\/xlink\" width=\"124px\" height=\"142px\" viewBox=\"0 -2 122 142\"><path class=\"counter-box-path animated-element\" stroke=\"#FFF\" d=\"M 0,103.5 0,34.5 60,0 120,34.5 120,103.5 60,138Z\" fill=\"none\" stroke-width=\"2\" data-animation-start=\"390\" data-duration=\"2000\"><\/path><\/svg><span class=\"number animated-element\" data-value=\"36468\" data-animation-start=\"230\"><\/span><p>SESSIONS DE LOGOP\u00c8DIA REALITZADES<\/p><\/div>[\/vc_column_inner][vc_column_inner width=&#8221;1\/4&#8243;]<div class=\"counter-box has-counter-box-path features-people\"><svg xmlns=\"https:\/\/www.w3.org\/2000\/svg\" xmlns:xlink=\"https:\/\/www.w3.org\/1999\/xlink\" width=\"124px\" height=\"142px\" viewBox=\"0 -2 122 142\"><path class=\"counter-box-path animated-element\" stroke=\"#FFF\" d=\"M 0,103.5 0,34.5 60,0 120,34.5 120,103.5 60,138Z\" fill=\"none\" stroke-width=\"2\" data-animation-start=\"390\" data-duration=\"2000\"><\/path><\/svg><span class=\"number animated-element\" data-value=\"1297\" data-animation-start=\"230\"><\/span><p>Pacients atesos<\/p><\/div>[\/vc_column_inner][vc_column_inner width=&#8221;1\/4&#8243;]<div class=\"counter-box has-counter-box-path features-briefcase align-center\"><svg xmlns=\"https:\/\/www.w3.org\/2000\/svg\" xmlns:xlink=\"https:\/\/www.w3.org\/1999\/xlink\" width=\"124px\" height=\"142px\" viewBox=\"0 -2 122 142\"><path class=\"counter-box-path animated-element\" stroke=\"#FFF\" d=\"M 0,103.5 0,34.5 60,0 120,34.5 120,103.5 60,138Z\" fill=\"none\" stroke-width=\"2\" data-animation-start=\"390\" data-duration=\"2000\"><\/path><\/svg><span class=\"number animated-element\" data-value=\"45\" data-animation-start=\"230\"><\/span><p>Logopedes a l&#8217;equip<\/p><\/div>[\/vc_column_inner][vc_column_inner width=&#8221;1\/4&#8243;]<div class=\"counter-box has-counter-box-path features-home\"><svg xmlns=\"https:\/\/www.w3.org\/2000\/svg\" xmlns:xlink=\"https:\/\/www.w3.org\/1999\/xlink\" width=\"124px\" height=\"142px\" viewBox=\"0 -2 122 142\"><path class=\"counter-box-path animated-element\" stroke=\"#FFF\" d=\"M 0,103.5 0,34.5 60,0 120,34.5 120,103.5 60,138Z\" fill=\"none\" stroke-width=\"2\" data-animation-start=\"390\" data-duration=\"2000\"><\/path><\/svg><span class=\"number animated-element\" data-value=\"11\" data-animation-start=\"230\"><\/span><p>Escoles a les que treballem<\/p><\/div>[\/vc_column_inner][\/vc_row_inner][\/vc_column][\/vc_row][vc_row top_margin=&#8221;page-margin-top-section&#8221;][vc_column width=&#8221;1\/3&#8243;]<h2 class=\"box-header large no-border\">Creiem que el temps en fam\u00edlia \u00e9s molt important<\/h2>[\/vc_column][vc_column width=&#8221;2\/3&#8243;][vc_column_text el_class=&#8221;large padding-0&#8243;]<\/p>\n<p>Mitjan\u00e7ant els nostres serveis de Logop\u00e8dia a Domicili a Barcelona, Val\u00e8ncia i Madrid, ajudem a les fam\u00edlies a preservar el temps en fam\u00edlia evitant despla\u00e7aments innecessaris despr\u00e9s de la jornada escolar o laboral, facilitant un servei professional amb les mateixes <strong>garanties<\/strong> que en un gabinet i amb la avantatge de realitzar <strong>el tractament logop\u00e8dic al context natural<\/strong> del pacient a un <strong>preu molt similar al de la consulta logop\u00e8dica<\/strong>.<\/p>\n<p>[\/vc_column_text][\/vc_column][\/vc_row][vc_row top_margin=&#8221;page-margin-top-section&#8221;][vc_column]<ul class=\"services-list clearfix\"><li class=\"vc_row wpb_row vc_row-fluid\"><ul><li><a href=\"https:\/\/www.logopediadomicilio.es\/ca\/logopedia\/logopedia-a-domicili-a-barcelona\/\" title=\"Logop\u00e8dia a domicili a Barcelona\"><img loading=\"lazy\" decoding=\"async\" width=\"480\" height=\"320\" src=\"https:\/\/www.logopediadomicilio.es\/wp-content\/uploads\/2020\/06\/190312-PMacM-7690-480x320.jpg\" class=\"attachment-medium-thumb size-medium-thumb wp-post-image\" alt=\"Logop\u00e8dia a domicili a Barcelona\" title=\"\" srcset=\"https:\/\/www.logopediadomicilio.es\/wp-content\/uploads\/2020\/06\/190312-PMacM-7690-480x320.jpg 480w, https:\/\/www.logopediadomicilio.es\/wp-content\/uploads\/2020\/06\/190312-PMacM-7690-300x200.jpg 300w, https:\/\/www.logopediadomicilio.es\/wp-content\/uploads\/2020\/06\/190312-PMacM-7690-1024x682.jpg 1024w, https:\/\/www.logopediadomicilio.es\/wp-content\/uploads\/2020\/06\/190312-PMacM-7690-768x512.jpg 768w, https:\/\/www.logopediadomicilio.es\/wp-content\/uploads\/2020\/06\/190312-PMacM-7690-1536x1023.jpg 1536w, https:\/\/www.logopediadomicilio.es\/wp-content\/uploads\/2020\/06\/190312-PMacM-7690-2048x1364.jpg 2048w, https:\/\/www.logopediadomicilio.es\/wp-content\/uploads\/2020\/06\/190312-PMacM-7690-670x446.jpg 670w, https:\/\/www.logopediadomicilio.es\/wp-content\/uploads\/2020\/06\/190312-PMacM-7690-600x400.jpg 600w, https:\/\/www.logopediadomicilio.es\/wp-content\/uploads\/2020\/06\/190312-PMacM-7690-390x260.jpg 390w, https:\/\/www.logopediadomicilio.es\/wp-content\/uploads\/2020\/06\/190312-PMacM-7690-285x190.jpg 285w\" sizes=\"auto, (max-width: 480px) 100vw, 480px\" \/><\/a><div class=\"service-details\"><h4 class=\"box-header\"><a href=\"https:\/\/www.logopediadomicilio.es\/ca\/logopedia\/logopedia-a-domicili-a-barcelona\/\" title=\"Logop\u00e8dia a domicili a Barcelona\">Logop\u00e8dia a domicili a Barcelona<\/a><\/h4><p>El nostre equip de logopedes a Barcelona, \u200b\u200bcreat el 2010, es despla\u00e7a per Barcelona i la seva \u00e0rea metropolitana.<\/p>\n<\/div><\/li><li><a href=\"https:\/\/www.logopediadomicilio.es\/ca\/logopedia\/logopedia-a-domicili-a-madrid\/\" title=\"Logop\u00e8dia a domicili a Madrid\"><img loading=\"lazy\" decoding=\"async\" width=\"480\" height=\"320\" src=\"https:\/\/www.logopediadomicilio.es\/wp-content\/uploads\/2020\/07\/Logopediagrupo5-480x320.jpg\" class=\"attachment-medium-thumb size-medium-thumb wp-post-image\" alt=\"Logop\u00e8dia a domicili a Madrid\" title=\"\" srcset=\"https:\/\/www.logopediadomicilio.es\/wp-content\/uploads\/2020\/07\/Logopediagrupo5-480x320.jpg 480w, https:\/\/www.logopediadomicilio.es\/wp-content\/uploads\/2020\/07\/Logopediagrupo5-300x200.jpg 300w, https:\/\/www.logopediadomicilio.es\/wp-content\/uploads\/2020\/07\/Logopediagrupo5-1024x684.jpg 1024w, https:\/\/www.logopediadomicilio.es\/wp-content\/uploads\/2020\/07\/Logopediagrupo5-768x513.jpg 768w, https:\/\/www.logopediadomicilio.es\/wp-content\/uploads\/2020\/07\/Logopediagrupo5-670x446.jpg 670w, https:\/\/www.logopediadomicilio.es\/wp-content\/uploads\/2020\/07\/Logopediagrupo5-600x400.jpg 600w, https:\/\/www.logopediadomicilio.es\/wp-content\/uploads\/2020\/07\/Logopediagrupo5-390x260.jpg 390w, https:\/\/www.logopediadomicilio.es\/wp-content\/uploads\/2020\/07\/Logopediagrupo5-285x190.jpg 285w, https:\/\/www.logopediadomicilio.es\/wp-content\/uploads\/2020\/07\/Logopediagrupo5.jpg 1200w\" sizes=\"auto, (max-width: 480px) 100vw, 480px\" \/><\/a><div class=\"service-details\"><h4 class=\"box-header\"><a href=\"https:\/\/www.logopediadomicilio.es\/ca\/logopedia\/logopedia-a-domicili-a-madrid\/\" title=\"Logop\u00e8dia a domicili a Madrid\">Logop\u00e8dia a domicili a Madrid<\/a><\/h4><p>Els nostres logopedes de Madrid estan altament especialitzats tant en logop\u00e8dia infantil com neurologop\u00e8dia.<\/p>\n<\/div><\/li><li><a href=\"https:\/\/www.logopediadomicilio.es\/ca\/logopedia\/logopedia-a-domicili-a-valencia\/\" title=\"Logop\u00e8dia a domicili a Val\u00e8ncia\"><img loading=\"lazy\" decoding=\"async\" width=\"480\" height=\"320\" src=\"https:\/\/www.logopediadomicilio.es\/wp-content\/uploads\/2020\/07\/Grupo-logopedas-horizontal-480x320.jpg\" class=\"attachment-medium-thumb size-medium-thumb wp-post-image\" alt=\"Logop\u00e8dia a domicili a Val\u00e8ncia\" title=\"\" srcset=\"https:\/\/www.logopediadomicilio.es\/wp-content\/uploads\/2020\/07\/Grupo-logopedas-horizontal-480x320.jpg 480w, https:\/\/www.logopediadomicilio.es\/wp-content\/uploads\/2020\/07\/Grupo-logopedas-horizontal-670x446.jpg 670w, https:\/\/www.logopediadomicilio.es\/wp-content\/uploads\/2020\/07\/Grupo-logopedas-horizontal-600x400.jpg 600w, https:\/\/www.logopediadomicilio.es\/wp-content\/uploads\/2020\/07\/Grupo-logopedas-horizontal-390x260.jpg 390w, https:\/\/www.logopediadomicilio.es\/wp-content\/uploads\/2020\/07\/Grupo-logopedas-horizontal-285x190.jpg 285w\" sizes=\"auto, (max-width: 480px) 100vw, 480px\" \/><\/a><div class=\"service-details\"><h4 class=\"box-header\"><a href=\"https:\/\/www.logopediadomicilio.es\/ca\/logopedia\/logopedia-a-domicili-a-valencia\/\" title=\"Logop\u00e8dia a domicili a Val\u00e8ncia\">Logop\u00e8dia a domicili a Val\u00e8ncia<\/a><\/h4><p>Les nostres logopedes de Val\u00e8ncia estan especialitzades tant en logop\u00e8dia infantil com neurologop\u00e8dia.<\/p>\n<\/div><\/li><\/ul><\/li><\/ul>[\/vc_column][\/vc_row][vc_row type=&#8221;full-width&#8221; top_margin=&#8221;page-margin-top-section&#8221; el_class=&#8221;flex-box&#8221; css=&#8221;.vc_custom_1535723622030{background-color: #ffffff !important;}&#8221;][vc_column width=&#8221;1\/2&#8243; css=&#8221;.vc_custom_1595513814051{background-image: url(http:\/\/www.logopediadomicilio.es\/wp-content\/uploads\/2020\/07\/190312-PMacM-7817-quadrat-scaled.jpg?id=30984) !important;background-position: center !important;background-repeat: no-repeat !important;background-size: cover !important;}&#8221;][vc_single_image image=&#8221;31328&#8243; img_size=&#8221;large-thumb&#8221; el_class=&#8221;flex-hide&#8221;][\/vc_column][vc_column width=&#8221;1\/2&#8243; el_class=&#8221;padding-bottom-128 column-limited&#8221;][vc_row_inner el_class=&#8221;padding-left-100&#8243;][vc_column_inner]<h3 class=\"box-header margin-top-92\">Logopedia infantil<\/h3><h2 class=\"box-header large margin-top-30 no-border\">Els tractaments logop\u00e8dics infantils m\u00e9s avan\u00e7ats<\/h2>[vc_column_text el_class=&#8221;large margin-top-10&#8243;]<\/p>\n<p>El nostre equip de terapeutes de el llenguatge est\u00e0 especialitzat en les diferents dificultats pr\u00f2pies del llenguatge i la degluci\u00f3, sempre buscant la <strong>motivaci\u00f3<\/strong> del pacient i, al mateix temps, emprant metodologies d&#8217;intervenci\u00f3 logop\u00e8dica cient\u00edficament recolzades i utilitzant les t\u00e8cniques <strong>m\u00e9s eficaces<\/strong> per a cada necessitat.<\/p>\n<p>[\/vc_column_text][\/vc_column_inner][\/vc_row_inner][vc_row_inner el_class=&#8221;padding-left-100&#8243;][vc_column_inner width=&#8221;1\/2&#8243;]<ul class=\"simple-list margin-top-15 clearfix\"><li class=\"template-tick-2 clearfix\">\n\t\t\t<span>Retr\u00e0s del llenguatge<\/span><\/li><li class=\"template-tick-2 clearfix\">\n\t\t\t<span>Trastorn espec\u00edfic del llenguatge<\/span><\/li><li class=\"template-tick-2 clearfix\">\n\t\t\t<span>Dificultat en la lectura i l&#8217;escritura<\/span><\/li><li class=\"template-tick-2 clearfix\">\n\t\t\t<span>Disfonia infantil<\/span><\/li><li class=\"template-tick-2 clearfix\">\n\t\t\t<span>Estimulaci\u00f3 primerenca<\/span><\/li><\/ul>[\/vc_column_inner][vc_column_inner width=&#8221;1\/2&#8243;]<ul class=\"simple-list margin-top-15 clearfix\"><li class=\"template-tick-2 clearfix\">\n\t\t\t<span>Degluci\u00f3 at\u00edpica<\/span><\/li><li class=\"template-tick-2 clearfix\">\n\t\t\t<span>Dislalia simple o m\u00faltiple<\/span><\/li><li class=\"template-tick-2 clearfix\">\n\t\t\t<span>Disl\u00e8xia<\/span><\/li><li class=\"template-tick-2 clearfix\">\n\t\t\t<span>Disf\u00e8mia o tartamudesa<\/span><\/li><li class=\"template-tick-2 clearfix\">\n\t\t\t<span>Logop\u00e8dia en S\u00edndrome de Down<\/span><\/li><\/ul>[\/vc_column_inner][\/vc_row_inner][\/vc_column][\/vc_row][vc_row][vc_column offset=&#8221;vc_hidden-lg vc_hidden-md vc_hidden-sm&#8221;][vc_single_image image=&#8221;31329&#8243; img_size=&#8221;large-thumb&#8221; el_class=&#8221;flex-hide&#8221;][\/vc_column][\/vc_row][vc_row type=&#8221;full-width&#8221; el_class=&#8221;flex-box&#8221; css=&#8221;.vc_custom_1536922373069{background-color: #f8f8f8 !important;}&#8221;][vc_column width=&#8221;1\/2&#8243; css=&#8221;.vc_custom_1536849658368{background-position: center !important;background-repeat: no-repeat !important;background-size: cover !important;}&#8221; el_class=&#8221;padding-bottom-128 column-limited&#8221;][vc_row_inner el_class=&#8221;padding-right-100&#8243;][vc_column_inner]<h3 class=\"box-header margin-top-92\">Logop\u00e8dia en dany cerebral<\/h3><h2 class=\"box-header large margin-top-30 no-border\">Recuperar el llenguatge \u00e9s possible despr\u00e9s del dany cerebral<\/h2>[vc_column_text el_class=&#8221;large margin-top-10&#8243;]<\/p>\n<p>Despr\u00e9s d&#8217;un ictus, un traumatisme cranioencef\u00e0lic o un tumor cerebral, moltes vegades el <strong>llenguatge<\/strong> es veu alterat, la intervenci\u00f3 del logopeda juntament amb altres professionals com el neur\u00f2leg i el fisioterapeuta, permetr\u00e0 el pacient recuperar el seu llenguatge oral i \/ o escrit parcialment o totalment en funci\u00f3 de la gravetat de la lesi\u00f3 i de el temps que hagi passat entre l&#8217;accident o operaci\u00f3 i l&#8217;inici del tractament. El que suposar\u00e0 una millora significativa de la <strong>qualitat de vida del pacient<\/strong>. D&#8217;altra banda, la intervenci\u00f3 logop\u00e8dica en les malalties neurodegeneratives com el Parkinson, ELA i Dem\u00e8ncies entre d&#8217;altres, resulta clau per frenar l&#8217;avan\u00e7 de les repercussions de la malaltia en el llenguatge, la veu i la degluci\u00f3 en els pacients, podent en algunes ocasions <strong>recuperar algunes funcions perdudes<\/strong> i en altres treballar per al <strong>manteniment<\/strong> de les funcions el major temps possible.<\/p>\n<p>[\/vc_column_text][\/vc_column_inner][\/vc_row_inner][vc_row_inner el_class=&#8221;padding-right-100&#8243;][vc_column_inner width=&#8221;1\/2&#8243;]<ul class=\"simple-list margin-top-15 clearfix\"><li class=\"template-tick-2 clearfix\">\n\t\t\t<span>Ictus<\/span><\/li><li class=\"template-tick-2 clearfix\">\n\t\t\t<span>Afasia<\/span><\/li><li class=\"template-tick-2 clearfix\">\n\t\t\t<span>Disartria<\/span><\/li><li class=\"template-tick-2 clearfix\">\n\t\t\t<span>Disf\u00e0gia<\/span><\/li><\/ul>[\/vc_column_inner][vc_column_inner width=&#8221;1\/2&#8243;]<ul class=\"simple-list margin-top-15 clearfix\"><li class=\"template-tick-2 clearfix\">\n\t\t\t<span>Logop\u00e8dia en Parkinson<\/span><\/li><li class=\"template-tick-2 clearfix\">\n\t\t\t<span>Logop\u00e8dia en ELA<\/span><\/li><li class=\"template-tick-2 clearfix\">\n\t\t\t<span>Logop\u00e8dia postumor cerebral<\/span><\/li><li class=\"template-tick-2 clearfix\">\n\t\t\t<span>Logop\u00e8dia post TCE<\/span><\/li><\/ul>[\/vc_column_inner][\/vc_row_inner][\/vc_column][vc_column width=&#8221;1\/2&#8243; css=&#8221;.vc_custom_1595513985716{background-image: url(http:\/\/www.logopediadomicilio.es\/wp-content\/uploads\/2020\/07\/20190405_110009-petita.jpg?id=30985) !important;background-position: center !important;background-repeat: no-repeat !important;background-size: cover !important;}&#8221;][\/vc_column][\/vc_row][vc_row type=&#8221;full-width&#8221; top_margin=&#8221;page-margin-top-section&#8221; el_class=&#8221;flex-box&#8221; css=&#8221;.vc_custom_1596036760717{margin-top: -5px !important;background-color: #f8f8f8 !important;}&#8221;][vc_column width=&#8221;1\/2&#8243; css=&#8221;.vc_custom_1595594283150{background-image: url(http:\/\/www.logopediadomicilio.es\/wp-content\/uploads\/2020\/07\/WEB-Speech-and-language-therapy.jpg?id=30989) !important;background-position: center !important;background-repeat: no-repeat !important;background-size: cover !important;}&#8221;][vc_single_image image=&#8221;31330&#8243; img_size=&#8221;large-thumb&#8221; el_class=&#8221;flex-hide&#8221;][\/vc_column][vc_column width=&#8221;1\/2&#8243; el_class=&#8221;padding-bottom-128 column-limited&#8221;][vc_row_inner el_class=&#8221;padding-left-100&#8243;][vc_column_inner]<h3 class=\"box-header margin-top-92\">Logop\u00e8dia en pacients adults<\/h3><h2 class=\"box-header large margin-top-30 no-border\">La correcci\u00f3 del llenguatge tamb\u00e9 \u00e9s per a adults<\/h2>[vc_column_text el_class=&#8221;large margin-top-10&#8243;]<\/p>\n<p>A l&#8217;edat adulta ens podem trobar tant amb dificultats sobrevingudes com altres que han persistit en el temps i poden ser corregides. Per exemple, la dificultat en la producci\u00f3 del fonema &#8220;r&#8221; o &#8220;s&#8221; poden ser corregits tamb\u00e9 en l&#8217;edat adulta. Al mateix temps, tamb\u00e9 treballem les disfonies funcionals o org\u00e0niques, \u00e9s a dir, les dificultats en l&#8217;\u00fas de la veu ja siguin per lesions o per un mal \u00fas de la veu. Un altre aspecte rellevant en el treball amb pacients de logop\u00e8dia Aduts \u00e9s el treball en la Degluci\u00f3 At\u00edpica, tractament necessari per poder obtenir uns bons resultats en l&#8217;ortod\u00f2ncia.<\/p>\n<p>[\/vc_column_text][\/vc_column_inner][\/vc_row_inner][vc_row_inner el_class=&#8221;padding-left-100&#8243;][vc_column_inner width=&#8221;1\/2&#8243;]<ul class=\"simple-list margin-top-15 clearfix\"><li class=\"template-tick-2 clearfix\">\n\t\t\t<span>Articulaci\u00f3 de &#8220;r&#8221;<\/span><\/li><li class=\"template-tick-2 clearfix\">\n\t\t\t<span>Articulaci\u00f3 de &#8220;s&#8221;<\/span><\/li><\/ul>[\/vc_column_inner][vc_column_inner width=&#8221;1\/2&#8243;]<ul class=\"simple-list margin-top-15 clearfix\"><li class=\"template-tick-2 clearfix\">\n\t\t\t<span>Degluci\u00f3 at\u00edpica<\/span><\/li><li class=\"template-tick-2 clearfix\">\n\t\t\t<span>Disfonia<\/span><\/li><\/ul>[\/vc_column_inner][\/vc_row_inner][\/vc_column][\/vc_row][vc_row top_margin=&#8221;page-margin-top-section&#8221;][vc_column]<h2 class=\"box-header large align-center\">El nostre equip de logopedes<\/h2>[vc_column_text el_class=&#8221;large align-center margin-top-20&#8243;]<\/p>\n<p>Els nostres logopedes s\u00f3n el valor m\u00e9s preuat del nostre servei de logop\u00e8dia, s\u00f3n els que amb el seu treball diari aconsegueixen els objectius de llenguatge i comunicaci\u00f3 dels nostres pacients, tant adults com nens i nenes. Tots els nostres logopedes estan col\u00b7legiats en el seu respectiu Col\u00b7legi Oficial de Logopedes i han estat seleccionats per la seva especialitat i tracte hum\u00e0.<\/p>\n<p>[\/vc_column_text][vc_row_inner top_margin=&#8221;page-margin-top&#8221; el_class=&#8221;margin-bottom-50&#8243;][vc_column_inner][\/vc_column_inner][\/vc_row_inner]<div class=\"clearfix scrolling-controls\">\n\t\t\t\t<div class=\"header-left\"><\/div>\n\t\t\t\t<div class=\"header-right\"><a href=\"#\" id=\"carousel_prev\" class=\"scrolling-list-control-left template-arrow-horizontal-3\"><\/a><a href=\"#\" id=\"carousel_next\" class=\"scrolling-list-control-right template-arrow-horizontal-3\"><\/a><\/div><\/div>\n\t\t\t\t<ul class=\"mc-gallery gallery-4-columns dm_carousel horizontal-carousel carousel id-carousel autoplay-0 pause_on_hover-1 scroll-1 effect-scroll easing-swing duration-500\"><li class=\"gallery-box gallery-box-1 hover-icons-off\" id=\"gallery-item-marc-giner\"><img loading=\"lazy\" decoding=\"async\" width=\"285\" height=\"190\" src=\"https:\/\/www.logopediadomicilio.es\/wp-content\/uploads\/2020\/02\/marc-giner-1-285x190.jpg\" class=\"mc-preload wp-post-image\" alt=\"Marc Giner\" title=\"\" srcset=\"https:\/\/www.logopediadomicilio.es\/wp-content\/uploads\/2020\/02\/marc-giner-1-285x190.jpg 285w, https:\/\/www.logopediadomicilio.es\/wp-content\/uploads\/2020\/02\/marc-giner-1-600x400.jpg 600w, https:\/\/www.logopediadomicilio.es\/wp-content\/uploads\/2020\/02\/marc-giner-1-480x320.jpg 480w, https:\/\/www.logopediadomicilio.es\/wp-content\/uploads\/2020\/02\/marc-giner-1-390x260.jpg 390w\" sizes=\"auto, (max-width: 285px) 100vw, 285px\" \/>\n\t\t\t\t\t\t<div class=\"description\">\n\t\t\t\t\t\t\t<h4>Marc Giner<\/h4>\n\t\t\t\t\t\t\t<h5><\/h5>\n\t\t\t\t\t\t<\/div><div class=\"item-details\"><p>El Marc \u00e9s el director de Logop\u00e8dia a Domicili. Est\u00e0 especialitzat en Trastorns del Llenguatge Escrit, diagn\u00f2stic psicopedag\u00f2gic i assessorament i orientaci\u00f3 a pares.<\/p>\n<\/div>\n\t\t\t\t\t\t<ul class=\"controls\">\n\t\t\t\t\t\t\t<li>\n\t\t\t\t\t\t\t\t<a href=\"https:\/\/www.logopediadomicilio.es\/ca\/logopeda\/marc-giner\/\" class=\"template-menu-2 open-details\"><\/a>\n\t\t\t\t\t\t\t<\/li><li><a href=\"https:\/\/www.logopediadomicilio.es\/wp-content\/uploads\/2020\/02\/marc-giner-1.jpg\" class=\"template-plus-2 fancybox open-lightbox\" rel=\"mcgallery[loop]\"><\/a>\n\t\t\t\t\t<\/li><\/ul><\/li><li class=\"gallery-box gallery-box-2 hover-icons-off\" id=\"gallery-item-sandra-catalan\"><img loading=\"lazy\" decoding=\"async\" width=\"285\" height=\"190\" src=\"https:\/\/www.logopediadomicilio.es\/wp-content\/uploads\/2020\/06\/SAndra-Catalan-285x190.jpg\" class=\"mc-preload wp-post-image\" alt=\"Sandra Catalan\" title=\"\" srcset=\"https:\/\/www.logopediadomicilio.es\/wp-content\/uploads\/2020\/06\/SAndra-Catalan-285x190.jpg 285w, https:\/\/www.logopediadomicilio.es\/wp-content\/uploads\/2020\/06\/SAndra-Catalan-600x400.jpg 600w, https:\/\/www.logopediadomicilio.es\/wp-content\/uploads\/2020\/06\/SAndra-Catalan-480x320.jpg 480w, https:\/\/www.logopediadomicilio.es\/wp-content\/uploads\/2020\/06\/SAndra-Catalan-390x260.jpg 390w\" sizes=\"auto, (max-width: 285px) 100vw, 285px\" \/>\n\t\t\t\t\t\t<div class=\"description\">\n\t\t\t\t\t\t\t<h4>Sandra Catalan<\/h4>\n\t\t\t\t\t\t\t<h5><\/h5>\n\t\t\t\t\t\t<\/div><div class=\"item-details\"><p>Sandra \u00e9s la logopeda coordinadora del servei de Logop\u00e8dia a Domicili a Val\u00e8ncia. Est\u00e0 especialitzada en diferents disciplines de la logop\u00e8dia destacant logop\u00e8dia infantil i neurologop\u00e8dia.<\/p>\n<\/div>\n\t\t\t\t\t\t<ul class=\"controls\">\n\t\t\t\t\t\t\t<li>\n\t\t\t\t\t\t\t\t<a href=\"https:\/\/www.logopediadomicilio.es\/ca\/logopeda\/sandra-catalan\/\" class=\"template-menu-2 open-details\"><\/a>\n\t\t\t\t\t\t\t<\/li><li><a href=\"https:\/\/www.logopediadomicilio.es\/wp-content\/uploads\/2020\/06\/SAndra-Catalan.jpg\" class=\"template-plus-2 fancybox open-lightbox\" rel=\"mcgallery[loop]\"><\/a>\n\t\t\t\t\t<\/li><\/ul><\/li><li class=\"gallery-box gallery-box-3 hover-icons-off\" id=\"gallery-item-mario-figueroa\"><img loading=\"lazy\" decoding=\"async\" width=\"285\" height=\"190\" src=\"https:\/\/www.logopediadomicilio.es\/wp-content\/uploads\/2020\/06\/mario-figueroa-285x190.jpg\" class=\"mc-preload wp-post-image\" alt=\"Mario Figueroa\" title=\"\" srcset=\"https:\/\/www.logopediadomicilio.es\/wp-content\/uploads\/2020\/06\/mario-figueroa-285x190.jpg 285w, https:\/\/www.logopediadomicilio.es\/wp-content\/uploads\/2020\/06\/mario-figueroa-600x400.jpg 600w, https:\/\/www.logopediadomicilio.es\/wp-content\/uploads\/2020\/06\/mario-figueroa-480x320.jpg 480w, https:\/\/www.logopediadomicilio.es\/wp-content\/uploads\/2020\/06\/mario-figueroa-390x260.jpg 390w\" sizes=\"auto, (max-width: 285px) 100vw, 285px\" \/>\n\t\t\t\t\t\t<div class=\"description\">\n\t\t\t\t\t\t\t<h4>Mario Figueroa<\/h4>\n\t\t\t\t\t\t\t<h5><\/h5>\n\t\t\t\t\t\t<\/div><div class=\"item-details\"><p>Mario \u00e9s logopeda de el servei de Logop\u00e8dia a Domicili a Barcelona. Aquesta especialitzat en diferents disciplines de la logop\u00e8dia per\u00f2 especialment en logop\u00e8dia infantil i neurologop\u00e8dia.<\/p>\n<\/div>\n\t\t\t\t\t\t<ul class=\"controls\">\n\t\t\t\t\t\t\t<li>\n\t\t\t\t\t\t\t\t<a href=\"https:\/\/www.logopediadomicilio.es\/ca\/logopeda\/mario-figueroa\/\" class=\"template-menu-2 open-details\"><\/a>\n\t\t\t\t\t\t\t<\/li><li><a href=\"https:\/\/www.logopediadomicilio.es\/wp-content\/uploads\/2020\/06\/mario-figueroa.jpg\" class=\"template-plus-2 fancybox open-lightbox\" rel=\"mcgallery[loop]\"><\/a>\n\t\t\t\t\t<\/li><\/ul><\/li><li class=\"gallery-box gallery-box-4 hover-icons-off\" id=\"gallery-item-silvia-oller-logopeda\"><img loading=\"lazy\" decoding=\"async\" width=\"285\" height=\"190\" src=\"https:\/\/www.logopediadomicilio.es\/wp-content\/uploads\/2020\/06\/Silvia-Oller1-285x190.jpeg\" class=\"mc-preload wp-post-image\" alt=\"Silvia Oller\" title=\"\" srcset=\"https:\/\/www.logopediadomicilio.es\/wp-content\/uploads\/2020\/06\/Silvia-Oller1-285x190.jpeg 285w, https:\/\/www.logopediadomicilio.es\/wp-content\/uploads\/2020\/06\/Silvia-Oller1-670x446.jpeg 670w, https:\/\/www.logopediadomicilio.es\/wp-content\/uploads\/2020\/06\/Silvia-Oller1-600x400.jpeg 600w, https:\/\/www.logopediadomicilio.es\/wp-content\/uploads\/2020\/06\/Silvia-Oller1-480x320.jpeg 480w, https:\/\/www.logopediadomicilio.es\/wp-content\/uploads\/2020\/06\/Silvia-Oller1-390x260.jpeg 390w\" sizes=\"auto, (max-width: 285px) 100vw, 285px\" \/>\n\t\t\t\t\t\t<div class=\"description\">\n\t\t\t\t\t\t\t<h4>Silvia Oller<\/h4>\n\t\t\t\t\t\t\t<h5><\/h5>\n\t\t\t\t\t\t<\/div><div class=\"item-details\"><p>La Silvia \u00e9s logopeda del servei de Logop\u00e8dia a Domicili a Barcelona. Est\u00e0 especialitzada en logop\u00e8dia infantil i trastorns del llenguatge oral i escrit.<\/p>\n<\/div>\n\t\t\t\t\t\t<ul class=\"controls\">\n\t\t\t\t\t\t\t<li>\n\t\t\t\t\t\t\t\t<a href=\"https:\/\/www.logopediadomicilio.es\/ca\/logopeda\/silvia-oller-logopeda\/\" class=\"template-menu-2 open-details\"><\/a>\n\t\t\t\t\t\t\t<\/li><li><a href=\"https:\/\/www.logopediadomicilio.es\/wp-content\/uploads\/2020\/06\/Silvia-Oller1-1024x797.jpeg\" class=\"template-plus-2 fancybox open-lightbox\" rel=\"mcgallery[loop]\"><\/a>\n\t\t\t\t\t<\/li><\/ul><\/li><li class=\"gallery-box gallery-box-5 hover-icons-off\" id=\"gallery-item-melanie-bardinet\"><img loading=\"lazy\" decoding=\"async\" width=\"285\" height=\"190\" src=\"https:\/\/www.logopediadomicilio.es\/wp-content\/uploads\/2020\/06\/melanie-bardinet-285x190.jpg\" class=\"mc-preload wp-post-image\" alt=\"Melanie Bardinet\" title=\"\" srcset=\"https:\/\/www.logopediadomicilio.es\/wp-content\/uploads\/2020\/06\/melanie-bardinet-285x190.jpg 285w, https:\/\/www.logopediadomicilio.es\/wp-content\/uploads\/2020\/06\/melanie-bardinet-600x400.jpg 600w, https:\/\/www.logopediadomicilio.es\/wp-content\/uploads\/2020\/06\/melanie-bardinet-480x320.jpg 480w, https:\/\/www.logopediadomicilio.es\/wp-content\/uploads\/2020\/06\/melanie-bardinet-390x260.jpg 390w\" sizes=\"auto, (max-width: 285px) 100vw, 285px\" \/>\n\t\t\t\t\t\t<div class=\"description\">\n\t\t\t\t\t\t\t<h4>Melanie Bardinet<\/h4>\n\t\t\t\t\t\t\t<h5><\/h5>\n\t\t\t\t\t\t<\/div><div class=\"item-details\"><p>La Melanie \u00e9s logopeda del servei de Logop\u00e8dia a Domicili a Barcelona. Est\u00e0 especialitzada en diferents disciplines de la logop\u00e8dia per\u00f2 especialment en neurologop\u00e8dia i ter\u00e0pia miofuncional.<\/p>\n<\/div>\n\t\t\t\t\t\t<ul class=\"controls\">\n\t\t\t\t\t\t\t<li>\n\t\t\t\t\t\t\t\t<a href=\"https:\/\/www.logopediadomicilio.es\/ca\/logopeda\/melanie-bardinet\/\" class=\"template-menu-2 open-details\"><\/a>\n\t\t\t\t\t\t\t<\/li><li><a href=\"https:\/\/www.logopediadomicilio.es\/wp-content\/uploads\/2020\/06\/melanie-bardinet.jpg\" class=\"template-plus-2 fancybox open-lightbox\" rel=\"mcgallery[loop]\"><\/a>\n\t\t\t\t\t<\/li><\/ul><\/li><li class=\"gallery-box gallery-box-6 hover-icons-off\" id=\"gallery-item-anna-bernat\"><img loading=\"lazy\" decoding=\"async\" width=\"285\" height=\"190\" src=\"https:\/\/www.logopediadomicilio.es\/wp-content\/uploads\/2020\/06\/anna-bernat-285x190.jpg\" class=\"mc-preload wp-post-image\" alt=\"Anna Bernat\" title=\"\" srcset=\"https:\/\/www.logopediadomicilio.es\/wp-content\/uploads\/2020\/06\/anna-bernat-285x190.jpg 285w, https:\/\/www.logopediadomicilio.es\/wp-content\/uploads\/2020\/06\/anna-bernat-600x400.jpg 600w, https:\/\/www.logopediadomicilio.es\/wp-content\/uploads\/2020\/06\/anna-bernat-480x320.jpg 480w, https:\/\/www.logopediadomicilio.es\/wp-content\/uploads\/2020\/06\/anna-bernat-390x260.jpg 390w\" sizes=\"auto, (max-width: 285px) 100vw, 285px\" \/>\n\t\t\t\t\t\t<div class=\"description\">\n\t\t\t\t\t\t\t<h4>Anna Bernat<\/h4>\n\t\t\t\t\t\t\t<h5><\/h5>\n\t\t\t\t\t\t<\/div><div class=\"item-details\"><p>L&#8217;Anna \u00e9s logopeda de el servei de Logop\u00e8dia a Domicili a Barcelona. Est\u00e0 especialitzada en diferents disciplines de la logop\u00e8dia per\u00f2 especialment en neurologop\u00e8dia.<\/p>\n<\/div>\n\t\t\t\t\t\t<ul class=\"controls\">\n\t\t\t\t\t\t\t<li>\n\t\t\t\t\t\t\t\t<a href=\"https:\/\/www.logopediadomicilio.es\/ca\/logopeda\/anna-bernat\/\" class=\"template-menu-2 open-details\"><\/a>\n\t\t\t\t\t\t\t<\/li><li><a href=\"https:\/\/www.logopediadomicilio.es\/wp-content\/uploads\/2020\/06\/anna-bernat.jpg\" class=\"template-plus-2 fancybox open-lightbox\" rel=\"mcgallery[loop]\"><\/a>\n\t\t\t\t\t<\/li><\/ul><\/li><li class=\"gallery-box gallery-box-7 hover-icons-off\" id=\"gallery-item-florencia-aguzin\"><img loading=\"lazy\" decoding=\"async\" width=\"285\" height=\"190\" src=\"https:\/\/www.logopediadomicilio.es\/wp-content\/uploads\/2020\/06\/florencia-aguizin-285x190.jpg\" class=\"mc-preload wp-post-image\" alt=\"Florencia Aguzin\" title=\"\" srcset=\"https:\/\/www.logopediadomicilio.es\/wp-content\/uploads\/2020\/06\/florencia-aguizin-285x190.jpg 285w, https:\/\/www.logopediadomicilio.es\/wp-content\/uploads\/2020\/06\/florencia-aguizin-600x400.jpg 600w, https:\/\/www.logopediadomicilio.es\/wp-content\/uploads\/2020\/06\/florencia-aguizin-480x320.jpg 480w, https:\/\/www.logopediadomicilio.es\/wp-content\/uploads\/2020\/06\/florencia-aguizin-390x260.jpg 390w\" sizes=\"auto, (max-width: 285px) 100vw, 285px\" \/>\n\t\t\t\t\t\t<div class=\"description\">\n\t\t\t\t\t\t\t<h4>Florencia Aguzin<\/h4>\n\t\t\t\t\t\t\t<h5><\/h5>\n\t\t\t\t\t\t<\/div><div class=\"item-details\"><p>La Flor\u00e8ncia \u00e9s logopeda de el servei de Logop\u00e8dia a Domicili a Barcelona. Aquesta especialitzada en diferents disciplines de la logop\u00e8dia per\u00f2 especialment en neurologop\u00e8dia i logop\u00e8dia infantil.<\/p>\n<\/div>\n\t\t\t\t\t\t<ul class=\"controls\">\n\t\t\t\t\t\t\t<li>\n\t\t\t\t\t\t\t\t<a href=\"https:\/\/www.logopediadomicilio.es\/ca\/logopeda\/florencia-aguzin\/\" class=\"template-menu-2 open-details\"><\/a>\n\t\t\t\t\t\t\t<\/li><li><a href=\"https:\/\/www.logopediadomicilio.es\/wp-content\/uploads\/2020\/06\/florencia-aguizin.jpg\" class=\"template-plus-2 fancybox open-lightbox\" rel=\"mcgallery[loop]\"><\/a>\n\t\t\t\t\t<\/li><\/ul><\/li><li class=\"gallery-box gallery-box-8 hover-icons-off\" id=\"gallery-item-miriam-vicente\"><img loading=\"lazy\" decoding=\"async\" width=\"285\" height=\"190\" src=\"https:\/\/www.logopediadomicilio.es\/wp-content\/uploads\/2020\/06\/miriam-vicente-285x190.jpg\" class=\"mc-preload wp-post-image\" alt=\"Miriam Vicente\" title=\"\" srcset=\"https:\/\/www.logopediadomicilio.es\/wp-content\/uploads\/2020\/06\/miriam-vicente-285x190.jpg 285w, https:\/\/www.logopediadomicilio.es\/wp-content\/uploads\/2020\/06\/miriam-vicente-600x400.jpg 600w, https:\/\/www.logopediadomicilio.es\/wp-content\/uploads\/2020\/06\/miriam-vicente-480x320.jpg 480w, https:\/\/www.logopediadomicilio.es\/wp-content\/uploads\/2020\/06\/miriam-vicente-390x260.jpg 390w\" sizes=\"auto, (max-width: 285px) 100vw, 285px\" \/>\n\t\t\t\t\t\t<div class=\"description\">\n\t\t\t\t\t\t\t<h4>Miriam Vicente<\/h4>\n\t\t\t\t\t\t\t<h5><\/h5>\n\t\t\t\t\t\t<\/div><div class=\"item-details\"><p>La Miriam \u00e9s logopeda del servei de Logop\u00e8dia a Domicili a Barcelona. Aquesta especialitzada en diferents disciplines de la logop\u00e8dia per\u00f2 especialment en veu i logop\u00e8dia infantil. <\/p>\n<\/div>\n\t\t\t\t\t\t<ul class=\"controls\">\n\t\t\t\t\t\t\t<li>\n\t\t\t\t\t\t\t\t<a href=\"https:\/\/www.logopediadomicilio.es\/ca\/logopeda\/miriam-vicente\/\" class=\"template-menu-2 open-details\"><\/a>\n\t\t\t\t\t\t\t<\/li><li><a href=\"https:\/\/www.logopediadomicilio.es\/wp-content\/uploads\/2020\/06\/miriam-vicente.jpg\" class=\"template-plus-2 fancybox open-lightbox\" rel=\"mcgallery[loop]\"><\/a>\n\t\t\t\t\t<\/li><\/ul><\/li><li class=\"gallery-box gallery-box-9 hover-icons-off\" id=\"gallery-item-diana-salcedo\"><img loading=\"lazy\" decoding=\"async\" width=\"285\" height=\"190\" src=\"https:\/\/www.logopediadomicilio.es\/wp-content\/uploads\/2020\/06\/diana-salcedo-285x190.jpg\" class=\"mc-preload wp-post-image\" alt=\"Diana Salcedo\" title=\"\" srcset=\"https:\/\/www.logopediadomicilio.es\/wp-content\/uploads\/2020\/06\/diana-salcedo-285x190.jpg 285w, https:\/\/www.logopediadomicilio.es\/wp-content\/uploads\/2020\/06\/diana-salcedo-600x400.jpg 600w, https:\/\/www.logopediadomicilio.es\/wp-content\/uploads\/2020\/06\/diana-salcedo-480x320.jpg 480w, https:\/\/www.logopediadomicilio.es\/wp-content\/uploads\/2020\/06\/diana-salcedo-390x260.jpg 390w\" sizes=\"auto, (max-width: 285px) 100vw, 285px\" \/>\n\t\t\t\t\t\t<div class=\"description\">\n\t\t\t\t\t\t\t<h4>Diana Salcedo<\/h4>\n\t\t\t\t\t\t\t<h5><\/h5>\n\t\t\t\t\t\t<\/div><div class=\"item-details\"><p>La Diana \u00e9s logopeda del servei de Logop\u00e8dia a Domicili a Barcelona. Aquesta especialitzada en diferents disciplines de la logop\u00e8dia per\u00f2 especialment en neurologop\u00e8dia i ter\u00e0pia miofuncional.<\/p>\n<\/div>\n\t\t\t\t\t\t<ul class=\"controls\">\n\t\t\t\t\t\t\t<li>\n\t\t\t\t\t\t\t\t<a href=\"https:\/\/www.logopediadomicilio.es\/ca\/logopeda\/diana-salcedo\/\" class=\"template-menu-2 open-details\"><\/a>\n\t\t\t\t\t\t\t<\/li><li><a href=\"https:\/\/www.logopediadomicilio.es\/wp-content\/uploads\/2020\/06\/diana-salcedo.jpg\" class=\"template-plus-2 fancybox open-lightbox\" rel=\"mcgallery[loop]\"><\/a>\n\t\t\t\t\t<\/li><\/ul><\/li><li class=\"gallery-box gallery-box-10 hover-icons-off\" id=\"gallery-item-montserrat-balague\"><img loading=\"lazy\" decoding=\"async\" width=\"285\" height=\"190\" src=\"https:\/\/www.logopediadomicilio.es\/wp-content\/uploads\/2020\/06\/montserrat-balague-285x190.jpg\" class=\"mc-preload wp-post-image\" alt=\"Montserrat Balagu\u00e9\" title=\"\" srcset=\"https:\/\/www.logopediadomicilio.es\/wp-content\/uploads\/2020\/06\/montserrat-balague-285x190.jpg 285w, https:\/\/www.logopediadomicilio.es\/wp-content\/uploads\/2020\/06\/montserrat-balague-600x400.jpg 600w, https:\/\/www.logopediadomicilio.es\/wp-content\/uploads\/2020\/06\/montserrat-balague-480x320.jpg 480w, https:\/\/www.logopediadomicilio.es\/wp-content\/uploads\/2020\/06\/montserrat-balague-390x260.jpg 390w\" sizes=\"auto, (max-width: 285px) 100vw, 285px\" \/>\n\t\t\t\t\t\t<div class=\"description\">\n\t\t\t\t\t\t\t<h4>Montserrat Balagu\u00e9<\/h4>\n\t\t\t\t\t\t\t<h5><\/h5>\n\t\t\t\t\t\t<\/div><div class=\"item-details\"><p>La Montse \u00e9s logopeda del servei de Logop\u00e8dia a Domicili a Barcelona. Est\u00e0 especialitzada en diferents disciplines de la logop\u00e8dia per\u00f2 especialment en veu i logop\u00e8dia infantil.<\/p>\n<\/div>\n\t\t\t\t\t\t<ul class=\"controls\">\n\t\t\t\t\t\t\t<li>\n\t\t\t\t\t\t\t\t<a href=\"https:\/\/www.logopediadomicilio.es\/ca\/logopeda\/montserrat-balague\/\" class=\"template-menu-2 open-details\"><\/a>\n\t\t\t\t\t\t\t<\/li><li><a href=\"https:\/\/www.logopediadomicilio.es\/wp-content\/uploads\/2020\/06\/montserrat-balague.jpg\" class=\"template-plus-2 fancybox open-lightbox\" rel=\"mcgallery[loop]\"><\/a>\n\t\t\t\t\t<\/li><\/ul><\/li><li class=\"gallery-box gallery-box-11 hover-icons-off\" id=\"gallery-item-merce-donate\"><img loading=\"lazy\" decoding=\"async\" width=\"285\" height=\"190\" src=\"https:\/\/www.logopediadomicilio.es\/wp-content\/uploads\/2020\/06\/merce-donate-285x190.jpg\" class=\"mc-preload wp-post-image\" alt=\"Mer\u00e7e Do\u00f1ate\" title=\"\" srcset=\"https:\/\/www.logopediadomicilio.es\/wp-content\/uploads\/2020\/06\/merce-donate-285x190.jpg 285w, https:\/\/www.logopediadomicilio.es\/wp-content\/uploads\/2020\/06\/merce-donate-600x400.jpg 600w, https:\/\/www.logopediadomicilio.es\/wp-content\/uploads\/2020\/06\/merce-donate-480x320.jpg 480w, https:\/\/www.logopediadomicilio.es\/wp-content\/uploads\/2020\/06\/merce-donate-390x260.jpg 390w\" sizes=\"auto, (max-width: 285px) 100vw, 285px\" \/>\n\t\t\t\t\t\t<div class=\"description\">\n\t\t\t\t\t\t\t<h4>Mer\u00e7e Do\u00f1ate<\/h4>\n\t\t\t\t\t\t\t<h5><\/h5>\n\t\t\t\t\t\t<\/div><div class=\"item-details\"><p>La Merc\u00e8 \u00e9s logopeda del servei de Logop\u00e8dia a Domicili a Barcelona. Est\u00e0 especialitzada en diferents disciplines de la logop\u00e8dia per\u00f2 especialment en neurologop\u00e8dia i logop\u00e8dia infantil.<\/p>\n<\/div>\n\t\t\t\t\t\t<ul class=\"controls\">\n\t\t\t\t\t\t\t<li>\n\t\t\t\t\t\t\t\t<a href=\"https:\/\/www.logopediadomicilio.es\/ca\/logopeda\/merce-donate\/\" class=\"template-menu-2 open-details\"><\/a>\n\t\t\t\t\t\t\t<\/li><li><a href=\"https:\/\/www.logopediadomicilio.es\/wp-content\/uploads\/2020\/06\/merce-donate.jpg\" class=\"template-plus-2 fancybox open-lightbox\" rel=\"mcgallery[loop]\"><\/a>\n\t\t\t\t\t<\/li><\/ul><\/li><li class=\"gallery-box gallery-box-12 hover-icons-off\" id=\"gallery-item-laura-lafuente-logopeda\"><img loading=\"lazy\" decoding=\"async\" width=\"285\" height=\"190\" src=\"https:\/\/www.logopediadomicilio.es\/wp-content\/uploads\/2020\/06\/Laura-Lafuente-285x190.jpeg\" class=\"mc-preload wp-post-image\" alt=\"Laura Lafuente\" title=\"\" srcset=\"https:\/\/www.logopediadomicilio.es\/wp-content\/uploads\/2020\/06\/Laura-Lafuente-285x190.jpeg 285w, https:\/\/www.logopediadomicilio.es\/wp-content\/uploads\/2020\/06\/Laura-Lafuente-480x320.jpeg 480w, https:\/\/www.logopediadomicilio.es\/wp-content\/uploads\/2020\/06\/Laura-Lafuente-390x260.jpeg 390w\" sizes=\"auto, (max-width: 285px) 100vw, 285px\" \/>\n\t\t\t\t\t\t<div class=\"description\">\n\t\t\t\t\t\t\t<h4>Laura Lafuente<\/h4>\n\t\t\t\t\t\t\t<h5><\/h5>\n\t\t\t\t\t\t<\/div><div class=\"item-details\"><p>La Laura \u00e9s logopeda del servei de Logop\u00e8dia a Domicili a Barcelona. Est\u00e0 especialitzada en diferents disciplines de la logop\u00e8dia per\u00f2 especialment en logop\u00e8dia infantil i en neurologop\u00e8dia.<\/p>\n<\/div><ul class=\"social-icons clearfix\"><li><a class=\"social-linkedin\" href=\"https:\/\/www.linkedin.com\/in\/laura-lafuente-25247a12a\/\" title=\"\">&nbsp;<\/a><\/li><\/ul>\n\t\t\t\t\t\t<ul class=\"controls\">\n\t\t\t\t\t\t\t<li>\n\t\t\t\t\t\t\t\t<a href=\"https:\/\/www.logopediadomicilio.es\/ca\/logopeda\/laura-lafuente-logopeda\/\" class=\"template-menu-2 open-details\"><\/a>\n\t\t\t\t\t\t\t<\/li><li><a href=\"https:\/\/www.logopediadomicilio.es\/wp-content\/uploads\/2020\/06\/Laura-Lafuente.jpeg\" class=\"template-plus-2 fancybox open-lightbox\" rel=\"mcgallery[loop]\"><\/a>\n\t\t\t\t\t<\/li><\/ul><\/li><li class=\"gallery-box gallery-box-13 hover-icons-off\" id=\"gallery-item-raquel-garcia\"><img loading=\"lazy\" decoding=\"async\" width=\"285\" height=\"190\" src=\"https:\/\/www.logopediadomicilio.es\/wp-content\/uploads\/2020\/10\/Raquel-Garcia-web-285x190.jpg\" class=\"mc-preload wp-post-image\" alt=\"Raquel Garcia\" title=\"\" srcset=\"https:\/\/www.logopediadomicilio.es\/wp-content\/uploads\/2020\/10\/Raquel-Garcia-web-285x190.jpg 285w, https:\/\/www.logopediadomicilio.es\/wp-content\/uploads\/2020\/10\/Raquel-Garcia-web-600x400.jpg 600w, https:\/\/www.logopediadomicilio.es\/wp-content\/uploads\/2020\/10\/Raquel-Garcia-web-480x320.jpg 480w, https:\/\/www.logopediadomicilio.es\/wp-content\/uploads\/2020\/10\/Raquel-Garcia-web-390x260.jpg 390w\" sizes=\"auto, (max-width: 285px) 100vw, 285px\" \/>\n\t\t\t\t\t\t<div class=\"description\">\n\t\t\t\t\t\t\t<h4>Raquel Garcia<\/h4>\n\t\t\t\t\t\t\t<h5><\/h5>\n\t\t\t\t\t\t<\/div><div class=\"item-details\"><p>Raquel \u00e9s logopeda de el servei de Logop\u00e8dia a Domicili a Barcelona. Aquesta especialitzada en diferents disciplines de la logop\u00e8dia per\u00f2 especialment en neurologop\u00e8dia i logop\u00e8dia infantil.<\/p>\n<\/div>\n\t\t\t\t\t\t<ul class=\"controls\">\n\t\t\t\t\t\t\t<li>\n\t\t\t\t\t\t\t\t<a href=\"https:\/\/www.logopediadomicilio.es\/ca\/logopeda\/raquel-garcia\/\" class=\"template-menu-2 open-details\"><\/a>\n\t\t\t\t\t\t\t<\/li><li><a href=\"https:\/\/www.logopediadomicilio.es\/wp-content\/uploads\/2020\/10\/Raquel-Garcia-web.jpg\" class=\"template-plus-2 fancybox open-lightbox\" rel=\"mcgallery[loop]\"><\/a>\n\t\t\t\t\t<\/li><\/ul><\/li><li class=\"gallery-box gallery-box-14 hover-icons-off\" id=\"gallery-item-carla-leon\"><img loading=\"lazy\" decoding=\"async\" width=\"285\" height=\"190\" src=\"https:\/\/www.logopediadomicilio.es\/wp-content\/uploads\/2021\/07\/WhatsApp-Image-2022-07-15-at-12.52.57-PM-285x190.jpeg\" class=\"mc-preload wp-post-image\" alt=\"Carla Le\u00f3n\" title=\"\" srcset=\"https:\/\/www.logopediadomicilio.es\/wp-content\/uploads\/2021\/07\/WhatsApp-Image-2022-07-15-at-12.52.57-PM-285x190.jpeg 285w, https:\/\/www.logopediadomicilio.es\/wp-content\/uploads\/2021\/07\/WhatsApp-Image-2022-07-15-at-12.52.57-PM-670x446.jpeg 670w, https:\/\/www.logopediadomicilio.es\/wp-content\/uploads\/2021\/07\/WhatsApp-Image-2022-07-15-at-12.52.57-PM-600x400.jpeg 600w, https:\/\/www.logopediadomicilio.es\/wp-content\/uploads\/2021\/07\/WhatsApp-Image-2022-07-15-at-12.52.57-PM-480x320.jpeg 480w, https:\/\/www.logopediadomicilio.es\/wp-content\/uploads\/2021\/07\/WhatsApp-Image-2022-07-15-at-12.52.57-PM-390x260.jpeg 390w\" sizes=\"auto, (max-width: 285px) 100vw, 285px\" \/>\n\t\t\t\t\t\t<div class=\"description\">\n\t\t\t\t\t\t\t<h4>Carla Le\u00f3n<\/h4>\n\t\t\t\t\t\t\t<h5><\/h5>\n\t\t\t\t\t\t<\/div><div class=\"item-details\"><p>La Carla \u00e9s logopeda del servei de Logop\u00e8dia a Domicili a Barcelona. Est\u00e0 especialitzada en diferents disciplines de la logop\u00e8dia per\u00f2 especialment en neurologop\u00e8dia i logop\u00e8dia infantil.<\/p>\n<\/div><ul class=\"social-icons clearfix\"><li><a class=\"social-linkedin\" href=\"https:\/\/www.linkedin.com\/in\/carla-le%C3%B3n-a356b0162\/?originalSubdomain=es\" target=\"_blank\" title=\"\">&nbsp;<\/a><\/li><\/ul>\n\t\t\t\t\t\t<ul class=\"controls\">\n\t\t\t\t\t\t\t<li>\n\t\t\t\t\t\t\t\t<a href=\"https:\/\/www.logopediadomicilio.es\/ca\/logopeda\/carla-leon\/\" class=\"template-menu-2 open-details\"><\/a>\n\t\t\t\t\t\t\t<\/li><li><a href=\"https:\/\/www.logopediadomicilio.es\/wp-content\/uploads\/2021\/07\/WhatsApp-Image-2022-07-15-at-12.52.57-PM.jpeg\" class=\"template-plus-2 fancybox open-lightbox\" rel=\"mcgallery[loop]\"><\/a>\n\t\t\t\t\t<\/li><\/ul><\/li><li class=\"gallery-box gallery-box-15 hover-icons-off\" id=\"gallery-item-duna-contreras\"><img loading=\"lazy\" decoding=\"async\" width=\"285\" height=\"190\" src=\"https:\/\/www.logopediadomicilio.es\/wp-content\/uploads\/2024\/11\/Duna-Contreras_logo-285x190.jpg\" class=\"mc-preload wp-post-image\" alt=\"Duna Contreras\" title=\"\" srcset=\"https:\/\/www.logopediadomicilio.es\/wp-content\/uploads\/2024\/11\/Duna-Contreras_logo-285x190.jpg 285w, https:\/\/www.logopediadomicilio.es\/wp-content\/uploads\/2024\/11\/Duna-Contreras_logo-670x446.jpg 670w, https:\/\/www.logopediadomicilio.es\/wp-content\/uploads\/2024\/11\/Duna-Contreras_logo-600x400.jpg 600w, https:\/\/www.logopediadomicilio.es\/wp-content\/uploads\/2024\/11\/Duna-Contreras_logo-480x320.jpg 480w, https:\/\/www.logopediadomicilio.es\/wp-content\/uploads\/2024\/11\/Duna-Contreras_logo-390x260.jpg 390w\" sizes=\"auto, (max-width: 285px) 100vw, 285px\" \/>\n\t\t\t\t\t\t<div class=\"description\">\n\t\t\t\t\t\t\t<h4>Duna Contreras<\/h4>\n\t\t\t\t\t\t\t<h5><\/h5>\n\t\t\t\t\t\t<\/div><div class=\"item-details\"><p>La Duna \u00e9s logopeda del servei de Logop\u00e8dia a Domicili a Barcelona. Est\u00e0 especialitzada en diferents disciplines de la logop\u00e8dia, per\u00f2 especialment en terapia miofuncional i logop\u00e8dia infantil.<\/p>\n<\/div>\n\t\t\t\t\t\t<ul class=\"controls\">\n\t\t\t\t\t\t\t<li>\n\t\t\t\t\t\t\t\t<a href=\"https:\/\/www.logopediadomicilio.es\/ca\/logopeda\/duna-contreras\/\" class=\"template-menu-2 open-details\"><\/a>\n\t\t\t\t\t\t\t<\/li><li><a href=\"https:\/\/www.logopediadomicilio.es\/wp-content\/uploads\/2024\/11\/Duna-Contreras_logo.jpg\" class=\"template-plus-2 fancybox open-lightbox\" rel=\"mcgallery[loop]\"><\/a>\n\t\t\t\t\t<\/li><\/ul><\/li><\/ul><div class=\"our-clients-list-container\">\r\n\t\t\t\t\t<ul class=\"our-clients-list\"><li class=\"vertical-align\"><div class=\"our-clients-item-container\"><div class=\"vertical-align-cell\"><a href=\"https:\/\/www.colegiologopedasmadrid.com\/\" target=\"_blank\"><img loading=\"lazy\" decoding=\"async\" width=\"800\" height=\"400\" src=\"https:\/\/www.logopediadomicilio.es\/wp-content\/uploads\/2020\/07\/COLEGIO-PROFESIONAL-DE-LOGOPEDAS-DE-LA-COMUNIDAD-DE-MADRID.png\" class=\"attachment-full size-full\" alt=\"\" srcset=\"https:\/\/www.logopediadomicilio.es\/wp-content\/uploads\/2020\/07\/COLEGIO-PROFESIONAL-DE-LOGOPEDAS-DE-LA-COMUNIDAD-DE-MADRID.png 800w, https:\/\/www.logopediadomicilio.es\/wp-content\/uploads\/2020\/07\/COLEGIO-PROFESIONAL-DE-LOGOPEDAS-DE-LA-COMUNIDAD-DE-MADRID-300x150.png 300w, https:\/\/www.logopediadomicilio.es\/wp-content\/uploads\/2020\/07\/COLEGIO-PROFESIONAL-DE-LOGOPEDAS-DE-LA-COMUNIDAD-DE-MADRID-768x384.png 768w\" sizes=\"auto, (max-width: 800px) 100vw, 800px\" \/><\/a><\/div><\/div><\/li><li class=\"vertical-align\"><div class=\"our-clients-item-container\"><div class=\"vertical-align-cell\"><a href=\"https:\/\/www.clc.cat\/\" target=\"_blank\"><img loading=\"lazy\" decoding=\"async\" width=\"326\" height=\"138\" src=\"https:\/\/www.logopediadomicilio.es\/wp-content\/uploads\/2020\/07\/clc.png\" class=\"attachment-full size-full\" alt=\"\" srcset=\"https:\/\/www.logopediadomicilio.es\/wp-content\/uploads\/2020\/07\/clc.png 326w, https:\/\/www.logopediadomicilio.es\/wp-content\/uploads\/2020\/07\/clc-300x127.png 300w\" sizes=\"auto, (max-width: 326px) 100vw, 326px\" \/><\/a><\/div><\/div><\/li><li class=\"vertical-align\"><div class=\"our-clients-item-container\"><div class=\"vertical-align-cell\"><a href=\"http:\/\/www.colegiologopedas-cv.org\/\" target=\"_blank\"><img loading=\"lazy\" decoding=\"async\" width=\"720\" height=\"187\" src=\"https:\/\/www.logopediadomicilio.es\/wp-content\/uploads\/2020\/07\/Col\u00b7legi-Valencia.jpg\" class=\"attachment-full size-full\" alt=\"\" srcset=\"https:\/\/www.logopediadomicilio.es\/wp-content\/uploads\/2020\/07\/Col\u00b7legi-Valencia.jpg 720w, https:\/\/www.logopediadomicilio.es\/wp-content\/uploads\/2020\/07\/Col\u00b7legi-Valencia-300x78.jpg 300w\" sizes=\"auto, (max-width: 720px) 100vw, 720px\" \/><\/a><\/div><\/div><\/li><\/ul><\/div>[\/vc_column][\/vc_row][vc_row type=&#8221;full-width mc-parallax mc-overlay&#8221; top_margin=&#8221;page-margin-top-section&#8221; css=&#8221;.vc_custom_1595600328302{background-image: url(http:\/\/www.logopediadomicilio.es\/wp-content\/uploads\/2020\/07\/iStock_000009932831XLarge-scaled.jpg?id=30993) !important;background-position: center !important;background-repeat: no-repeat !important;background-size: cover !important;}&#8221; el_class=&#8221;padding-top-100 padding-bottom-100&#8243;][vc_column][vc_row_inner][vc_column_inner]<div class=\"clearfix scrolling-controls white\">\n\t\t\t<div class=\"header-left\"><\/div>\n\t\t\t<div class=\"header-right\"><a href=\"#\" id=\"testimonials_prev\" class=\"scrolling-list-control-left template-arrow-horizontal-3\"><\/a><a href=\"#\" id=\"testimonials_next\" class=\"scrolling-list-control-right template-arrow-horizontal-3\"><\/a><\/div><\/div><ul class=\"columns full-width horizontal-carousel testimonials testimonials id-testimonials autoplay-0 pause_on_hover-1 scroll-1 effect-scroll easing-swing duration-500 testimonials-full-width white\"><li class=\"wpb_column vc_column_container vc_col-sm-12 template-quote-2\">\n\t\t\t\t\t<h3 class=\"sentence\">Servei professional i molt pr\u00e0ctic ja que la logopeda s'adapta als horaris de la fam\u00edlia i acudeix a domicili. Tenim a M\u00edriam com a logopeda i estem encantats amb l'evoluci\u00f3 que ha fet el meu fill, a m\u00e9s ell l'adora. molt recomanable.<\/h3>\n\t\t\t\t\t<div class=\"clearfix\"><span class=\"sentence-author\">Vanessa Alonso (opini\u00f3 a Google)<\/span><\/div>\n\t\t\t\t<\/li><li class=\"wpb_column vc_column_container vc_col-sm-12 template-quote-2\">\n\t\t\t\t\t<h3 class=\"sentence\">Han realitzat durant anys un tractament excepcional el nostre fill de no parlar cap paraula ara parla gaireb\u00e9 perfectament. Encara estem en tractament amb Logop\u00e8dia a Domicili i segur estic que Santiago estar\u00e0 recuperat a el 100%. Estem molt agra\u00efts pel professional i els tractaments que han realitzat de manera impecable al nostre fill<\/h3>\n\t\t\t\t\t<div class=\"clearfix\"><span class=\"sentence-author\">Angel Jim\u00e9nez (opini\u00f3 a Google)<\/span><\/div>\n\t\t\t\t<\/li><li class=\"wpb_column vc_column_container vc_col-sm-12 template-quote-2\">\n\t\t\t\t\t<h3 class=\"sentence\">M'han facilitat molt la gesti\u00f3. He tingut a Berta com a logopeda i la millora de l'infant ha estat molt visible.<\/h3>\n\t\t\t\t\t<div class=\"clearfix\"><span class=\"sentence-author\">Laura Di\u00e9guez (Opini\u00f3 a Google)<\/span><\/div>\n\t\t\t\t<\/li><li class=\"wpb_column vc_column_container vc_col-sm-12 template-quote-2\">\n\t\t\t\t\t<h3 class=\"sentence\">Servei professional i amb gran dedicaci\u00f3. Sempre donant soluci\u00f3 \u00e0gil i prioritzant l'aprenentatge. Gr\u00e0cies per la feina que feu amb els nostres fills en el centre escolar.<\/h3>\n\t\t\t\t\t<div class=\"clearfix\"><span class=\"sentence-author\">Maria Costa (Opini\u00f3 a Google)<\/span><\/div>\n\t\t\t\t<\/li><li class=\"wpb_column vc_column_container vc_col-sm-12 template-quote-2\">\n\t\t\t\t\t<h3 class=\"sentence\">Hem estat un any fent sessions de logop\u00e8dia a domicili amb el Mario a Barcelona i estem molt contents. L'experi\u00e8ncia ha estat molt bona, el meu fill ha anat aprenent a pronunciar la `` l``, la `` s`` i la `` erre`` forta alhora que anava jugant i divertint-se. Voldria destacar la professionalitat, la bona relaci\u00f3 qualitat \/ preu (en comparaci\u00f3 amb experi\u00e8ncies pr\u00e8vies) i l'estalvi en temps i energia (tant el meu fill com jo hem agra\u00eft molt el no haver de despla\u00e7ar-se).<\/h3>\n\t\t\t\t\t<div class=\"clearfix\"><span class=\"sentence-author\">Gisela Funalleras<\/span><\/div>\n\t\t\t\t<\/li><\/ul>[\/vc_column_inner][\/vc_row_inner][\/vc_column][\/vc_row][vc_row type=&#8221;full-width&#8221; css=&#8221;.vc_custom_1538058666023{background-color: #f0f0f0 !important;}&#8221;][vc_column offset=&#8221;vc_hidden-sm vc_hidden-xs&#8221;][vc_tabs type=&#8221;type-big&#8221;][vc_tab title=&#8221;Logop\u00e8dia a les Escoles&#8221; tab_id=&#8221;technology&#8221;][vc_row_inner][vc_column_inner el_class=&#8221;padding-right-30&#8243; width=&#8221;1\/2&#8243; css=&#8221;.vc_custom_1596037311817{margin-top: 180px !important;}&#8221;][vc_single_image image=&#8221;31335&#8243; img_size=&#8221;medicenter-gallery-thumb-type-1&#8243; el_class=&#8221;side-image-static&#8221;][vc_single_image image=&#8221;31319&#8243; img_size=&#8221;medicenter-gallery-thumb-type-1&#8243; alignment=&#8221;right&#8221; el_class=&#8221;margin-top-70 side-image&#8221;][\/vc_column_inner][vc_column_inner width=&#8221;1\/2&#8243;]<h3 class=\"box-header\">Intervenci\u00f3 Logop\u00e8dica a Escoles<\/h3><h2 class=\"box-header large margin-top-30 no-border\">Facilitem l'acc\u00e9s a la logop\u00e8dia des de l'escola<\/h2>[vc_column_text el_class=&#8221;large margin-top-10&#8243;]<\/p>\n<p>Mitjan\u00e7ant els nostres convenis amb diferents col\u00b7legis, facilitem l&#8217;acc\u00e9s a la logop\u00e8dia a les fam\u00edlies, generalment, en les franges considerades no lectives, aix\u00f2 ens permet establir una col\u00b7laboraci\u00f3 molt estreta amb el tutor \/ a de l&#8217;alumne, evita sobrecarregar l&#8217;agenda dels nens i nenes despr\u00e9s de la llarga jornada escolar i afavoreix el poder oferir uns preus m\u00e9s econ\u00f2mics per a les fam\u00edlies, les quals segueixen sent, en tot moment, la principal refer\u00e8ncia de comunicaci\u00f3 del nostre servei de logop\u00e8dia. El servei de logop\u00e8dia a les escoles sol estar gestionat per l&#8217;AMPA de Col\u00b7legi, encara que en altres ocasions \u00e9s propi centre educatiu el que contracta els nostres serveis, i finalment, en algunes ocasions, \u00e9s la mateixa fam\u00edlia la que ens sol\u00b7licita que realitzem aquest servei , el qual ha d&#8217;autoritzar, l\u00f2gicament, l&#8217;escola. El nostre servei de Logop\u00e8dia Escolar est\u00e0 pensat tant per a Educaci\u00f3 Infantil com a Educaci\u00f3 Prim\u00e0ria, aix\u00ed com en determinades ocasions a l&#8217;Escola Bressol.<\/p>\n<p>[\/vc_column_text][\/vc_column_inner][\/vc_row_inner][\/vc_tab][vc_tab title=&#8221;Logop\u00e8dia a Residencies&#8221; tab_id=&#8221;residencias&#8221;][vc_row_inner][vc_column_inner el_class=&#8221;padding-right-30&#8243; width=&#8221;1\/2&#8243; css=&#8221;.vc_custom_1596037364356{margin-top: 180px !important;}&#8221;][vc_single_image image=&#8221;29775&#8243; img_size=&#8221;medicenter-gallery-thumb-type-1&#8243; el_class=&#8221;side-image-static&#8221;][vc_single_image image=&#8221;31322&#8243; img_size=&#8221;medicenter-gallery-thumb-type-1&#8243; alignment=&#8221;right&#8221; el_class=&#8221;margin-top-70 side-image&#8221;][\/vc_column_inner][vc_column_inner width=&#8221;1\/2&#8243;]<h3 class=\"box-header\">Intervenci\u00f3 logop\u00e8dica en Resid\u00e8ncies i Centres de Dia<\/h3><h2 class=\"box-header large margin-top-30 no-border\">Millorant la qualitat de vida de la gent gran<\/h2>[vc_column_text el_class=&#8221;large margin-top-10&#8243;]<\/p>\n<p>A la tercera edat, ens podem trobar amb empitjoraments en la parla i la degluci\u00f3, de vegades a causa d&#8217;una causa externa com un ictus o una malaltia neurodegenerativa, per\u00f2 en altres ocasions\u00a0 a conseq\u00fc\u00e8ncia del deteriorament de la parla, la veu o la degluci\u00f3 que es produeix a causa de l&#8217;edat. Generalment, la intervenci\u00f3 logop\u00e8dica en la tercera edat d\u00f3na molt bons resultats sempre que el pacient es mostri motivat o tingui necessitat de comunicaci\u00f3 que no pot satisfer plenament, sent per tant la logop\u00e8dia una eina molt important per poder mantenir i preservar la qualitat de vida de la gent gran. A Logop\u00e8dia a Domicili disposem d&#8217;acords amb diferents Resid\u00e8ncies i centres de dia que no disposen d&#8217;un servei propi de logop\u00e8dia, podent prestar els nostres serveis directament a la Resid\u00e8ncia o Centre de Dia o de forma directa als pacients i les seves fam\u00edlies amb l&#8217;autoritzaci\u00f3 expressa de centre de dia o residencial.<\/p>\n<p>[\/vc_column_text][\/vc_column_inner][\/vc_row_inner][\/vc_tab][vc_tab title=&#8221;Logop\u00e8dia a l&#8217;Empresa&#8221; tab_id=&#8221;VENTAJAS&#8221;][vc_row_inner][vc_column_inner el_class=&#8221;padding-right-30&#8243; width=&#8221;1\/2&#8243; css=&#8221;.vc_custom_1596037440397{margin-top: 250px !important;}&#8221;][vc_single_image image=&#8221;8056&#8243; img_size=&#8221;medicenter-gallery-thumb-type-1&#8243; el_class=&#8221;side-image-static&#8221;][vc_single_image image=&#8221;31332&#8243; img_size=&#8221;medicenter-gallery-thumb-type-1&#8243; alignment=&#8221;right&#8221; el_class=&#8221;margin-top-70 side-image&#8221;][\/vc_column_inner][vc_column_inner width=&#8221;1\/2&#8243;]<h3 class=\"box-header\">Logop\u00e8dia per a executius i treballadors<\/h3><h2 class=\"box-header large margin-top-30 no-border\">L'acc\u00e9s al logopeda mai havia estat tan f\u00e0cil<\/h2>[vc_column_text el_class=&#8221;large margin-top-10&#8243;]<\/p>\n<p>En el m\u00f3n de l&#8217;empresa moltes vegades sorgeixen dificultats en l&#8217;\u00fas de la veu a causa d&#8217;un mal \u00fas d&#8217;aquesta o a la pres\u00e8ncia de lesions com p\u00f2lips, especialment quan la veu \u00e9s la principal eina de treball, no obstant aix\u00f2, la manca de temps per accedir a un tractament de la veu fa que ens acostumem a les dificultats en l&#8217;\u00fas de la veu, el que sovint cronifica aquestes dificultats. Mitjan\u00e7ant el nostre equip de logopedes ens desplacem al seu lloc de treball perqu\u00e8 no hagi de perdre temps en despla\u00e7aments i pugui rendir al m\u00e0xim al seu treball. Un altre aspecte com\u00fa resulta la correcci\u00f3 d&#8217;accents en executius estrangers que tot i portar temps al nostre pa\u00eds segueixen presentant un accent molt marcat del seu pa\u00eds d&#8217;origen o b\u00e9 no poden produir determinats sons ja que en la seva llengua no existeixen, aquestes dificultats poden ser corregides totalment o parcialment mitjan\u00e7ant la intervenci\u00f3 logop\u00e8dica. Finalment, una altra dificultat rau en el correcte \u00fas de la veu i la coordinaci\u00f3 fonorespirat\u00f2ria en activitats com l&#8217;orat\u00f2ria, quan s&#8217;han de fer freq\u00fcents presentacions davant clients o davant els propis companys, moments en qu\u00e8 el ponent pot notar que li falta aire, petits bloquejos o p\u00e8rdua de veu durant o a la fi de les pon\u00e8ncies. Aquestes dificultats es poden treballar des de la logop\u00e8dia estimulant una bona coordinaci\u00f3 fonorespirat\u00f2ria, sortida de veu, ritme de parla, entre d&#8217;altres aspectes.<\/p>\n<p>[\/vc_column_text][\/vc_column_inner][\/vc_row_inner][\/vc_tab][\/vc_tabs][\/vc_column][\/vc_row][vc_row type=&#8221;full-width&#8221; css=&#8221;.vc_custom_1538058666023{background-color: #f0f0f0 !important;}&#8221;][vc_column offset=&#8221;vc_hidden-lg vc_hidden-md&#8221;][vc_tabs type=&#8221;type-big&#8221;][vc_tab title=&#8221;Logop\u00e8dia a les Escoles&#8221; tab_id=&#8221;technology&#8221;][vc_row_inner][vc_column_inner el_class=&#8221;padding-right-30&#8243; width=&#8221;1\/2&#8243;][vc_single_image image=&#8221;31335&#8243; img_size=&#8221;medicenter-gallery-thumb-type-1&#8243; el_class=&#8221;side-image-static&#8221;][vc_single_image image=&#8221;31319&#8243; img_size=&#8221;medicenter-gallery-thumb-type-1&#8243; alignment=&#8221;right&#8221; el_class=&#8221;margin-top-70 side-image&#8221;][\/vc_column_inner][vc_column_inner width=&#8221;1\/2&#8243;]<h3 class=\"box-header\">Intervenci\u00f3 Logop\u00e8dica en Escoles<\/h3><h2 class=\"box-header large margin-top-30 no-border\">Facilitem l'acc\u00e9s a la logop\u00e8dia des de l'escola<\/h2>[vc_column_text el_class=&#8221;large margin-top-10&#8243;]<\/p>\n<p>Mitjan\u00e7ant els nostres convenis amb diferents col\u00b7legis, facilitem l&#8217;acc\u00e9s a la logop\u00e8dia a les fam\u00edlies, generalment, en les franges considerades no lectives, aix\u00f2 ens permet establir una col\u00b7laboraci\u00f3 molt estreta amb el tutor \/ a de l&#8217;alumne, evita sobrecarregar l&#8217;agenda dels nens i nenes despr\u00e9s de la llarga jornada escolar i afavoreix el poder oferir uns preus m\u00e9s econ\u00f2mics per a les fam\u00edlies, les quals segueixen sent, en tot moment, la principal refer\u00e8ncia de comunicaci\u00f3 del nostre servei de logop\u00e8dia. El servei de logop\u00e8dia a les escoles sol estar gestionat per l&#8217;AMPA de Col\u00b7legi, encara que en altres ocasions \u00e9s propi centre educatiu el que contracta els nostres serveis, i finalment, en algunes ocasions, \u00e9s la mateixa fam\u00edlia la que ens sol\u00b7licita que realitzem aquest servei , el qual ha d&#8217;autoritzar, l\u00f2gicament, l&#8217;escola. El nostre servei de Logop\u00e8dia Escolar est\u00e0 pensat tant per a Educaci\u00f3 Infantil com a Educaci\u00f3 Prim\u00e0ria, aix\u00ed com en determinades ocasions a l&#8217;Escola Bressol.<\/p>\n<p>[\/vc_column_text][\/vc_column_inner][\/vc_row_inner][\/vc_tab][vc_tab title=&#8221;Logop\u00e8dia a Residencies&#8221; tab_id=&#8221;residencias&#8221;][vc_row_inner][vc_column_inner el_class=&#8221;padding-right-30&#8243; width=&#8221;1\/2&#8243;][vc_single_image image=&#8221;29775&#8243; img_size=&#8221;medicenter-gallery-thumb-type-1&#8243; el_class=&#8221;side-image-static&#8221;][vc_single_image image=&#8221;31322&#8243; img_size=&#8221;medicenter-gallery-thumb-type-1&#8243; alignment=&#8221;right&#8221; el_class=&#8221;margin-top-70 side-image&#8221;][\/vc_column_inner][vc_column_inner width=&#8221;1\/2&#8243;]<h3 class=\"box-header\">Intervenci\u00f3 logop\u00e8dica en Resid\u00e8ncies i Centres de Dia<\/h3><h2 class=\"box-header large margin-top-30 no-border\">Millorant la qualitat de vida de la gent gran<\/h2>[vc_column_text el_class=&#8221;large margin-top-10&#8243;]<\/p>\n<p>A la tercera edat, ens podem trobar amb empitjoraments en la parla i la degluci\u00f3, de vegades a causa d&#8217;una causa externa com un ictus o una malaltia neurodegenerativa, per\u00f2 en altres ocasions\u00a0 a conseq\u00fc\u00e8ncia del deteriorament de la parla, la veu o la degluci\u00f3 que es produeix a causa de l&#8217;edat. Generalment, la intervenci\u00f3 logop\u00e8dica en la tercera edat d\u00f3na molt bons resultats sempre que el pacient es mostri motivat o tingui necessitat de comunicaci\u00f3 que no pot satisfer plenament, sent per tant la logop\u00e8dia una eina molt important per poder mantenir i preservar la qualitat de vida de la gent gran. A Logop\u00e8dia a Domicili disposem d&#8217;acords amb diferents Resid\u00e8ncies i centres de dia que no disposen d&#8217;un servei propi de logop\u00e8dia, podent prestar els nostres serveis directament a la Resid\u00e8ncia o Centre de Dia o de forma directa als pacients i les seves fam\u00edlies amb l&#8217;autoritzaci\u00f3 expressa de centre de dia o residencial.<\/p>\n<p>[\/vc_column_text][\/vc_column_inner][\/vc_row_inner][\/vc_tab][vc_tab title=&#8221;Logop\u00e8dia a l&#8217;Empresa&#8221; tab_id=&#8221;VENTAJAS&#8221;][vc_row_inner][vc_column_inner el_class=&#8221;padding-right-30&#8243; width=&#8221;1\/2&#8243;][vc_single_image image=&#8221;8056&#8243; img_size=&#8221;medicenter-gallery-thumb-type-1&#8243; el_class=&#8221;side-image-static&#8221;][vc_single_image image=&#8221;31332&#8243; img_size=&#8221;medicenter-gallery-thumb-type-1&#8243; alignment=&#8221;right&#8221; el_class=&#8221;margin-top-70 side-image&#8221;][\/vc_column_inner][vc_column_inner width=&#8221;1\/2&#8243;]<h3 class=\"box-header\">Logop\u00e8dia per a executius i treballadors<\/h3><h2 class=\"box-header large margin-top-30 no-border\">L'acc\u00e9s al logopeda mai havia estat tan f\u00e0cil<\/h2>[vc_column_text el_class=&#8221;large margin-top-10&#8243;]<\/p>\n<p>En el m\u00f3n de l&#8217;empresa moltes vegades sorgeixen dificultats en l&#8217;\u00fas de la veu a causa d&#8217;un mal \u00fas d&#8217;aquesta o a la pres\u00e8ncia de lesions com p\u00f2lips, especialment quan la veu \u00e9s la principal eina de treball, no obstant aix\u00f2, la manca de temps per accedir a un tractament de la veu fa que ens acostumem a les dificultats en l&#8217;\u00fas de la veu, el que sovint cronifica aquestes dificultats. Mitjan\u00e7ant el nostre equip de logopedes ens desplacem al seu lloc de treball perqu\u00e8 no hagi de perdre temps en despla\u00e7aments i pugui rendir al m\u00e0xim al seu treball. Un altre aspecte com\u00fa resulta la correcci\u00f3 d&#8217;accents en executius estrangers que tot i portar temps al nostre pa\u00eds segueixen presentant un accent molt marcat del seu pa\u00eds d&#8217;origen o b\u00e9 no poden produir determinats sons ja que en la seva llengua no existeixen, aquestes dificultats poden ser corregides totalment o parcialment mitjan\u00e7ant la intervenci\u00f3 logop\u00e8dica. Finalment, una altra dificultat rau en el correcte \u00fas de la veu i la coordinaci\u00f3 fonorespirat\u00f2ria en activitats com l&#8217;orat\u00f2ria, quan s&#8217;han de fer freq\u00fcents presentacions davant clients o davant els propis companys, moments en qu\u00e8 el ponent pot notar que li falta aire, petits bloquejos o p\u00e8rdua de veu durant o a la fi de les pon\u00e8ncies. Aquestes dificultats es poden treballar des de la logop\u00e8dia estimulant una bona coordinaci\u00f3 fonorespirat\u00f2ria, sortida de veu, ritme de parla, entre d&#8217;altres aspectes.<\/p>\n<p>[\/vc_column_text][\/vc_column_inner][\/vc_row_inner][\/vc_tab][\/vc_tabs][\/vc_column][\/vc_row][vc_row type=&#8221;full-width&#8221; el_class=&#8221;padding-top-89&#8243;][vc_column][vc_row_inner][vc_column_inner]<h2 class=\"box-header large align-center\">Tractaments logop\u00e8dics<\/h2>[vc_column_text el_class=&#8221;large margin-top-20 align-center&#8221;]<\/p>\n<p>Mitjan\u00e7ant el nostre gran equip de logopedes a Barcelona, Madrid i Val\u00e8ncia podem cobrir pr\u00e0cticament la totalitat de les patologies de la parla, la veu i la degluci\u00f3, ja que els nostres terapeutes del llenguatge tenen una especialitzaci\u00f3 diversa amb la finalitat de poder garantir el tractament m\u00e9s efica\u00e7 possible en la comoditat del seu domicili. En aquest marc, els tractaments de logop\u00e8dia m\u00e9s habituals que realitzem es desgranen en les seg\u00fcents \u00e0rees:<\/p>\n<p>[\/vc_column_text][\/vc_column_inner][\/vc_row_inner][vc_row_inner top_margin=&#8221;page-margin-top&#8221;][vc_column_inner width=&#8221;1\/3&#8243;]<ul class=\"clearfix mc-features mc-features-large mc-features-style-default\"><li class=\"item-content clearfix\">\r\n\t\t\t\t<a class=\"hexagon animated-element animation-scale\" href=\"https:\/\/www.logopediadomicilio.es\/ca\/servicio\/alteracions-de-la-veu\/\" title=\"Alteracions de la veu\"><span class=\"features-people\"><\/span><\/a><div class=\"text\"><h3><a href=\"https:\/\/www.logopediadomicilio.es\/ca\/servicio\/alteracions-de-la-veu\/\"  title=\"Alteracions de la veu\">Alteracions de la veu<\/a><\/h3><p>Atenci\u00f3 logop\u00e8dica en les disfonies funcionals i org\u00e0niques, tant en poblaci\u00f3 infantil com adulta i en malalties neurodegeneratives.<\/p>\n<\/div>\r\n\t\t\t<\/li><li class=\"item-content clearfix\">\r\n\t\t\t\t<a class=\"hexagon animated-element animation-scale\" href=\"https:\/\/www.logopediadomicilio.es\/ca\/servicio\/logopedia-infantil\/\" title=\"Logop\u00e8dia infantil\"><span class=\"features-baby-bed\"><\/span><\/a><div class=\"text\"><h3><a href=\"https:\/\/www.logopediadomicilio.es\/ca\/servicio\/logopedia-infantil\/\"  title=\"Logop\u00e8dia infantil\">Logop\u00e8dia infantil<\/a><\/h3><p>Atenci\u00f3 logop\u00e8dica les dificultats en el llenguatge oral i escrit, aix\u00ed com pel que fa a el desenvolupament orofacial.<\/p>\n<\/div>\r\n\t\t\t<\/li><\/ul>[\/vc_column_inner][vc_column_inner width=&#8221;1\/3&#8243;]<ul class=\"clearfix mc-features mc-features-large mc-features-style-default\"><li class=\"item-content clearfix\">\r\n\t\t\t\t<a class=\"hexagon animated-element animation-scale\" href=\"https:\/\/www.logopediadomicilio.es\/ca\/servicio\/llenguatge-oral\/\" title=\"Llenguatge oral\"><span class=\"features-people\"><\/span><\/a><div class=\"text\"><h3><a href=\"https:\/\/www.logopediadomicilio.es\/ca\/servicio\/llenguatge-oral\/\"  title=\"Llenguatge oral\">Llenguatge oral<\/a><\/h3><p>Tractament logop\u00e8dic de les alteracions o dificultats del llenguatge oral, tant en adults com nens.<\/p>\n<\/div>\r\n\t\t\t<\/li><li class=\"item-content clearfix\">\r\n\t\t\t\t<a class=\"hexagon animated-element animation-scale\" href=\"https:\/\/www.logopediadomicilio.es\/ca\/servicio\/llenguatge-escrit\/\" title=\"Llenguatge escrit\"><span class=\"features-pen\"><\/span><\/a><div class=\"text\"><h3><a href=\"https:\/\/www.logopediadomicilio.es\/ca\/servicio\/llenguatge-escrit\/\"  title=\"Llenguatge escrit\">Llenguatge escrit<\/a><\/h3><p>Tractament logop\u00e8dic de les dificultats en la lectura i l&#8217;escriptura, disl\u00e8xia i dificultats puntuals en la seva adquisici\u00f3.<\/p>\n<\/div>\r\n\t\t\t<\/li><\/ul>[\/vc_column_inner][vc_column_inner width=&#8221;1\/3&#8243;]<ul class=\"clearfix mc-features mc-features-large mc-features-style-default\"><li class=\"item-content clearfix\">\r\n\t\t\t\t<a class=\"hexagon animated-element animation-scale\" href=\"https:\/\/www.logopediadomicilio.es\/ca\/servicio\/terapia-miofuncional\/\" title=\"Ter\u00e0pia miofuncional\"><span class=\"features-list\"><\/span><\/a><div class=\"text\"><h3><a href=\"https:\/\/www.logopediadomicilio.es\/ca\/servicio\/terapia-miofuncional\/\"  title=\"Ter\u00e0pia miofuncional\">Ter\u00e0pia miofuncional<\/a><\/h3><p>La ter\u00e0pia miofuncional tracta les alteracions en el funcionament orofacial, com la degluci\u00f3 at\u00edpica, alteracions de l&#8217;ATM, entre d&#8217;altres.<\/p>\n<\/div>\r\n\t\t\t<\/li><li class=\"item-content clearfix\">\r\n\t\t\t\t<a class=\"hexagon animated-element animation-scale\" href=\"https:\/\/www.logopediadomicilio.es\/ca\/servicio\/neurologopedia\/\" title=\"Neurologop\u00e8dia\"><span class=\"features-brain\"><\/span><\/a><div class=\"text\"><h3><a href=\"https:\/\/www.logopediadomicilio.es\/ca\/servicio\/neurologopedia\/\"  title=\"Neurologop\u00e8dia\">Neurologop\u00e8dia<\/a><\/h3><p>Tractament logop\u00e8dic de les alteracions del llenguatge i la degluci\u00f3 degudes a ictus, traumatismes cranioencef\u00e0lics i malalties neurodegeneratives.<\/p>\n<\/div>\r\n\t\t\t<\/li><\/ul>[\/vc_column_inner][\/vc_row_inner][\/vc_column][\/vc_row][vc_row top_margin=&#8221;page-margin-top-section&#8221; css=&#8221;.vc_custom_1596023436537{background-image: url(http:\/\/www.logopediadomicilio.es\/wp-content\/uploads\/revslider\/about-us-page-2-animated\/about_us_page_2_background_mini.jpg?id=28697) !important;}&#8221;][vc_column css=&#8221;.vc_custom_1596023511458{background-image: url(http:\/\/www.logopediadomicilio.es\/wp-content\/uploads\/2017\/07\/about_us_page_2_background_mini.jpg?id=28530) !important;}&#8221;]<div class=\"announcement clearfix vertical-align-table style-2\">\n\t\t\t\t\t<ul class=\"vertical-align\">\n\t\t\t\t\t\t<li class=\"vertical-align-cell\"><h2>Contacti amb nosaltres<\/h2><p>Estarem encantats de resoldre els seus dubtes i consultes. 931 001 485 Barcelona 910 911 285 Madrid 960 001 185 Valencia<\/p>\n<\/li><li class=\"vertical-align-cell\">\n\t\t\t\t\t\t<a title=\"O ENV\u00cdNS UN MISSATGE\" href=\"https:\/\/www.logopediadomicilio.es\/contact-style-2\/\" class=\"more mc-button dark-color large template-arrow-horizontal-1-after\">O ENV\u00cdNS UN MISSATGE<\/a>\n\t\t\t\t\t<\/li><\/ul>\n\t\t\t<\/div>[\/vc_column][\/vc_row][vc_row][vc_column][vc_empty_space][\/vc_column][\/vc_row][vc_row type=&#8221;full-width&#8221; css=&#8221;.vc_custom_1596096942574{background-color: #ffffff !important;}&#8221;][vc_column][vc_row_inner top_margin=&#8221;page-margin-top&#8221; el_class=&#8221;margin-bottom-50&#8243;][vc_column_inner]<div class=\"our-clients-list-container\">\r\n\t\t\t\t\t<ul class=\"our-clients-list\"><li class=\"vertical-align\"><div class=\"our-clients-item-container\"><div class=\"vertical-align-cell\"><a href=\"https:\/\/www.logopediadomicilio.es\/wp-content\/uploads\/2020\/07\/logo-fundacion-adecco-discapacidad.png\" class=\"fancybox\"><img loading=\"lazy\" decoding=\"async\" width=\"376\" height=\"200\" src=\"https:\/\/www.logopediadomicilio.es\/wp-content\/uploads\/2020\/07\/logo-fundacion-adecco-discapacidad.png\" class=\"attachment-full size-full\" alt=\"\" srcset=\"https:\/\/www.logopediadomicilio.es\/wp-content\/uploads\/2020\/07\/logo-fundacion-adecco-discapacidad.png 376w, https:\/\/www.logopediadomicilio.es\/wp-content\/uploads\/2020\/07\/logo-fundacion-adecco-discapacidad-300x160.png 300w\" sizes=\"auto, (max-width: 376px) 100vw, 376px\" \/><\/a><\/div><\/div><\/li><li class=\"vertical-align\"><div class=\"our-clients-item-container\"><div class=\"vertical-align-cell\"><a href=\"https:\/\/www.logopediadomicilio.es\/wp-content\/uploads\/2020\/07\/logo-qida.png\" class=\"fancybox\"><img loading=\"lazy\" decoding=\"async\" width=\"842\" height=\"595\" src=\"https:\/\/www.logopediadomicilio.es\/wp-content\/uploads\/2020\/07\/logo-qida.png\" class=\"attachment-full size-full\" alt=\"\" srcset=\"https:\/\/www.logopediadomicilio.es\/wp-content\/uploads\/2020\/07\/logo-qida.png 842w, https:\/\/www.logopediadomicilio.es\/wp-content\/uploads\/2020\/07\/logo-qida-300x212.png 300w, https:\/\/www.logopediadomicilio.es\/wp-content\/uploads\/2020\/07\/logo-qida-768x543.png 768w\" sizes=\"auto, (max-width: 842px) 100vw, 842px\" \/><\/a><\/div><\/div><\/li><li class=\"vertical-align\"><div class=\"our-clients-item-container\"><div class=\"vertical-align-cell\"><a href=\"https:\/\/www.logopediadomicilio.es\/wp-content\/uploads\/2020\/07\/Logo-MedicoCentro-400x400-1.png\" class=\"fancybox\"><img loading=\"lazy\" decoding=\"async\" width=\"400\" height=\"400\" src=\"https:\/\/www.logopediadomicilio.es\/wp-content\/uploads\/2020\/07\/Logo-MedicoCentro-400x400-1.png\" class=\"attachment-full size-full\" alt=\"\" srcset=\"https:\/\/www.logopediadomicilio.es\/wp-content\/uploads\/2020\/07\/Logo-MedicoCentro-400x400-1.png 400w, https:\/\/www.logopediadomicilio.es\/wp-content\/uploads\/2020\/07\/Logo-MedicoCentro-400x400-1-300x300.png 300w, https:\/\/www.logopediadomicilio.es\/wp-content\/uploads\/2020\/07\/Logo-MedicoCentro-400x400-1-150x150.png 150w, https:\/\/www.logopediadomicilio.es\/wp-content\/uploads\/2020\/07\/Logo-MedicoCentro-400x400-1-100x100.png 100w\" sizes=\"auto, (max-width: 400px) 100vw, 400px\" \/><\/a><\/div><\/div><\/li><li class=\"vertical-align\"><div class=\"our-clients-item-container\"><div class=\"vertical-align-cell\"><a href=\"https:\/\/www.logopediadomicilio.es\/wp-content\/uploads\/2011\/05\/logo_cginer.png\" class=\"fancybox\"><img loading=\"lazy\" decoding=\"async\" width=\"400\" height=\"151\" src=\"https:\/\/www.logopediadomicilio.es\/wp-content\/uploads\/2011\/05\/logo_cginer.png\" class=\"attachment-full size-full\" alt=\"\" srcset=\"https:\/\/www.logopediadomicilio.es\/wp-content\/uploads\/2011\/05\/logo_cginer.png 400w, https:\/\/www.logopediadomicilio.es\/wp-content\/uploads\/2011\/05\/logo_cginer-300x113.png 300w\" sizes=\"auto, (max-width: 400px) 100vw, 400px\" \/><\/a><\/div><\/div><\/li><li class=\"vertical-align\"><div class=\"our-clients-item-container\"><div class=\"vertical-align-cell\"><a href=\"https:\/\/www.logopediadomicilio.es\/wp-content\/uploads\/2020\/07\/MasVida-red.png\" class=\"fancybox\"><img loading=\"lazy\" decoding=\"async\" width=\"336\" height=\"327\" src=\"https:\/\/www.logopediadomicilio.es\/wp-content\/uploads\/2020\/07\/MasVida-red.png\" class=\"attachment-full size-full\" alt=\"\" srcset=\"https:\/\/www.logopediadomicilio.es\/wp-content\/uploads\/2020\/07\/MasVida-red.png 336w, https:\/\/www.logopediadomicilio.es\/wp-content\/uploads\/2020\/07\/MasVida-red-300x292.png 300w\" sizes=\"auto, (max-width: 336px) 100vw, 336px\" \/><\/a><\/div><\/div><\/li><\/ul><\/div>[\/vc_column_inner][\/vc_row_inner][\/vc_column][\/vc_row]<\/p>\n<\/div>","protected":false},"excerpt":{"rendered":"<p>[vc_row type=&#8221;full-width&#8221;][vc_column][rev_slider_vc alias=&#8221;home-1&#8243;][\/vc_column][\/vc_row][vc_row][vc_column offset=&#8221;vc_hidden-sm vc_hidden-xs&#8221;][vc_empty_space height=&#8221;96px&#8221;][vc_widget_sidebar sidebar_id=&#8221;sidebar-home-top-cat&#8221; el_class=&#8221;home-box-container-list for-home-slider&#8221;][\/vc_column][\/vc_row][vc_row top_margin=&#8221;page-margin-top-section&#8221;][vc_column width=&#8221;1\/2&#8243; el_class=&#8221;padding-right-30&#8243;][vc_single_image image=&#8221;31324&#8243; img_size=&#8221;medicenter-vertical-image&#8221; el_class=&#8221;page-margin-top side-image&#8221;][vc_single_image image=&#8221;31323&#8243; img_size=&#8221;medicenter-vertical-image&#8221; alignment=&#8221;right&#8221;][\/vc_column][vc_column width=&#8221;1\/2&#8243;][vc_column_text el_class=&#8221;large margin-top-10&#8243;] Des de l&#8217;inici de la nostra activitat el nostre objectiu sempre ha estat poder oferir un tractament logop\u00e8dic de gran qualitat a les llars de les fam\u00edlies, creant la base a aix\u00f2 un<\/p>\n","protected":false},"author":1,"featured_media":31335,"parent":0,"menu_order":0,"comment_status":"closed","ping_status":"closed","template":"template-default-without-breadcrumbs.php","meta":{"footnotes":""},"class_list":["post-31318","page","type-page","status-publish","has-post-thumbnail","hentry"],"_links":{"self":[{"href":"https:\/\/www.logopediadomicilio.es\/ca\/wp-json\/wp\/v2\/pages\/31318","targetHints":{"allow":["GET"]}}],"collection":[{"href":"https:\/\/www.logopediadomicilio.es\/ca\/wp-json\/wp\/v2\/pages"}],"about":[{"href":"https:\/\/www.logopediadomicilio.es\/ca\/wp-json\/wp\/v2\/types\/page"}],"author":[{"embeddable":true,"href":"https:\/\/www.logopediadomicilio.es\/ca\/wp-json\/wp\/v2\/users\/1"}],"replies":[{"embeddable":true,"href":"https:\/\/www.logopediadomicilio.es\/ca\/wp-json\/wp\/v2\/comments?post=31318"}],"version-history":[{"count":11,"href":"https:\/\/www.logopediadomicilio.es\/ca\/wp-json\/wp\/v2\/pages\/31318\/revisions"}],"predecessor-version":[{"id":31341,"href":"https:\/\/www.logopediadomicilio.es\/ca\/wp-json\/wp\/v2\/pages\/31318\/revisions\/31341"}],"wp:featuredmedia":[{"embeddable":true,"href":"https:\/\/www.logopediadomicilio.es\/ca\/wp-json\/wp\/v2\/media\/31335"}],"wp:attachment":[{"href":"https:\/\/www.logopediadomicilio.es\/ca\/wp-json\/wp\/v2\/media?parent=31318"}],"curies":[{"name":"wp","href":"https:\/\/api.w.org\/{rel}","templated":true}]}}