{"id":31815,"date":"2020-07-19T21:09:40","date_gmt":"2020-07-19T21:09:40","guid":{"rendered":"https:\/\/www.logopediadomicilio.es\/rotacisme-i-sigmatisme-les-dislalies-mes-comuns\/"},"modified":"2021-10-18T11:07:04","modified_gmt":"2021-10-18T11:07:04","slug":"rotacisme-i-sigmatisme-les-dislalies-mes-comuns","status":"publish","type":"page","link":"https:\/\/www.logopediadomicilio.es\/ca\/rotacisme-i-sigmatisme-les-dislalies-mes-comuns\/","title":{"rendered":"Rotacisme i sigmatisme: les disl\u00e0lies m\u00e9s comuns"},"content":{"rendered":"<div class=\"wpb-content-wrapper\"><p>[vc_row][vc_column][vc_row_inner][vc_column_inner width=&#8221;1\/2&#8243;][vc_single_image image=&#8221;31328&#8243; img_size=&#8221;medium-thumb&#8221; onclick=&#8221;link_image&#8221;][\/vc_column_inner][vc_column_inner width=&#8221;1\/2&#8243;][vc_single_image image=&#8221;30409&#8243; img_size=&#8221;medium-thumb&#8221; onclick=&#8221;link_image&#8221;][\/vc_column_inner][\/vc_row_inner]<h2 class=\"box-header large margin-top-30\">Rotacismo y sigmatismo<\/h2>[vc_column_text el_class=&#8221;large margin-top-20&#8243;]S&#8217;anomena rotacisme a qualsevol defecte en l&#8217;articulaci\u00f3 del fonema r simple (or, cara) o r m\u00faltiple (carret\u00f3, ratol\u00ed), ja sigui per omissi\u00f3 o per distorsi\u00f3 (erra gutural).<\/p>\n<p>La &#8220;r&#8221; \u00e9s una de les lletres m\u00e9s dif\u00edcils d&#8217;adquirir i per aix\u00f2, \u00e9s una de les \u00faltimes que s&#8217;apr\u00e8n a pronunciar, sol adquirir-se completament (r forta i travades) als 5-6 anys. Passada aquesta edat ha de corregir el m\u00e9s aviat possible, ja que com m\u00e9s tard es comenci la rehabilitaci\u00f3, m\u00e9s temps es necessitar\u00e0 per a aquesta. En el cas de la \/r\/ simple convindria iniciar el seu tractament als 4-5 anys.<\/p>\n<p>El sigmatisme \u00e9s un tipus de disl\u00e0lia caracteritzat per un defecte en la pronunciaci\u00f3 de les paraules que contenen el so &#8220;s&#8221;, en alguns casos per l&#8217;exagerada pronunciaci\u00f3 del fonema que ocasiona una mena de xiulet (sesseig) i\/o per substituci\u00f3 o distorsi\u00f3 del mateix.<\/p>\n<p>Aquest problema \u00e9s molt com\u00fa durant el canvi de dentici\u00f3 (4-6 anys) per\u00f2 es supera r\u00e0pidament amb la pr\u00e0ctica. Abans d&#8217;aquesta etapa (3 anys) tamb\u00e9 \u00e9s normal observar aquesta dificultat en el seu llenguatge, per\u00f2 si als 4 anys el nen encara no ha iniciat el canvi de dents i ja presenta aquesta dificultat cal treballar-la amb ajuda d&#8217;un logopeda.<\/p>\n<p>Tamb\u00e9 hem de tenir en compte les variants idiom\u00e0tiques on aquestes substitucions o distorsions es donen de forma natural, i assegurar-nos que aquesta \u00e9s la causa i no la incapacitat de pronunciar el fonema en si.<\/p>\n<p>En ambd\u00f3s casos aquestes dificultats poden produir-se per alteracions f\u00edsiques; exist\u00e8ncia de fre lingual curt que dificulta l&#8217;elevaci\u00f3 de l&#8217;\u00e0pex lingual; pres\u00e8ncia de paladar ogival (m\u00e9s elevat i estret), de manera que la persona no hi pot recolzar correctament la llengua; hipotonicitat i\/o manca de control dels \u00f2rgans bucofonatoris (llavis, llengua, m\u00fasculs masseters, etc.).<\/p>\n<p>De la mateixa manera, si a nivell funcional hi ha una manca de for\u00e7a i coordinaci\u00f3 en el buf, maloclusi\u00f3 dent\u00e0ria o mal posicionament de la llengua (avan\u00e7ada i\/o tocant\/sobrepassant les dents) tamb\u00e9 poden produir-se dificultats d&#8217;articulaci\u00f3.<\/p>\n<h3>Intervenci\u00f3 logop\u00e8dica en rotacisme i sigmatisme<\/h3>\n<p>Com ja s&#8217;ha dit anteriorment el logopeda ha de realitzar una valoraci\u00f3 exhaustiva per poder determinar si \u00e9s necess\u00e0ria la intervenci\u00f3 logop\u00e8dica i, en cas afirmatiu, poder establir el millor tractament. Per a aix\u00f2 hem de valorar:<\/p>\n<ol>\n<li>Discriminaci\u00f3 auditiva.<\/li>\n<li>Caracter\u00edstiques anatomofuncionals de les estructures orolinguofaciales: observaci\u00f3 de les estructures (llengua, llavis, paladar tou i dur, am\u00edgdales, frens, dentici\u00f3 i oclusi\u00f3), la seva tonicitat, mobilitat i control. Aix\u00ed com la pres\u00e8ncia d&#8217;h\u00e0bits orals inadequats (succi\u00f3 digital, \u00fas prolongat de el biber\u00f3 o xumet, onicof\u00e0gia, etc.) que poden conduir al desenvolupament de maloclusions i desequilibris musculoesquel\u00e8tics de les estructures orolinguofaciales.<\/li>\n<li>Patr\u00f3 respiratori: observar manera (nasal, oral o mixt), tipus (complet, superior o clavicular, abdominal), ritme i amplitud.<\/li>\n<li>Permeabilitat nasal: Prova de Glatze.<\/li>\n<li>Funcionalitat respirat\u00f2ria: Prova de Rosenthal.<\/li>\n<li>Patr\u00f3 deglutori. Fins als 4-5 anys solen presentar un patr\u00f3 deglutori infantil. Passada aquesta edat podr\u00edem comen\u00e7ar a parlar de degluci\u00f3 disfuncional.<\/li>\n<li>Caracter\u00edstiques de la veu: observar intensitat, longitud tonal, timbre i resson\u00e0ncia.<\/li>\n<li>Llenguatge, parla i comunicaci\u00f3: valorant els aspectes sem\u00e0ntics i morfosint\u00e0ctics, fon\u00e8tic-fonol\u00f2gics i pragm\u00e0tics, la flu\u00efdesa i la lectoescriptura (en trastorns fonol\u00f2gics).<\/li>\n<\/ol>\n<p>Despr\u00e9s de la valoraci\u00f3, en el cas que el tractament sigui necessari, aquest haur\u00e0 de centrar-se en:<\/p>\n<ul>\n<li>Conscienciaci\u00f3 per part de la fam\u00edlia i el nen per aconseguir una major predisposici\u00f3 i col\u00b7laboraci\u00f3 per part seva.<\/li>\n<li>Eliminaci\u00f3 dels h\u00e0bits orals inadequats ja que actuaran com a obstacles pel tractament i sense la seva eliminaci\u00f3 no s&#8217;aconseguir\u00e0 l&#8217;automatitzaci\u00f3 i generalitzaci\u00f3 a la parla espont\u00e0nia.<\/li>\n<li>Foment de la integraci\u00f3 de l&#8217;esquema corporal de la zona orofacial perqu\u00e8 el nen aconsegueixi un major coneixement, propiocepci\u00f3 i control voluntari de les parts de sistema estomatogn\u00e0tic. Aix\u00ed com l&#8217;exercitaci\u00f3 de la musculatura orofacial.<\/li>\n<li>Ensenyament directe i expl\u00edcit del punt i mode articulatori del so alterat comen\u00e7ant amb el so a\u00efllat, passant a l&#8217;articulaci\u00f3 de s\u00edl\u00b7labes (directes, inverses, complexes), paraules i frases. Fins a la seva automatitzaci\u00f3 a el llenguatge espontani.<\/li>\n<\/ul>\n<p>Per a aix\u00f2 es tindran en compte sempre els interessos de l&#8217;infant i es realitzaran les activitats de forma l\u00fadica i cridanera, realitzant:<\/p>\n<ol>\n<li>Exercicis de relaxaci\u00f3.<\/li>\n<li>Exercicis de respiraci\u00f3 i buf.<\/li>\n<li>Exercicis per afavorir la mobilitat, for\u00e7a i coordinaci\u00f3 de la musculatura orofacial (pr\u00e0xies).<\/li>\n<li>Exercicis de discriminaci\u00f3 auditiva (si fos necessari).<\/li>\n<li>Exercicis de repetici\u00f3 del fonema en q\u00fcesti\u00f3, en totes les seves posicions, de forma a\u00efllada, en s\u00edl\u00b7labes, paraules i frases.<\/li>\n<\/ol>\n<h3>Pautes i consells per treballar el rotacisme i el sigmatisme des de casa<\/h3>\n<p>La fam\u00edlia \u00e9s el mirall en el qual es reflectir\u00e0 el nen per desenvolupar la parla i el llenguatge, per aix\u00f2 \u00e9s important tenir en compte algunes consideracions per ajudar\/facilitar que aquest sigui correcte. Hem d&#8217;aprofitar les interaccions quotidianes i els usos del llenguatge de l&#8217;entorn natural.<\/p>\n<ul>\n<li><strong>Parla-li lentament<\/strong>, amb entonaci\u00f3 normal i pronunciaci\u00f3 clara. Utilitzant un vocabulari adequat a l&#8217;edat de l&#8217;infant emmarcat en frases senzilles i curtes.<\/li>\n<li><strong>Evitar repetir les paraules mal articulades<\/strong> pel nen, encara que siguin gracioses, aix\u00f2 refor\u00e7ar\u00e0 la seva articulaci\u00f3 err\u00f2nia. No reforcis el llenguatge infantilitzat utilitzant les seves pr\u00f2pies expressions (qu\u00e8 potit &#8211; que bonic). En comptes d&#8217;aix\u00f2, hem de oferir-li el model correcte.<\/li>\n<li><strong>Eliminar l&#8217;\u00fas de xumet<\/strong> i dels biberons, si n&#8217;\u00e9s el cas. Afavoreixen les deglucions at\u00edpiques, els models erronis de respiraci\u00f3 i les imprecisions articulat\u00f2ries.<\/li>\n<li>Exercitar la musculatura a trav\u00e9s de la ingesta d&#8217;<strong>aliments s\u00f2lids<\/strong>.<\/li>\n<li>Ensenyar a mocar-se i, si respira per la boca o ronca, portar-lo a l&#8217;<strong>otorinolaring\u00f2leg<\/strong>.<\/li>\n<li>Realitza exercicis de relaxaci\u00f3, de respiraci\u00f3 i buf i exercicis per afavorir la mobilitat, for\u00e7a i coordinaci\u00f3 de la musculatura orofacial (pr\u00e0xies).<\/li>\n<li>Segueix el seu focus d&#8217;atenci\u00f3, centra&#8217;t en el que est\u00e0 veient el nen\/a i aprofita per parlar-ne (aportant dades, comentaris sobre el que succeeix).<\/li>\n<li><strong>Procura que gaudeixi escoltant<\/strong>: amb objectes sonors, buscant d&#8217;on procedeixen els sons que sent (cami\u00f3 que passa, onomatopeies &#8230;) canta-li can\u00e7ons infantils, contes senzills &#8230;<\/li>\n<li>Proposar als nens\/es situacions comunicatives per afavorir la seva expressi\u00f3 oral (cantar can\u00e7ons infantils, explicar contes, memoritzar refranys, endevinalles, petites poesies, jocs de paraules, etc.)<\/li>\n<li><strong>No el corregeixis directament<\/strong>, ni li demanis que repeteixi quan diu quelcom malament. \u00c9s millor l&#8217;\u00fas d&#8217;expansions, extensions i incorporacions, donant el model correcte, o l&#8217;\u00fas de autoconversaciones o parla paral\u00b7lela mentre narrem el que estem fent.<\/li>\n<li>Pots acompanyar algunes emissions amb llenguatge corporal facilitador, gestos facials, assentiments&#8230; per facilitar la seva comprensi\u00f3.<\/li>\n<li><strong>Eliminar les preguntes excessives, interrupcions i exig\u00e8ncies de parlar<\/strong>. Les preguntes fan que el nen necess\u00e0riament hagi d&#8217;emetre una resposta, el que augmenta l&#8217;exig\u00e8ncia de la situaci\u00f3 comunicativa.<\/li>\n<li>Ajuda a que intenti expressar els seus pensaments i els seus desitjos mitjan\u00e7ant el llenguatge. Fer comentaris sobre el que sentim i explicar-ho d&#8217;una manera natural. Si no sap demanar o expressar el que vol amb llenguatge oral, nosaltres ho verbalitzarem per ell expressant les frases de forma senzilla, per\u00f2 ben formades.<\/li>\n<li><strong>Deixa que el nen\/a digui les coses per si mateix<\/strong>: d\u00f3na-li temps per preparar les seves emissions ling\u00fc\u00edstiques quan li fem alguna pregunta. Si veiem que encara no sap dir la resposta, verbalitzar nosaltres per ell. Hem de ser pacients i no impacientarnos per una resposta r\u00e0pida. Sense avan\u00e7ar-nos ni concloure les paraules o frases que a ell li costa dir.<\/li>\n<li>Mantenir contacte amb persones alienes al seu entorn familiar (adults i nens de la seva edat). Intentaran fer-se entendre i millorar a poc a poc la seva articulaci\u00f3.<\/li>\n<li>Demostrar-los confian\u00e7a, oferir seguretat i motivar-los constantment perqu\u00e8, de vegades, poden sentir certa ansietat o des\u00e0nim.<\/li>\n<\/ul>\n<p>[\/vc_column_text][\/vc_column][\/vc_row][vc_row css=&#8221;.vc_custom_1591887338930{background-color: rgba(232,241,255,0.59) !important;*background-color: rgb(232,241,255) !important;}&#8221;][vc_column css=&#8221;.vc_custom_1579881017377{border-radius: 5px !important;}&#8221;][vc_row_inner][vc_column_inner width=&#8221;1\/4&#8243;][vc_single_image image=&#8221;30598&#8243; alignment=&#8221;center&#8221; style=&#8221;vc_box_outline_circle_2&#8243; css=&#8221;.vc_custom_1595192634943{margin-top: 15px !important;margin-bottom: 15px !important;}&#8221;][vc_column_text]<\/p>\n<p style=\"text-align: center;\">Sandra Feli\u00fa<\/p>\n<p>[\/vc_column_text][vc_single_image image=&#8221;31347&#8243; alignment=&#8221;center&#8221; style=&#8221;vc_box_outline_circle_2&#8243; css=&#8221;.vc_custom_1591959219523{margin-top: 15px !important;margin-bottom: 15px !important;}&#8221;][vc_column_text]<\/p>\n<p style=\"text-align: center;\">Marc Giner<\/p>\n<p>[\/vc_column_text][\/vc_column_inner][vc_column_inner width=&#8221;3\/4&#8243;][vc_column_text css_animation=&#8221;fadeInUp&#8221; css=&#8221;.vc_custom_1600363674488{margin-top: 25px !important;margin-bottom: 25px !important;padding-top: 30px !important;padding-right: 30px !important;padding-bottom: 30px !important;padding-left: 30px !important;background-color: rgba(232,241,255,0.59) !important;*background-color: rgb(232,241,255) !important;border-radius: 5px !important;}&#8221;]<strong>Autora del present article:<\/strong><\/p>\n<p>Sandra Feli\u00fa. Logopeda. Col\u00b7legiada n\u00famero 28\/1324 al Colegio de Logopedas de Madrid. <a href=\"https:\/\/www.linkedin.com\/in\/sandra-feli%C3%BA-vacas-73a02b176\/\">Lindekin<\/a><\/p>\n<p><strong>Edici\u00f3: <\/strong><\/p>\n<p>Marc Giner Llenas, psicopedagog, n\u00famero de col\u00b7legiat 387 al Col\u00b7legio de Pedagogs de Catalunya (COPEC). Director de Logop\u00e8dia a Domicili. <a href=\"https:\/\/www.linkedin.com\/in\/marc-giner-llenas-28b43836\/\">LINKEDIN<\/a>.<\/p>\n<p><strong>Bibliografia.<\/strong><\/p>\n<ul>\n<li>Ygual, J.F. Cervera. La intervenci\u00f3n logop\u00e9dica en los trastornos de la adquisici\u00f3n del lenguaje. REV NEUROL 1999; 28 (Supl 2): S 109-S 118.<\/li>\n<li>Cervera-M\u00e9rida J.F., Ygual-Fern\u00e1ndez A. Intervenci\u00f3n logop\u00e9dica en los trastornos fonol\u00f3gicos desde el paradigma psicoling\u00fc\u00edstico del procesamiento del habla. REV NEUROL 2003; 36 (Supl 1): S39-S53<\/li>\n<li>Pe\u00f1a-Casanova, J. (2001). Patolog\u00eda. Niveles de afectaci\u00f3n del sistema del lenguaje y bases para una clasificaci\u00f3n. En Manual de logopedia (pp. 4-7). Espa\u00f1a: Masson.<\/li>\n<li>Pe\u00f1a-Casanova, J. (2014). Manual de logopedia. Espa\u00f1a: Masson.<\/li>\n<li>Redondo Romero A.M, Lorente Aledo J. (2004). Trastornos del lenguaje. 8(8), 675-691.<\/li>\n<\/ul>\n<p><strong>Webgrafia.<\/strong><\/p>\n<ul>\n<li>\u00daltima edici\u00f3n: 29 de mayo de 2020. C\u00f3mo citar: &#8220;Habla&#8221;. Autor: Mar\u00eda Estela Raffino. De: Argentina. Para:\u00a0<em>de<\/em>. Disponible en: https:\/\/concepto.de\/habla\/. Consultado: 27 de junio de 2020.<\/li>\n<li><a href=\"https:\/\/www.bebesymas.com\/desarrollo\/comunicacion-lenguaje-lengua-y-habla\">https:\/\/www.bebesymas.com\/desarrollo\/comunicacion-lenguaje-lengua-y-habla<\/a><\/li>\n<li><a href=\"https:\/\/www.gramaticas.net\/2011\/05\/fonemas-palatales-ch-y-ll-n.html\">https:\/\/www.gramaticas.net\/2011\/05\/fonemas-palatales-ch-y-ll-n.html<\/a><\/li>\n<li>https:\/\/www.isep.es\/actualidad\/el-tratamiento-del-rotacismo\/<\/li>\n<\/ul>\n<p>[\/vc_column_text][\/vc_column_inner][\/vc_row_inner][\/vc_column][\/vc_row][vc_row][vc_column]<h2 class=\"box-header large align-center page-margin-top-section\">Un proceso simple y eficaz<\/h2>[vc_row_inner top_margin=&#8221;page-margin-top&#8221; el_class=&#8221;flex-box&#8221;][vc_column_inner width=&#8221;1\/3&#8243;]<div class=\"info-box features-phone animated-element animation-fadeIn\"><h3>Contacte<\/h3><p>Contacti amb nosaltres per ampliar la informaci\u00f3 dels nostres serveis i exposar el seu cas.<\/p><\/div><div class=\"arrow-container animated-element animation-slideRight\"><span class=\"arrow template-arrow-horizontal-4-after arrow-light\"><\/span><\/div>[\/vc_column_inner][vc_column_inner width=&#8221;1\/3&#8243;]<div class=\"info-box features-doctor animated-element animation-slideRight duration-800 delay-600\"><h3>Diagn\u00f2stic i Tractament<\/h3><p>El primer pas \u00e9s realitzar un bon diagn\u00f2stic (si no es disposa d&#8217;ell) i a posteriori ja podrem comen\u00e7ar el tractament.<\/p><\/div><div class=\"arrow-container animated-element animation-slideRight duration-800 delay-1050\"><span class=\"arrow template-arrow-horizontal-4-after arrow-dark\"><\/span><\/div>[\/vc_column_inner][vc_column_inner width=&#8221;1\/3&#8243;]<div class=\"info-box features-people\"><h3>Recuperaci\u00f3<\/h3><p>ALTA del servei quan s&#8217;aconsegueixen els objectius proposats inicialment.<\/p><\/div>[\/vc_column_inner][\/vc_row_inner]<h2 class=\"box-header large align-center page-margin-top-section\">\u00c1reas en las que ofrecemos tratamientos<\/h2>[vc_row_inner top_margin=&#8221;page-margin-top-section&#8221;][vc_column_inner width=&#8221;1\/2&#8243;]<ul class=\"clearfix mc-features mc-features-small mc-features-style-default\"><li class=\"item-content clearfix\">\r\n\t\t\t\t<a class=\"hexagon small\" href=\"https:\/\/www.logopediadomicilio.es\/ca\/servicio\/logopedia-infantil\/\" title=\"Logop\u00e8dia infantil\"><span class=\"features-baby-bed\"><\/span><\/a><div class=\"text\"><h3><a href=\"https:\/\/www.logopediadomicilio.es\/ca\/servicio\/logopedia-infantil\/\"  title=\"Logop\u00e8dia infantil\">Logop\u00e8dia infantil<\/a><\/h3><p>Atenci\u00f3 logop\u00e8dica les dificultats en el llenguatge oral i escrit, aix\u00ed com pel que fa a el desenvolupament orofacial.<\/p>\n<\/div>\r\n\t\t\t<\/li><li class=\"item-content clearfix\">\r\n\t\t\t\t<a class=\"hexagon small\" href=\"https:\/\/www.logopediadomicilio.es\/ca\/servicio\/neurologopedia\/\" title=\"Neurologop\u00e8dia\"><span class=\"features-brain\"><\/span><\/a><div class=\"text\"><h3><a href=\"https:\/\/www.logopediadomicilio.es\/ca\/servicio\/neurologopedia\/\"  title=\"Neurologop\u00e8dia\">Neurologop\u00e8dia<\/a><\/h3><p>Tractament logop\u00e8dic de les alteracions del llenguatge i la degluci\u00f3 degudes a ictus, traumatismes cranioencef\u00e0lics i malalties neurodegeneratives.<\/p>\n<\/div>\r\n\t\t\t<\/li><\/ul>[\/vc_column_inner][vc_column_inner width=&#8221;1\/2&#8243;]<ul class=\"clearfix mc-features mc-features-small mc-features-style-default\"><li class=\"item-content clearfix\">\r\n\t\t\t\t<a class=\"hexagon small\" href=\"https:\/\/www.logopediadomicilio.es\/ca\/servicio\/alteracions-de-la-veu\/\" title=\"Alteracions de la veu\"><span class=\"features-people\"><\/span><\/a><div class=\"text\"><h3><a href=\"https:\/\/www.logopediadomicilio.es\/ca\/servicio\/alteracions-de-la-veu\/\"  title=\"Alteracions de la veu\">Alteracions de la veu<\/a><\/h3><p>Atenci\u00f3 logop\u00e8dica en les disfonies funcionals i org\u00e0niques, tant en poblaci\u00f3 infantil com adulta i en malalties neurodegeneratives.<\/p>\n<\/div>\r\n\t\t\t<\/li><li class=\"item-content clearfix\">\r\n\t\t\t\t<a class=\"hexagon small\" href=\"https:\/\/www.logopediadomicilio.es\/ca\/servicio\/terapia-miofuncional\/\" title=\"Ter\u00e0pia miofuncional\"><span class=\"features-list\"><\/span><\/a><div class=\"text\"><h3><a href=\"https:\/\/www.logopediadomicilio.es\/ca\/servicio\/terapia-miofuncional\/\"  title=\"Ter\u00e0pia miofuncional\">Ter\u00e0pia miofuncional<\/a><\/h3><p>La ter\u00e0pia miofuncional tracta les alteracions en el funcionament orofacial, com la degluci\u00f3 at\u00edpica, alteracions de l&#8217;ATM, entre d&#8217;altres.<\/p>\n<\/div>\r\n\t\t\t<\/li><\/ul>[\/vc_column_inner][\/vc_row_inner][vc_separator color=&#8221;peacoc&#8221; el_width=&#8221;40&#8243; css=&#8221;.vc_custom_1582465485534{margin-top: 25px !important;margin-bottom: 25px !important;}&#8221;]<h2 class=\"box-header large align-center no-border page-margin-top-section\">Ll\u00e1menos por tel\u00e9fono:<\/h2>[vc_row_inner][vc_column_inner][vc_column_text css_animation=&#8221;fadeInDown&#8221;]<\/p>\n<h2 style=\"text-align: center;\"><span style=\"color: #3366ff;\"><a style=\"color: #3366ff;\" href=\"tel:931001485\">931001485<\/a><\/span> (Barcelona) \/\u00a0<span style=\"color: #3366ff;\"><a style=\"color: #3366ff;\" href=\"tel:910911285\">910911285<\/a><\/span> (Madrid) \/ <span style=\"color: #3366ff;\"><a style=\"color: #3366ff;\" href=\"tel:960011185\">960011185<\/a><\/span> (Val\u00e8ncia)<\/h2>\n<p>[\/vc_column_text][\/vc_column_inner][\/vc_row_inner][vc_column_text el_class=&#8221;large align-center margin-top-20&#8243;]O, si ho preferiu, envieu-nos un formulari:[\/vc_column_text]\n<div class=\"wpcf7 no-js\" id=\"wpcf7-f31455-o1\" lang=\"ca\" dir=\"ltr\" data-wpcf7-id=\"31455\">\n<div class=\"screen-reader-response\"><p role=\"status\" aria-live=\"polite\" aria-atomic=\"true\"><\/p> <ul><\/ul><\/div>\n<form action=\"\/ca\/wp-json\/wp\/v2\/pages\/31815#wpcf7-f31455-o1\" method=\"post\" class=\"wpcf7-form init\" aria-label=\"Formulari de contacte\" novalidate=\"novalidate\" data-status=\"init\">\n<fieldset class=\"hidden-fields-container\"><input type=\"hidden\" name=\"_wpcf7\" value=\"31455\" \/><input type=\"hidden\" name=\"_wpcf7_version\" value=\"6.1.5\" \/><input type=\"hidden\" name=\"_wpcf7_locale\" value=\"ca\" \/><input type=\"hidden\" name=\"_wpcf7_unit_tag\" value=\"wpcf7-f31455-o1\" \/><input type=\"hidden\" name=\"_wpcf7_container_post\" value=\"0\" \/><input type=\"hidden\" name=\"_wpcf7_posted_data_hash\" value=\"\" \/><input type=\"hidden\" name=\"_wpcf7_recaptcha_response\" value=\"\" \/>\n<\/fieldset>\n<div class=\"form-row\">\n\t<div class=\"column-half\">\n\t\t<p><label> Nom (obligatori)<br \/>\n<span class=\"wpcf7-form-control-wrap\" data-name=\"your-name\"><input size=\"40\" maxlength=\"400\" class=\"wpcf7-form-control wpcf7-text wpcf7-validates-as-required\" aria-required=\"true\" aria-invalid=\"false\" value=\"\" type=\"text\" name=\"your-name\" \/><\/span> <\/label>\n\t\t<\/p>\n\t<\/div>\n\t<div class=\"column-half\">\n\t\t<p><label> Correu electr\u00f2nic (obligatori)<br \/>\n<span class=\"wpcf7-form-control-wrap\" data-name=\"your-email\"><input size=\"40\" maxlength=\"400\" class=\"wpcf7-form-control wpcf7-email wpcf7-validates-as-required wpcf7-text wpcf7-validates-as-email\" aria-required=\"true\" aria-invalid=\"false\" value=\"\" type=\"email\" name=\"your-email\" \/><\/span> <\/label>\n\t\t<\/p>\n\t<\/div>\n<\/div>\n<div class=\"column-half\">\n\t<p><label> Tel\u00e8fon<br \/>\n<span class=\"wpcf7-form-control-wrap\" data-name=\"tel-165\"><input size=\"40\" maxlength=\"400\" class=\"wpcf7-form-control wpcf7-tel wpcf7-text wpcf7-validates-as-tel\" aria-invalid=\"false\" value=\"\" type=\"tel\" name=\"tel-165\" \/><\/span> <\/label>\n\t<\/p>\n<\/div>\n<div class=\"column-half\">\n\t<p><label> Localitat (obligatorio)<br \/>\n<span class=\"wpcf7-form-control-wrap\" data-name=\"localidad\"><input size=\"40\" maxlength=\"400\" class=\"wpcf7-form-control wpcf7-text wpcf7-validates-as-required\" aria-required=\"true\" aria-invalid=\"false\" value=\"\" type=\"text\" name=\"localidad\" \/><\/span> <\/label>\n\t<\/p>\n<\/div>\n<p><label> Missatge<br \/>\n<span class=\"wpcf7-form-control-wrap\" data-name=\"your-message\"><textarea cols=\"40\" rows=\"10\" maxlength=\"2000\" class=\"wpcf7-form-control wpcf7-textarea\" aria-invalid=\"false\" name=\"your-message\"><\/textarea><\/span> <\/label>\n<\/p>\n<p><input class=\"wpcf7-form-control wpcf7-submit has-spinner\" type=\"submit\" value=\"Enviar formulari\" \/>\n<\/p><div class=\"wpcf7-response-output\" aria-hidden=\"true\"><\/div>\n<\/form>\n<\/div>\n[\/vc_column][\/vc_row]<\/p>\n<\/div>","protected":false},"excerpt":{"rendered":"<p>[vc_row][vc_column][vc_row_inner][vc_column_inner width=&#8221;1\/2&#8243;][vc_single_image image=&#8221;31328&#8243; img_size=&#8221;medium-thumb&#8221; onclick=&#8221;link_image&#8221;][\/vc_column_inner][vc_column_inner width=&#8221;1\/2&#8243;][vc_single_image image=&#8221;30409&#8243; img_size=&#8221;medium-thumb&#8221; onclick=&#8221;link_image&#8221;][\/vc_column_inner][\/vc_row_inner][vc_column_text el_class=&#8221;large margin-top-20&#8243;]S&#8217;anomena rotacisme a qualsevol defecte en l&#8217;articulaci\u00f3 del fonema r simple (or, cara) o r m\u00faltiple (carret\u00f3, ratol\u00ed), ja sigui per omissi\u00f3 o per distorsi\u00f3 (erra gutural). La &#8220;r&#8221; \u00e9s una de les lletres m\u00e9s dif\u00edcils d&#8217;adquirir i per aix\u00f2, \u00e9s una de les \u00faltimes<\/p>\n","protected":false},"author":1,"featured_media":0,"parent":0,"menu_order":0,"comment_status":"closed","ping_status":"closed","template":"","meta":{"footnotes":""},"class_list":["post-31815","page","type-page","status-publish","hentry"],"_links":{"self":[{"href":"https:\/\/www.logopediadomicilio.es\/ca\/wp-json\/wp\/v2\/pages\/31815","targetHints":{"allow":["GET"]}}],"collection":[{"href":"https:\/\/www.logopediadomicilio.es\/ca\/wp-json\/wp\/v2\/pages"}],"about":[{"href":"https:\/\/www.logopediadomicilio.es\/ca\/wp-json\/wp\/v2\/types\/page"}],"author":[{"embeddable":true,"href":"https:\/\/www.logopediadomicilio.es\/ca\/wp-json\/wp\/v2\/users\/1"}],"replies":[{"embeddable":true,"href":"https:\/\/www.logopediadomicilio.es\/ca\/wp-json\/wp\/v2\/comments?post=31815"}],"version-history":[{"count":3,"href":"https:\/\/www.logopediadomicilio.es\/ca\/wp-json\/wp\/v2\/pages\/31815\/revisions"}],"predecessor-version":[{"id":31818,"href":"https:\/\/www.logopediadomicilio.es\/ca\/wp-json\/wp\/v2\/pages\/31815\/revisions\/31818"}],"wp:attachment":[{"href":"https:\/\/www.logopediadomicilio.es\/ca\/wp-json\/wp\/v2\/media?parent=31815"}],"curies":[{"name":"wp","href":"https:\/\/api.w.org\/{rel}","templated":true}]}}