{"id":31819,"date":"2020-07-11T14:18:04","date_gmt":"2020-07-11T14:18:04","guid":{"rendered":"https:\/\/www.logopediadomicilio.es\/trastorn-especific-del-llenguatge-tel\/"},"modified":"2021-10-18T13:51:47","modified_gmt":"2021-10-18T13:51:47","slug":"trastorn-especific-del-llenguatge-tel","status":"publish","type":"page","link":"https:\/\/www.logopediadomicilio.es\/ca\/trastorn-especific-del-llenguatge-tel\/","title":{"rendered":"Trastorn espec\u00edfic del llenguatge (TEL)"},"content":{"rendered":"<div class=\"wpb-content-wrapper\"><p>[vc_row][vc_column][vc_row_inner][vc_column_inner width=&#8221;1\/2&#8243;][vc_single_image image=&#8221;31369&#8243; img_size=&#8221;medium-thumb&#8221; onclick=&#8221;link_image&#8221;][\/vc_column_inner][vc_column_inner width=&#8221;1\/2&#8243;][vc_single_image image=&#8221;30409&#8243; img_size=&#8221;medium-thumb&#8221; onclick=&#8221;link_image&#8221;][\/vc_column_inner][\/vc_row_inner]<h2 class=\"box-header large margin-top-30\">Trastorno espec\u00edfico del lenguaje (TEL)<\/h2>[vc_column_text el_class=&#8221;large margin-top-20&#8243;]<\/p>\n<h3>QU\u00c8 \u00c9S EL TRASTORN ESPEC\u00cdFIC DEL LLENGUATGE?<\/h3>\n<p>El trastorn espec\u00edfic del llenguatge (TEL), \u00e9s una alteraci\u00f3 del llenguatge que es produeix en nens que no tenen cap alteraci\u00f3 en els \u00f2rgans que produeixen la parla i la capacitat intel\u00b7lectual, auditiva i psicol\u00f2gica \u00e9s normal tot i que, en ells, hi ha un trastorn neurol\u00f2gic que no est\u00e0 identificat.<\/p>\n<p>D&#8217;una banda, es qualifica d'&#8221;espec\u00edfic&#8221; per qu\u00e8 les dificultats del llenguatge no poden explicar-se en termes d&#8217;un trastorn m\u00e9s general com una discapacitat intel\u00b7lectual, un d\u00e8ficit auditiu o motor o un trastorn generalitzat del desenvolupament. No presenten els mateixos s\u00edmptomes tots els nens perqu\u00e8 no afecten sempre de la mateixa manera ni amb la mateixa intensitat a tots els components del llenguatge (com s\u00f3n la comprensi\u00f3, la pronunciaci\u00f3, l&#8217;\u00fas de la sintaxi o la capacitat d&#8217;\u00fas social del llenguatge i de la comunicaci\u00f3). D&#8217;altra banda, el terme &#8220;espec\u00edfic&#8221; s&#8217;ent\u00e9n tamb\u00e9 en el sentit que en el TEL l&#8217;\u00fanica afectaci\u00f3 est\u00e0 en l&#8217;adquisici\u00f3 i desenvolupament del llenguatge oral, tot i que aquesta afirmaci\u00f3 no sol ser certa. Per aquest motiu, en l&#8217;\u00faltima versi\u00f3 del Manual diagn\u00f2stic i estad\u00edstic dels trastorns mentals de l&#8217;Associaci\u00f3 Americana de Psiquiatria (DSM-5), el TEL perd el qualificatiu d&#8217;espec\u00edfic ja que les persones amb TEL solen presentar problemes afegits als del llenguatge oral. Aquests problemes poden ser secundaris a la seva afectaci\u00f3 principal en el llenguatge o poden deure&#8217;s a la pres\u00e8ncia de trastorns com\u00f2rbids, com poden ser els de l&#8217;aprenentatge (disl\u00e8xia, disgrafia, disortografia i discalc\u00falia) o el TDA\/TDAH.<\/p>\n<h4>Causes del Trastorn Espec\u00edfic del Llenguatge<\/h4>\n<p>Les principals causes d&#8217;aquest trastorn s\u00f3n dif\u00edcils de definir ja que no s&#8217;ha pogut constatar la seva etiologia exacta. Aquestes causes no estan molt clares i encara es coneix poca cosa en relaci\u00f3 amb quins factors el provoquen. No obstant aix\u00f2, se sap que no estan causades per cap d\u00e8ficit evident a nivell f\u00edsic, sensorial, intel\u00b7lectual o emocional i, a m\u00e9s, hi ha dades procedents d&#8217;investigacions que suggereixen un fort vincle gen\u00e8tic associat. \u00c9s m\u00e9s probable que els nens amb trastorn espec\u00edfic del llenguatge tinguin un major percentatge de patir-lo si algun familiar ha tingut dificultats i retards en la parla, comparats als nens sense aquest trastorn. Els estudis que s&#8217;han realitzat en aquest terreny s\u00f3n encara pocs i restringits a la gen\u00e8tica poblacional. No obstant, hi ha evid\u00e8ncies que proven que es tracta d&#8217;un trastorn que s&#8217;hereta, de fet, del 50% al 70% dels nens amb trastorn espec\u00edfic del llenguatge tenen al menys un familiar amb aquest trastorn o amb dificultats similars.<\/p>\n<h4>AFECTACIONS. COM AFECTA AQUEST TRASTORN?<\/h4>\n<p>Aquest d\u00e8ficit en el llenguatge oral es caracteritza, a m\u00e9s de per un retard cronol\u00f2gic en l&#8217;adquisici\u00f3 del llenguatge, per importants dificultats espec\u00edfiques per a l&#8217;estructuraci\u00f3 del mateix, produint-se aix\u00ed conductes verbals an\u00f2males que es tradueixen en una desviaci\u00f3 respecte als processos normals d&#8217;adquisici\u00f3 i desenvolupament del llenguatge conversacionals. Despr\u00e9s d&#8217;aquesta primera dificultat, altres paraules amb poca rellev\u00e0ncia perceptiva (com la majoria de les paraules necess\u00e0ries per a organitzar les oracions: preposicions, conjuncions), que no s&#8217;accentuen, seran m\u00e9s vulnerables a aquesta limitaci\u00f3, de manera que tampoc la sintaxi es desenvolupar\u00e0 normalment. Aix\u00f2 obliga a l&#8217;infant amb TEL a posar en marxa mecanismes compensatoris, per aconseguir l&#8217;\u00e8xit comunicatiu en les seves interaccions, que poden atribuir al seu llenguatge un car\u00e0cter de trastorn o de desviaci\u00f3 respecte del que \u00e9s t\u00edpic.<\/p>\n<p>Les manifestacions ling\u00fc\u00edstiques m\u00e9s freq\u00fcents del Trastorn Espec\u00edfic del Llenguatge s\u00f3n les seg\u00fcents:<\/p>\n<ul>\n<li>Dificultats tant a nivell expressiu com comprensiu.<\/li>\n<li>Hi ha moltes difer\u00e8ncies entre els nens diagnosticats amb TEL.<\/li>\n<li>Es cometen errors ling\u00fc\u00edstics que no es corresponen amb els usuals en els processos d&#8217;adquisici\u00f3, per tant, estar\u00edem davant d&#8217;una desviaci\u00f3 dels patrons normals d&#8217;adquisici\u00f3 (per exemple, en l&#8217;adquisici\u00f3 de les s\u00edl\u00b7labes formades per consonant + \/r\/ com &#8220;drac&#8221;, el m\u00e9s freq\u00fcent \u00e9s substituir la \/r\/ per la \/l\/ i dir &#8220;dlac&#8221;, per\u00f2 els nens amb TEL realitzen una substituci\u00f3 diferent a aquesta, habitual en el desenvolupament del llenguatge).<\/li>\n<li>Algunes habilitats ling\u00fc\u00edstiques pr\u00f2pies de la seva edat estan preservades (per exemple, amb 6 anys els nens poden pronunciar la \/rr\/ perfectament b\u00e9) mentre que altres m\u00e9s simples o primitives estan alterades.<\/li>\n<\/ul>\n<p>Hi ha un nivell ling\u00fc\u00edstic inferior al que s&#8217;esperava per al grup d&#8217;edat (es considera que ha d&#8217;existir un retard d&#8217;almenys 12 mesos, o d&#8217;slmenys 1,25 desviacions est\u00e0ndard per sota de la mitjana de la poblaci\u00f3 normal en un test de llenguatge). El nen presenta un desenvolupament normal a nivell cognitiu, social, d&#8217;autoajuda i motor. No existeixen d\u00e8ficits sensorials ni alteracions cerebrals associades. En definitiva, no hi ha una causa coneguda que pugui explicar la gravetat del retard en el llenguatge. Els d\u00e8ficits afecten a la compet\u00e8ncia ling\u00fc\u00edstica (comprensi\u00f3 i producci\u00f3) per\u00f2 no a la comunicativa; \u00e9s a dir, que els nens amb TEL solen mantenir una intenci\u00f3 comunicativa important. El problema \u00e9s evident des de les primeres etapes d&#8217;adquisici\u00f3 del llenguatge (2-3 anys) i, a m\u00e9s, els d\u00e8ficits tenen un car\u00e0cter evolutiu, de manera que si no es realitza una intervenci\u00f3 adequada, els problemes solen anar empitjorant al llarg del temps i els nens poden acabar rebent un diagn\u00f2stic m\u00e9s sever com el retard mental o l&#8217;autisme.<\/p>\n<p>Existeixen diferents tipus de TEL segons la combinaci\u00f3 de les \u00e0rees que es troben afectades. Aix\u00ed podem trobar un nen que amb 2 o 3 anys ho comprengui tot per\u00f2 que no parli o parli molt poc, un altre nen pot parlar molt, encara que de forma desordenada o poc coherent i tenir una comprensi\u00f3 bastant baixa; altres nens presenten problemes de comunicaci\u00f3, mostrant poc inter\u00e8s per relacionar-se amb els altres i poc inter\u00e8s per aprendre.<\/p>\n<p>&nbsp;<\/p>\n<h3>Intervenci\u00f3 Logop\u00e8dica en el Trastorn Espec\u00edfic del Llenguatge<\/h3>\n<p>L\u00f2gicament, la inclusi\u00f3 o no dels aspectes que s&#8217;inclouran en un programa de tractament dependr\u00e0 dels problemes i d\u00e8ficits a nivell ling\u00fc\u00edstic de cada cas (i que estaran relacionats amb el subtipus de TEL establert a l&#8217;avaluaci\u00f3 inicial).<\/p>\n<p>En general, les t\u00e8cniques d&#8217;intervenci\u00f3 logop\u00e8dica que s&#8217;empren amb m\u00e9s assidu\u00eftat dins d&#8217;un programa de tractament se centren en vuit aspectes fonamentals:<\/p>\n<p><span style=\"text-decoration: underline;\"><strong>1. Atenci\u00f3 a les fam\u00edlies.<\/strong><\/span><\/p>\n<p>L&#8217;atenci\u00f3 a les fam\u00edlies \u00e9s un aspecte que ha de formar part dels programes d&#8217;intervenci\u00f3 logop\u00e8dica. El treball amb les fam\u00edlies se centra en incloure les seves necessitats habituals, aix\u00ed com transmetre la informaci\u00f3 sobre aquest trastorn i les conseq\u00fc\u00e8ncies que poden tenir aquests nens en el futur. A m\u00e9s, tamb\u00e9 es d\u00f3na suport emocional, suport professional i l&#8217;establiment d&#8217;estrat\u00e8gies de comunicaci\u00f3 perqu\u00e8 els pares puguin interactuar amb major efic\u00e0cia amb el nen.<\/p>\n<p>Aix\u00ed, el treball del logopeda amb la fam\u00edlia sol concretar-se en dos tipus d&#8217;actuacions habituals:<\/p>\n<p><em><span style=\"text-decoration: underline;\">Informaci\u00f3 a la fam\u00edlia en el moment del diagn\u00f2stic i durant el tractament<\/span><\/em>: les fam\u00edlies solen experimentar por, incertesa i nerviosisme un cop confirmat el diagn\u00f2stic de TEL. El logopeda ha de facilitar la informaci\u00f3 relacionada amb aquest trastorn, ja que ser\u00e0 el punt de refer\u00e8ncia que tindran els pares. Aquest treball d&#8217;informaci\u00f3 se seguir\u00e0 produint durant el per\u00edode d&#8217;intervenci\u00f3.<\/p>\n<p><span style=\"text-decoration: underline;\"><em>Entrenament de la fam\u00edlia com a part de la intervenci\u00f3<\/em><\/span>. Els nens passen la major part del temps amb les seves fam\u00edlies i tenint en compte les defici\u00e8ncies ling\u00fc\u00edstiques d&#8217;aquests nens cal instruir la fam\u00edlia a comunicar-se de la manera m\u00e9s efectiva i proporcionar-li activitats ling\u00fc\u00edstiques que permetin a l&#8217;infant practicar tot all\u00f2 apr\u00e8s a les sessions de logop\u00e8dia i aix\u00ed poder corregir els errors que es produeixin.<\/p>\n<p>&nbsp;<\/p>\n<p><em><span style=\"text-decoration: underline;\">Orientacions per a treballar a casa<\/span><\/em><\/p>\n<p>&#8211; Evitar conductes de sobreprotecci\u00f3 o de rebuig.<\/p>\n<p>&#8211; Estimular i potenciar les seves capacitats.<\/p>\n<p>&#8211; Ajudar en la seva autonomia personal.<\/p>\n<p>&#8211; Refor\u00e7ar els seus \u00e8xits personals.<\/p>\n<p>&#8211; Donar-li models ling\u00fc\u00edstics adequats.<\/p>\n<p>&#8211; Parlar m\u00e9s lentament.<\/p>\n<p>&#8211; Respectar el torn de paraula.<\/p>\n<p>&#8211; No respondre per ell, deixar que s&#8217;expressi lliurement.<\/p>\n<p>&nbsp;<\/p>\n<p><span style=\"text-decoration: underline;\"><strong>2.<\/strong> <strong>Adquisici\u00f3 de requisits b\u00e0sics per al llenguatge.<\/strong><\/span><\/p>\n<p>En molts casos abans de comen\u00e7ar la intervenci\u00f3 cal assegurar-se que el nen domina una s\u00e8rie de requisits b\u00e0sics (o comportaments prerequisits). Si b\u00e9 la majoria dels nens adquireixen aquests requisits r\u00e0pidament, els d\u00e8ficits dels nens amb TEL poden fer que aix\u00f2 no sigui aix\u00ed, en aquest cas el primer pas del tractament ha de consistir en el seu ensenyament.<\/p>\n<p>Entre els requisits b\u00e0sics m\u00e9s importants es troben:<\/p>\n<ul>\n<li><em>Habilitats comunicatives b\u00e0siques<\/em>. Per exemple, l&#8217;atenci\u00f3 conjunta, l&#8217;adaptaci\u00f3 als torns d&#8217;una activitat interactiva, l&#8217;escolta activa, etc. Si el nen t\u00e9 d\u00e8ficits a aquest nivell, \u00e9s convenient comen\u00e7ar refor\u00e7ant i atenent qualsevol intent comunicatiu.<\/li>\n<li><em>Atenci\u00f3<\/em>. Sovint es troben nens l&#8217;atenci\u00f3 \u00e9s deficient o gaireb\u00e9 inexistent. En aquests casos cal fer un treball previ per millorar-la. L&#8217;objectiu seria aconseguir que el nen estigui en situaci\u00f3 apropiada per a l&#8217;aprenentatge i sigui capa\u00e7 d&#8217;escoltar i atendre unes instruccions m\u00ednimes.<\/li>\n<li><em>Imitaci\u00f3 verbal<\/em>. L&#8217;objectiu seria posar la imitaci\u00f3 verbal sota control; \u00e9s a dir, aconseguir que el nen repeteixi models verbals amb la major exactitud possible, aix\u00ed com que aprengui a repetir espont\u00e0niament.<\/li>\n<li><em>Seguiment d&#8217;instruccions verbals<\/em>. L&#8217;objectiu general en aquesta habilitat seria ajudar a l&#8217;infant a identificar persones, llocs i coses pel seu nom i aprendre a seguir instruccions senzilles.<\/li>\n<\/ul>\n<p>&nbsp;<\/p>\n<p><span style=\"text-decoration: underline;\"><strong>3. Nivell fonol\u00f2gic del llenguatge.<\/strong><\/span><\/p>\n<p>Entre els objectius b\u00e0sics a nivell fonol\u00f2gic del llenguatge es troben:<\/p>\n<ul>\n<li>Adquirir una bona atenci\u00f3 i discriminaci\u00f3 general i fon\u00e8tica.<\/li>\n<li>Desenvolupar les capacitats de la pr\u00f2pia veu.<\/li>\n<li>Incrementar la consci\u00e8ncia fon\u00e8tica, fonol\u00f2gica i de mots.<\/li>\n<li>Descobrir les possibilitats de comunicaci\u00f3 a trav\u00e9s dels sons.<\/li>\n<li>Alliberar inhibicions pel moviment estimulant dels sons.<\/li>\n<li>Estimular la capacitat de produir i reproduir sons.<\/li>\n<\/ul>\n<p><span style=\"text-decoration: underline;\"><strong>4. Nivell lexicosem\u00e0ntic del llenguatge.<\/strong><\/span><\/p>\n<p>Pel que fa al nivell lexicosem\u00e0ntic del llenguatge s&#8217;ha de:<\/p>\n<ul>\n<li>Ensenyar un vocabulari ric i ampli tant a nivell receptiu com expressiu.<\/li>\n<li>Crear uns esquemes mentals ben estructurats i consolidats, establint una xarxa densa de relaci\u00f3 sem\u00e0ntica entre les paraules adquirides (categories per camps sem\u00e0ntics, categories per la seva funci\u00f3 i \u00fas, etc.).<\/li>\n<li>Adquirir una millor capacitat i velocitat d&#8217;evocaci\u00f3 del l\u00e8xic adquirit, al disposar d&#8217;un sistema d&#8217;emmagatzematge m\u00e9s estructurat i de diferents vies d&#8217;acc\u00e9s als esquemes mentals.<\/li>\n<\/ul>\n<p><span style=\"text-decoration: underline;\"><strong>5. Nivell morfosint\u00e0ctic del llenguatge.<\/strong><\/span><\/p>\n<p>Pel que fa al nivell morfosint\u00e0ctic del llenguatge el nen hauria de:<\/p>\n<ul>\n<li>Entendre el sentit de les frases a trav\u00e9s de la seva estructura.<\/li>\n<li>Construir frases senzilles gramaticalment i sem\u00e0nticament correctes, tenint en compte el nombre i l&#8217;ordre de les paraules, l&#8217;ocupaci\u00f3 dels nexes i de les flexions verbals.<\/li>\n<li>Adquirir la consci\u00e8ncia sint\u00e0ctica en general i la consci\u00e8ncia de l&#8217;exist\u00e8ncia de les paraules perqu\u00e8 despr\u00e9s en la seva escriptura sigui capa\u00e7 de discernir-i separar-les.<\/li>\n<li>Organitzar correctament el discurs propi.<\/li>\n<li>Comprendre i realitzar contes, respectant l&#8217;ordre cronol\u00f2gic dels esdeveniments, identificant els personatges, llocs i refer\u00e8ncies temporals b\u00e0siques, i identificant les intencions dels personatges i les relacions de causa-efecte dels esdeveniments.<\/li>\n<li>Adquirir l&#8217;estructuraci\u00f3 mental del temps, l&#8217;estructuraci\u00f3 espacial de dreta i esquerra i l&#8217;estructuraci\u00f3 cronol\u00f2gica del seu discurs a l&#8217;explicar una hist\u00f2ria.<\/li>\n<\/ul>\n<p>&nbsp;<\/p>\n<p><span style=\"text-decoration: underline;\"><strong>6. Nivell pragm\u00e0tic del llenguatge.<\/strong><\/span><br \/>\nA nivell pragm\u00e0tic del llenguatge es persegueixen els seg\u00fcents objectius:<\/p>\n<ul>\n<li>Fomentar la motivaci\u00f3 per parlar.<\/li>\n<li>Saber mantenir un tema, seguir el fil i saber quan i com acaba i comen\u00e7a la conversa.<\/li>\n<li>Saber f\u00f3rmules que regulen les expressions.<\/li>\n<li>Entendre els canvis de registre.<\/li>\n<li>Utilitza matisos en funci\u00f3 del contingut o dels interlocutors.<\/li>\n<li>Utilitza la comunicaci\u00f3 no verbal.<\/li>\n<\/ul>\n<p>&nbsp;<\/p>\n<p><span style=\"text-decoration: underline;\"><strong>7. Ensenyament de la lectoescriptura.<\/strong><\/span><\/p>\n<p>Una atenci\u00f3 primerenca \u00e9s la clau perqu\u00e8 els nens amb TEL no requereixin d&#8217;un programa espec\u00edfic en aquesta \u00e0rea, ja que la majoria de les seves dificultats estaran corregides abans d&#8217;iniciar el proc\u00e9s lector. No obstant aix\u00f2, si en el moment d&#8217;iniciar la lectoescriptura encara continuen amb d\u00e8ficits ling\u00fc\u00edstics \u00e9s apropiat dissenyar un programa d&#8217;aprenentatge de la lectoescriptura apropiat i ajustat a cada nen, atenent les seves dificultats dins dels diferents processos que es donen en la lectoescriptura.<\/p>\n<p>Objectius:<\/p>\n<ul>\n<li>Elaboraci\u00f3 d&#8217;un programa espec\u00edfic d&#8217;aprenentatge de la lectoescriptura. Aqu\u00ed s&#8217;inclouran aquells processos lectors en qu\u00e8 el nen tingui m\u00e9s dificultat (processos perceptius, processament l\u00e8xic, processament sint\u00e0ctic i proc\u00e9s o processament sem\u00e0ntic).<\/li>\n<li>Augmentar la motivaci\u00f3 i l&#8217;autoestima.<\/li>\n<li>Atenci\u00f3 individualitza sempre que sigui possible.<\/li>\n<\/ul>\n<p><span style=\"text-decoration: underline;\"><strong>8. Atenci\u00f3 escolar.<\/strong><\/span><\/p>\n<p>Quan a l&#8217;aula el professor es troba amb un nen amb TEL cal fer, juntament amb els logopedes, les adaptacions curriculars pertinents segons els s\u00edmptomes de l&#8217;infant que li permetin seguir superant els aprenentatges b\u00e0sics de cada curs o cicle. Les actuacions principals serien dues:<\/p>\n<ul>\n<li><em><span style=\"text-decoration: underline;\">Adaptacions del curr\u00edculum educatiu<\/span><\/em>: caldria modificar en la mesura del possible alguns contingut i objectius a aconseguir per l&#8217;alumne. Aix\u00ed mateix canviar la metodologia a l&#8217;hora de presentar les activitats i la manera d&#8217;avaluar els coneixements adquirits.<\/li>\n<li><em><span style=\"text-decoration: underline;\">Formaci\u00f3 de professorat:<\/span><\/em> els professors no solen comptar amb una informaci\u00f3 espec\u00edfica sobre aquest tipus de problemes dels nens amb TEL. Els logopedes, igual que a les fam\u00edlies, els solen orientar amb pautes perqu\u00e8 puguin interactuar millor amb aquests alumnes i aix\u00ed dirigir-los en els diferents tipus d&#8217;aprenentatge que aquests nens necessiten.<\/li>\n<\/ul>\n<p><span style=\"text-decoration: underline;\"><em>Orientacions per a l&#8217;escola<\/em><\/span><\/p>\n<ul>\n<li>Demanar-los que ens mirin als ulls<\/li>\n<li>Pronunciar correctament sense exagerar.<\/li>\n<li>Repetir si \u00e9s necessari i\/o intentar dir el mateix d&#8217;una altra manera.<\/li>\n<li>Utilitzar gestos naturals per facilitar la comprensi\u00f3.<\/li>\n<li>Utilitzar suports visuals per marcar la rutina de l&#8217;aula o de la tasca fins que el nen la interioritzi.<\/li>\n<li>Adequar la mida i la dificultat dels missatges al nivell de l&#8217;infant.<\/li>\n<li>Utilitzar frases simples per\u00f2 correctes.<\/li>\n<li>Evitar enunciats interromputs o desordenats.<\/li>\n<li>Afavorir la comprensi\u00f3 per part de l&#8217;infant amb preguntes alternatives.<\/li>\n<li>Adoptar una actitud positiva davant el nen, encoratjant-lo i felicitant-lo en els seus progressos.<\/li>\n<\/ul>\n<p>[\/vc_column_text][\/vc_column][\/vc_row][vc_row css=&#8221;.vc_custom_1594477523392{margin-top: 50px !important;background-color: rgba(232,241,255,0.59) !important;*background-color: rgb(232,241,255) !important;}&#8221;][vc_column css=&#8221;.vc_custom_1579881017377{border-radius: 5px !important;}&#8221;][vc_row_inner][vc_column_inner width=&#8221;1\/4&#8243;][vc_single_image image=&#8221;31350&#8243; alignment=&#8221;center&#8221; style=&#8221;vc_box_outline_circle_2&#8243; css=&#8221;.vc_custom_1594477280895{margin-top: 15px !important;margin-bottom: 15px !important;}&#8221;][vc_column_text]<\/p>\n<p style=\"text-align: center;\">Sonia Jim\u00e9nez<\/p>\n<p>[\/vc_column_text][\/vc_column_inner][vc_column_inner width=&#8221;3\/4&#8243;][vc_column_text css_animation=&#8221;fadeInUp&#8221; css=&#8221;.vc_custom_1600278612309{margin-top: 25px !important;margin-bottom: 25px !important;padding-top: 30px !important;padding-right: 30px !important;padding-bottom: 30px !important;padding-left: 30px !important;background-color: rgba(232,241,255,0.59) !important;*background-color: rgb(232,241,255) !important;border-radius: 5px !important;}&#8221;]<strong>Autora del present article:<\/strong><\/p>\n<p>Sonia Jim\u00e9nez, logopeda, n\u00famero de col\u00b7legiada 08\/4186 al Col\u00b7legi de Logopedes de Catalunya (CLC). Logopeda de Logop\u00e8dia a Domicili. <a href=\"https:\/\/www.linkedin.com\/in\/soniajimenezmartinez\/\">LINKEDIN<\/a>.<\/p>\n<p><strong>Refer\u00e8ncies bibliogr\u00e0fiques\u00a0 <\/strong><\/p>\n<ul>\n<li>Acosta, V.M. y Moreno, A.M. (1999). Dificultades del lenguaje en ambientes educativos. Barcelona: Masson.<\/li>\n<li>Gallego, J.L. (1999). Calidad en la intervenci\u00f3n logop\u00e9dica. Estudio de casos. M\u00e1laga: Aljibe.<\/li>\n<li>Mendoza, E. (2001). Trastorno espec\u00edfico del lenguaje (TEL). Madrid: Pir\u00e1mide.<\/li>\n<li>Moreno, J.M., Su\u00e1rez, A., Mart\u00ednez, J.D. y Garc\u00eda-Baamonde, M.E. (2004). Retrasos en la adquisici\u00f3n y desarrollo del lenguaje. Estudio de casos. Madrid: EOS.<\/li>\n<li>Puyuelo, M. (2005). Casos cl\u00ednicos en Logopedia (volumen 2). Barcelona: Masson.<\/li>\n<li>Aguado, G. (2004). Trastorno espec\u00edfico del lenguaje: retraso de lenguaje y disfasia. (pp.15-28). M\u00e1laga. Editorial: Aljibe.<\/li>\n<li>Puyuelo, M. y Santana, R. Intervenci\u00f3n del lenguaje. Editorial Masson, Barcelona.<\/li>\n<li>Aguado, G. (1989): El desarrollo de la morfosintaxis en el ni\u00f1o. C.E.P.E., Madrid.<\/li>\n<li>Cooper, J.; Reynell, J. &amp; Modley, M. (1982): M\u00e9todo para favorecer el desarrollo del lenguaje. M\u00e9dico y T\u00e9cnica, Barcelona.<\/li>\n<li>G\u00f3mez Tol\u00f3n, J. (1987): Trastornos de la adquisici\u00f3n del lenguaje. Escuela Espa\u00f1ola, Madrid.<\/li>\n<li>Monfort, M. (1984): La investigaci\u00f3n logop\u00e9dica. II Simposio de logopedia, C.E.P.E., Madrid.<\/li>\n<li>Monfort, M. (1986): Investigaci\u00f3n y logopedia. III Simposio de logopedia, C.E.P.E., Madrid.<\/li>\n<li>Monfort, M. &amp; Ju\u00e1rez, A. (1993): Los ni\u00f1os disf\u00e1sicos. C.E.P.E., Madrid.<\/li>\n<li>Monfort, M. (1995): Ense\u00f1ar a hablar. IV Simposio de logopedia, C.E.P.E., Madrid.<\/li>\n<li>Nieto, M. (1990): Retardo del lenguaje. C.E.P.E., Madrid.<\/li>\n<li>Aguado, G. (1988): \u00abEl retraso del lenguaje\u00bb. En: Pe\u00f1a Casanova (Comp.) (1988): Manual de logopedia. Masson, Barcelona, 200-215.<\/li>\n<\/ul>\n<p>&nbsp;<\/p>\n<p><strong>Webgrafies<\/strong><\/p>\n<ul>\n<li><a href=\"https:\/\/revistas.ucm.es\/index.php\/RLOG\/article\/view\/61928\">https:\/\/revistas.ucm.es\/index.php\/RLOG\/article\/view\/61928<\/a><\/li>\n<li>http:\/\/www.logopediadomicilio.es\/lectoescritura-en-ninos-con-trastorno-especifico-del-lenguaje\/<\/li>\n<li><a href=\"https:\/\/www.uchile.cl\/noticias\/90483\/como-mejorar-el-aprendizaje-en-los-escolares-con-tel\">https:\/\/www.uchile.cl\/noticias\/90483\/como-mejorar-el-aprendizaje-en-los-escolares-con-tel<\/a><\/li>\n<li>https:\/\/centropedagogicopaideiaavila.wordpress.com\/2018\/03\/20\/caracteristicas-del-alumnado-con-trastorno-especifico-del-lenguaje-tel\/<\/li>\n<li>https:\/\/neuropediatra.org\/2019\/01\/11\/tel-trastorno-especifico-del-lenguaje-tel\/<\/li>\n<li>https:\/\/www.nidcd.nih.gov\/es\/espanol\/el-trastorno-especifico-del-lenguaje<\/li>\n<li><a href=\"https:\/\/www.atelma.es\/qu%C3%A9-es-el-trastorno-espec%C3%ADfico-del-lenguaje\/\">https:\/\/www.atelma.es\/qu%C3%A9-es-el-trastorno-espec%C3%ADfico-del-lenguaje\/<\/a><\/li>\n<li><a href=\"https:\/\/www.fundacioncadah.org\/web\/articulo\/dsm-5-trastorno-especifico-del-aprendizaje.html\">https:\/\/www.fundacioncadah.org\/web\/articulo\/dsm-5-trastorno-especifico-del-aprendizaje.html<\/a><\/li>\n<li><a href=\"https:\/\/www.sciencedirect.com\/science\/article\/abs\/pii\/S0214460312000290\">https:\/\/www.sciencedirect.com\/science\/article\/abs\/pii\/S0214460312000290<\/a><\/li>\n<li><a href=\"http:\/\/www.scielo.br\/scielo.php?pid=S1516-18462013000400016&amp;script=sci_arttext\">http:\/\/www.scielo.br\/scielo.php?pid=S1516-18462013000400016&amp;script=sci_arttext<\/a><\/li>\n<li><a href=\"https:\/\/dialnet.unirioja.es\/servlet\/articulo?codigo=5779676\">https:\/\/dialnet.unirioja.es\/servlet\/articulo?codigo=5779676<\/a><\/li>\n<\/ul>\n<p>[\/vc_column_text][\/vc_column_inner][\/vc_row_inner][\/vc_column][\/vc_row][vc_row][vc_column]<h2 class=\"box-header large align-center page-margin-top-section\">Un proceso simple y eficaz<\/h2>[vc_row_inner top_margin=&#8221;page-margin-top&#8221; el_class=&#8221;flex-box&#8221;][vc_column_inner width=&#8221;1\/3&#8243;]<div class=\"info-box features-phone animated-element animation-fadeIn\"><h3>Contacte<\/h3><p>Contacti amb nosaltres per ampliar la informaci\u00f3 dels nostres serveis i exposar el seu cas.<\/p><\/div><div class=\"arrow-container animated-element animation-slideRight\"><span class=\"arrow template-arrow-horizontal-4-after arrow-light\"><\/span><\/div>[\/vc_column_inner][vc_column_inner width=&#8221;1\/3&#8243;]<div class=\"info-box features-doctor animated-element animation-slideRight duration-800 delay-600\"><h3>Diagn\u00f2stic i Tractament<\/h3><p>El primer pas \u00e9s realitzar un bon diagn\u00f2stic (si no es disposa d&#8217;ell) i a posteriori ja podrem comen\u00e7ar el tractament.<\/p><\/div><div class=\"arrow-container animated-element animation-slideRight duration-800 delay-1050\"><span class=\"arrow template-arrow-horizontal-4-after arrow-dark\"><\/span><\/div>[\/vc_column_inner][vc_column_inner width=&#8221;1\/3&#8243;]<div class=\"info-box features-people\"><h3>Recuperaci\u00f3<\/h3><p>ALTA del servei quan s&#8217;aconsegueixen els objectius proposats inicialment.<\/p><\/div>[\/vc_column_inner][\/vc_row_inner]<h2 class=\"box-header large align-center page-margin-top-section\">\u00c1reas en las que ofrecemos tratamientos<\/h2>[vc_row_inner top_margin=&#8221;page-margin-top-section&#8221;][vc_column_inner width=&#8221;1\/2&#8243;]<ul class=\"clearfix mc-features mc-features-small mc-features-style-default\"><li class=\"item-content clearfix\">\r\n\t\t\t\t<a class=\"hexagon small\" href=\"https:\/\/www.logopediadomicilio.es\/ca\/servicio\/logopedia-infantil\/\" title=\"Logop\u00e8dia infantil\"><span class=\"features-baby-bed\"><\/span><\/a><div class=\"text\"><h3><a href=\"https:\/\/www.logopediadomicilio.es\/ca\/servicio\/logopedia-infantil\/\"  title=\"Logop\u00e8dia infantil\">Logop\u00e8dia infantil<\/a><\/h3><p>Atenci\u00f3 logop\u00e8dica les dificultats en el llenguatge oral i escrit, aix\u00ed com pel que fa a el desenvolupament orofacial.<\/p>\n<\/div>\r\n\t\t\t<\/li><li class=\"item-content clearfix\">\r\n\t\t\t\t<a class=\"hexagon small\" href=\"https:\/\/www.logopediadomicilio.es\/ca\/servicio\/neurologopedia\/\" title=\"Neurologop\u00e8dia\"><span class=\"features-brain\"><\/span><\/a><div class=\"text\"><h3><a href=\"https:\/\/www.logopediadomicilio.es\/ca\/servicio\/neurologopedia\/\"  title=\"Neurologop\u00e8dia\">Neurologop\u00e8dia<\/a><\/h3><p>Tractament logop\u00e8dic de les alteracions del llenguatge i la degluci\u00f3 degudes a ictus, traumatismes cranioencef\u00e0lics i malalties neurodegeneratives.<\/p>\n<\/div>\r\n\t\t\t<\/li><\/ul>[\/vc_column_inner][vc_column_inner width=&#8221;1\/2&#8243;]<ul class=\"clearfix mc-features mc-features-small mc-features-style-default\"><li class=\"item-content clearfix\">\r\n\t\t\t\t<a class=\"hexagon small\" href=\"https:\/\/www.logopediadomicilio.es\/ca\/servicio\/alteracions-de-la-veu\/\" title=\"Alteracions de la veu\"><span class=\"features-people\"><\/span><\/a><div class=\"text\"><h3><a href=\"https:\/\/www.logopediadomicilio.es\/ca\/servicio\/alteracions-de-la-veu\/\"  title=\"Alteracions de la veu\">Alteracions de la veu<\/a><\/h3><p>Atenci\u00f3 logop\u00e8dica en les disfonies funcionals i org\u00e0niques, tant en poblaci\u00f3 infantil com adulta i en malalties neurodegeneratives.<\/p>\n<\/div>\r\n\t\t\t<\/li><li class=\"item-content clearfix\">\r\n\t\t\t\t<a class=\"hexagon small\" href=\"https:\/\/www.logopediadomicilio.es\/ca\/servicio\/terapia-miofuncional\/\" title=\"Ter\u00e0pia miofuncional\"><span class=\"features-list\"><\/span><\/a><div class=\"text\"><h3><a href=\"https:\/\/www.logopediadomicilio.es\/ca\/servicio\/terapia-miofuncional\/\"  title=\"Ter\u00e0pia miofuncional\">Ter\u00e0pia miofuncional<\/a><\/h3><p>La ter\u00e0pia miofuncional tracta les alteracions en el funcionament orofacial, com la degluci\u00f3 at\u00edpica, alteracions de l&#8217;ATM, entre d&#8217;altres.<\/p>\n<\/div>\r\n\t\t\t<\/li><\/ul>[\/vc_column_inner][\/vc_row_inner][vc_separator color=&#8221;peacoc&#8221; el_width=&#8221;40&#8243; css=&#8221;.vc_custom_1582465485534{margin-top: 25px !important;margin-bottom: 25px !important;}&#8221;]<h2 class=\"box-header large align-center no-border page-margin-top-section\">Ll\u00e1menos por tel\u00e9fono:<\/h2>[vc_row_inner][vc_column_inner][vc_column_text css_animation=&#8221;fadeInDown&#8221;]<\/p>\n<h2 style=\"text-align: center;\"><span style=\"color: #3366ff;\"><a style=\"color: #3366ff;\" href=\"tel:931001485\">931001485<\/a><\/span> (Barcelona) \/\u00a0<span style=\"color: #3366ff;\"><a style=\"color: #3366ff;\" href=\"tel:910911285\">910911285<\/a><\/span> (Madrid) \/ <span style=\"color: #3366ff;\"><a style=\"color: #3366ff;\" href=\"tel:960011185\">960011185<\/a><\/span> (Val\u00e8ncia)<\/h2>\n<p>[\/vc_column_text][\/vc_column_inner][\/vc_row_inner][vc_column_text el_class=&#8221;large align-center margin-top-20&#8243;]O, si ho preferiu, envieu-nos un formulari:[\/vc_column_text]\n<div class=\"wpcf7 no-js\" id=\"wpcf7-f31455-o1\" lang=\"ca\" dir=\"ltr\" data-wpcf7-id=\"31455\">\n<div class=\"screen-reader-response\"><p role=\"status\" aria-live=\"polite\" aria-atomic=\"true\"><\/p> <ul><\/ul><\/div>\n<form action=\"\/ca\/wp-json\/wp\/v2\/pages\/31819#wpcf7-f31455-o1\" method=\"post\" class=\"wpcf7-form init\" aria-label=\"Formulari de contacte\" novalidate=\"novalidate\" data-status=\"init\">\n<fieldset class=\"hidden-fields-container\"><input type=\"hidden\" name=\"_wpcf7\" value=\"31455\" \/><input type=\"hidden\" name=\"_wpcf7_version\" value=\"6.1.5\" \/><input type=\"hidden\" name=\"_wpcf7_locale\" value=\"ca\" \/><input type=\"hidden\" name=\"_wpcf7_unit_tag\" value=\"wpcf7-f31455-o1\" \/><input type=\"hidden\" name=\"_wpcf7_container_post\" value=\"0\" \/><input type=\"hidden\" name=\"_wpcf7_posted_data_hash\" value=\"\" \/><input type=\"hidden\" name=\"_wpcf7_recaptcha_response\" value=\"\" \/>\n<\/fieldset>\n<div class=\"form-row\">\n\t<div class=\"column-half\">\n\t\t<p><label> Nom (obligatori)<br \/>\n<span class=\"wpcf7-form-control-wrap\" data-name=\"your-name\"><input size=\"40\" maxlength=\"400\" class=\"wpcf7-form-control wpcf7-text wpcf7-validates-as-required\" aria-required=\"true\" aria-invalid=\"false\" value=\"\" type=\"text\" name=\"your-name\" \/><\/span> <\/label>\n\t\t<\/p>\n\t<\/div>\n\t<div class=\"column-half\">\n\t\t<p><label> Correu electr\u00f2nic (obligatori)<br \/>\n<span class=\"wpcf7-form-control-wrap\" data-name=\"your-email\"><input size=\"40\" maxlength=\"400\" class=\"wpcf7-form-control wpcf7-email wpcf7-validates-as-required wpcf7-text wpcf7-validates-as-email\" aria-required=\"true\" aria-invalid=\"false\" value=\"\" type=\"email\" name=\"your-email\" \/><\/span> <\/label>\n\t\t<\/p>\n\t<\/div>\n<\/div>\n<div class=\"column-half\">\n\t<p><label> Tel\u00e8fon<br \/>\n<span class=\"wpcf7-form-control-wrap\" data-name=\"tel-165\"><input size=\"40\" maxlength=\"400\" class=\"wpcf7-form-control wpcf7-tel wpcf7-text wpcf7-validates-as-tel\" aria-invalid=\"false\" value=\"\" type=\"tel\" name=\"tel-165\" \/><\/span> <\/label>\n\t<\/p>\n<\/div>\n<div class=\"column-half\">\n\t<p><label> Localitat (obligatorio)<br \/>\n<span class=\"wpcf7-form-control-wrap\" data-name=\"localidad\"><input size=\"40\" maxlength=\"400\" class=\"wpcf7-form-control wpcf7-text wpcf7-validates-as-required\" aria-required=\"true\" aria-invalid=\"false\" value=\"\" type=\"text\" name=\"localidad\" \/><\/span> <\/label>\n\t<\/p>\n<\/div>\n<p><label> Missatge<br \/>\n<span class=\"wpcf7-form-control-wrap\" data-name=\"your-message\"><textarea cols=\"40\" rows=\"10\" maxlength=\"2000\" class=\"wpcf7-form-control wpcf7-textarea\" aria-invalid=\"false\" name=\"your-message\"><\/textarea><\/span> <\/label>\n<\/p>\n<p><input class=\"wpcf7-form-control wpcf7-submit has-spinner\" type=\"submit\" value=\"Enviar formulari\" \/>\n<\/p><div class=\"wpcf7-response-output\" aria-hidden=\"true\"><\/div>\n<\/form>\n<\/div>\n[\/vc_column][\/vc_row]<\/p>\n<\/div>","protected":false},"excerpt":{"rendered":"<p>[vc_row][vc_column][vc_row_inner][vc_column_inner width=&#8221;1\/2&#8243;][vc_single_image image=&#8221;31369&#8243; img_size=&#8221;medium-thumb&#8221; onclick=&#8221;link_image&#8221;][\/vc_column_inner][vc_column_inner width=&#8221;1\/2&#8243;][vc_single_image image=&#8221;30409&#8243; img_size=&#8221;medium-thumb&#8221; onclick=&#8221;link_image&#8221;][\/vc_column_inner][\/vc_row_inner][vc_column_text el_class=&#8221;large margin-top-20&#8243;] QU\u00c8 \u00c9S EL TRASTORN ESPEC\u00cdFIC DEL LLENGUATGE? El trastorn espec\u00edfic del llenguatge (TEL), \u00e9s una alteraci\u00f3 del llenguatge que es produeix en nens que no tenen cap alteraci\u00f3 en els \u00f2rgans que produeixen la parla i la capacitat intel\u00b7lectual, auditiva i psicol\u00f2gica \u00e9s normal<\/p>\n","protected":false},"author":1,"featured_media":0,"parent":0,"menu_order":0,"comment_status":"closed","ping_status":"closed","template":"","meta":{"footnotes":""},"class_list":["post-31819","page","type-page","status-publish","hentry"],"_links":{"self":[{"href":"https:\/\/www.logopediadomicilio.es\/ca\/wp-json\/wp\/v2\/pages\/31819","targetHints":{"allow":["GET"]}}],"collection":[{"href":"https:\/\/www.logopediadomicilio.es\/ca\/wp-json\/wp\/v2\/pages"}],"about":[{"href":"https:\/\/www.logopediadomicilio.es\/ca\/wp-json\/wp\/v2\/types\/page"}],"author":[{"embeddable":true,"href":"https:\/\/www.logopediadomicilio.es\/ca\/wp-json\/wp\/v2\/users\/1"}],"replies":[{"embeddable":true,"href":"https:\/\/www.logopediadomicilio.es\/ca\/wp-json\/wp\/v2\/comments?post=31819"}],"version-history":[{"count":3,"href":"https:\/\/www.logopediadomicilio.es\/ca\/wp-json\/wp\/v2\/pages\/31819\/revisions"}],"predecessor-version":[{"id":31822,"href":"https:\/\/www.logopediadomicilio.es\/ca\/wp-json\/wp\/v2\/pages\/31819\/revisions\/31822"}],"wp:attachment":[{"href":"https:\/\/www.logopediadomicilio.es\/ca\/wp-json\/wp\/v2\/media?parent=31819"}],"curies":[{"name":"wp","href":"https:\/\/api.w.org\/{rel}","templated":true}]}}