{"id":31843,"date":"2021-01-18T10:51:00","date_gmt":"2021-01-18T10:51:00","guid":{"rendered":"https:\/\/www.logopediadomicilio.es\/disfonia-infantil-intervencio-logopedica\/"},"modified":"2021-10-25T14:47:11","modified_gmt":"2021-10-25T14:47:11","slug":"disfonia-infantil-intervencio-logopedica","status":"publish","type":"page","link":"https:\/\/www.logopediadomicilio.es\/ca\/disfonia-infantil-intervencio-logopedica\/","title":{"rendered":"Disfonia infantil: Intervenci\u00f3 logop\u00e8dica"},"content":{"rendered":"<div class=\"wpb-content-wrapper\"><p>[vc_row][vc_column][vc_row_inner][vc_column_inner width=&#8221;1\/2&#8243;][vc_single_image image=&#8221;31369&#8243; img_size=&#8221;medium-thumb&#8221; onclick=&#8221;link_image&#8221;][\/vc_column_inner][vc_column_inner width=&#8221;1\/2&#8243;][vc_single_image image=&#8221;30409&#8243; img_size=&#8221;medium-thumb&#8221; onclick=&#8221;link_image&#8221;][\/vc_column_inner][\/vc_row_inner]<h2 class=\"box-header large margin-top-30\">Disfon\u00eda infantil: intervenci\u00f3n logop\u00e9dica<\/h2>[vc_column_text el_class=&#8221;large margin-top-20&#8243;]<\/p>\n<h2>Definici\u00f3 de disfonia infantil i les seves caracter\u00edstiques.<\/h2>\n<p>Parlem de disfonia infantil quan algun dels par\u00e0metres vocals: intensitat (volum o pot\u00e8ncia), freq\u00fc\u00e8ncia (to), timbre (ressonadors) o melodia (ritme sonor), est\u00e0 comprom\u00e8s afectant la qualitat de la veu i de la comunicaci\u00f3 del pacient. Les disfonies infantils s\u00f3n una patologia emergent en la infantesa. Cada vegada s\u00f3n m\u00e9s freq\u00fcents en edat escolar, afectant quasi a la meitat dels nens des dels 5-6 anys fins a la pubertat.<\/p>\n<p>Hem de diferenciar les alteracions de la veu produ\u00efdes pels canvis anat\u00f2mics durant la maduraci\u00f3 de l&#8217;individu (la laringe canvia de posici\u00f3, augmenta la seva grand\u00e0ria i forma, i comen\u00e7a un proc\u00e9s de maduraci\u00f3 estructural dels teixits) que provocaran que la veu experimenti nombroses variacions des del naixement fins a l&#8217;edat adulta (principalment en la inf\u00e0ncia i en l&#8217;adolesc\u00e8ncia); de les disfonies provocades per un mal \u00fas o ab\u00fas vocal (disfonies funcionals) que requeriran la intervenci\u00f3 per part del logopeda i que si no s&#8217;aborden de forma primerenca acabaran produint lesions en l&#8217;aparell fonador (disfonies org\u00e0niques, tamb\u00e9 d&#8217;origen cong\u00e8nit) que n&#8217;empitjoraran el pron\u00f2stic.<\/p>\n<p>Alguns factors desencadenants s\u00f3n: nens hiperactius, context familiar hiperactiu amb pares ansiosos, comunicaci\u00f3 per mitj\u00e0 de crits, pares amb disfonia (imitaci\u00f3 de patrons), tend\u00e8ncia de l&#8217;infant a presentar quadres ORL (otitis, faringitis, etc.,), cirurgies pr\u00e8vies ( adenoides, am\u00edgdales, n\u00f2duls, etc.), defici\u00e8ncies auditives, etc.<\/p>\n<p>Les <strong>caracter\u00edstiques vocals m\u00e9s comuns<\/strong> en els nens s\u00f3n: <strong>veu ronca<\/strong>, <strong>aspra<\/strong>, airejada, cops gl\u00f3ticos, respiraci\u00f3 audible i inspiraci\u00f3 bucal, fatiga vocal, <strong>incoordinaci\u00f3 fono-respira-articulat\u00f2ria<\/strong>, fonaci\u00f3 invertida o inspirada, consum d&#8217;aire residual, <strong>ritmes de parla incontrolats i r\u00e0pids<\/strong> i una extensi\u00f3 tonal escur\u00e7ada (4 o 5 tons) i agreujada. Tamb\u00e9 hi ha diferents sensacions corporals desagradables en el gest vocal: rigidesa del coll, venes ingurgitades, vicis posturals i dents pressionades, fatiga, dolor, sensaci\u00f3 de cos estrany i co\u00efssor, que serveixen de senyal d&#8217;alarma per als pares, que poden tenir dificultats per distingir si la veu del seu fill \u00e9s normal ja que s&#8217;habituen a certes caracter\u00edstiques de la veu dels seus fills i no aconsegueixen considerar-la alterada.<\/p>\n<p><strong>Els nens no solen tenir consci\u00e8ncia de la seva veu<\/strong>, de com fer-la servir ni de la necessitat de cuidar-la. \u00c9s el seu mitj\u00e0 de comunicaci\u00f3 i de joc, i la pres\u00e8ncia de contextos excessivament sorollosos hi juguen un paper fonamental. Per aix\u00f2 la participaci\u00f3 i conscienciaci\u00f3 de l&#8217;entorn sociofamiliar \u00e9s fonamental com a mitj\u00e0 preventiu i \/ o rehabilitador.<\/p>\n<p>Aquesta manca de conscienciaci\u00f3, tant de l&#8217;infant com de l&#8217;entorn, fa necess\u00e0ria una intervenci\u00f3 logop\u00e8dica preventiva en disfonia el m\u00e9s aviat possible amb mesures d&#8217;higiene vocal, i pautes per als pares per tal d&#8217;evitar la cronificaci\u00f3 del proc\u00e9s i l&#8217;aparici\u00f3 de lesions org\u00e0niques.<\/p>\n<h2>Avaluaci\u00f3 i Intervenci\u00f3 logop\u00e8dica en disfonia infantil<\/h2>\n<p>El diagn\u00f2stic i tractament de les alteracions de la veu \u00e9s multidisciplinari. Es necessita un diagn\u00f2stic etiopatog\u00e8nic realitzat per un equip de otorinolaring\u00f2legs, logopedes i psic\u00f2legs per con\u00e8ixer les caracter\u00edstiques personals del pacient i el tipus de disfonia, i aix\u00ed establir el millor tractament adaptat a les necessitats personals de casa individu.<\/p>\n<p>La valoraci\u00f3 de la disfonia infantil ha d&#8217;incloure la hist\u00f2ria cl\u00ednica completa, l&#8217;exploraci\u00f3 visual de la laringe per part de l&#8217;otorinolaring\u00f2leg, l&#8217;avaluaci\u00f3 perceptiva de la veu per determinar la severitat del trastorn, una an\u00e0lisi dels par\u00e0metres aerodin\u00e0mics i ac\u00fastics per part del logopeda i la valoraci\u00f3 dels factors psico-emocionals per part del psic\u00f2leg.<\/p>\n<p>La valoraci\u00f3 logop\u00e8dica es realitzar\u00e0 durant l&#8217;emissi\u00f3 espont\u00e0nia o indu\u00efda de la veu, i ha d&#8217;incloure una avaluaci\u00f3 vocal objectiva (an\u00e0lisi ac\u00fastica), una valoraci\u00f3 funcional dels par\u00e0metres vocals i una valoraci\u00f3 dels sistemes postural, estomatogn\u00e0tic, respiratori; ja que una emissi\u00f3 vocal &#8220;sana&#8221; implica tot el cos, des dels peus fins al cap, i que la seva relaci\u00f3 sigui correcta i equilibrada.<\/p>\n<p>Un cop realitzada la valoraci\u00f3 i fixats els objectius de tractament la intervenci\u00f3 logop\u00e8dica de la disfonia infantil se centrar\u00e0 en aconseguir aquest equilibri entre les diferents estructures participants perqu\u00e8 l&#8217;emissi\u00f3 vocal sigui la m\u00e9s adequada amb el menor esfor\u00e7 possible. Per a aix\u00f2 ser\u00e0 necessari treballar, sempre de forma l\u00fadica i tenint en compte els interessos i la motivaci\u00f3 de l&#8217;infant:<\/p>\n<ol>\n<li><span style=\"text-decoration: underline;\">Control postural<\/span>. La correcta alineaci\u00f3 des del cap fins als peus afavoreix l&#8217;equilibri entre totes les estructures que intervenen en la fonaci\u00f3 i evita tensions inadequades.<\/li>\n<li><span style=\"text-decoration: underline;\">Respiraci\u00f3 i coordinaci\u00f3 fono respirat\u00f2ria<\/span>. La respiraci\u00f3 \u00e9s priorit\u00e0ria per disposar i regular l&#8217;energia necess\u00e0ria per emetre la veu de forma correcta i sense for\u00e7ar-la. \u00c9s important que els nens coneguin de forma senzilla quin \u00e9s el proc\u00e9s de la respiraci\u00f3, quins \u00f2rgans hi estan implicats i quines s\u00f3n les fases del cicle respiratori. Posteriorment es realitzaran exercicis d&#8217;entrenament en respiraci\u00f3 costo-diafragm\u00e0tica-abdominal i exercicis de preparaci\u00f3 al buf fonatori.<\/li>\n<li><span style=\"text-decoration: underline;\">Relaxaci\u00f3<\/span>. Per a l&#8217;emissi\u00f3 de la veu s&#8217;utilitzen diferents m\u00fasculs que han de treballar de forma coordinada i equilibrada, constituint un conjunt funcional en el qual les tensions musculars influiran tant en la respiraci\u00f3 com en l&#8217;emissi\u00f3 de la veu. La relaxaci\u00f3, tant completa com segment\u00e0ria, permet assolir el grau de tonicitat muscular adequat.<\/li>\n<li><span style=\"text-decoration: underline;\">Articulaci\u00f3<\/span>. L&#8217;articulaci\u00f3 \u00e9s la base d&#8217;una bona resson\u00e0ncia, al moure i col\u00b7locar adequadament els \u00f2rgans implicats, i possibilitar una correcta emissi\u00f3 de la veu.<\/li>\n<li><span style=\"text-decoration: underline;\">Ter\u00e0pia vocal.<\/span> La reeducaci\u00f3 de la veu \u00e9s el tractament indicat en els casos de disfonies infantils i puberals, encaminada a modificar i eliminar els usos vocals inadequats o abusius, aix\u00ed com la remissi\u00f3 de les lesions nodulars. Es treballaran de forma l\u00fadica, amb diferents t\u00e8cniques i exercicis, els diferents par\u00e0metres ac\u00fastics de la veu: la intensitat, el to, el timbre i la durada.<\/li>\n<li><span style=\"text-decoration: underline;\">Mesures d&#8217;higiene vocal<\/span>. Prevenen problemes de veu i col\u00b7labora en el manteniment de la mateixa.<\/li>\n<\/ol>\n<h2>Factors de risc i mesures d&#8217;higiene vocal en la disfonia infantil<\/h2>\n<p>Per prevenir la disfonia infantil \u00e9s \u00fatil con\u00e8ixer quins s\u00f3n els factors de risc que la poden perjudicar i les mesures d&#8217;higiene vocal.<\/p>\n<p>Factors de risc bio-f\u00edsics:<\/p>\n<ul>\n<li>Higiene nasal i vocal.<\/li>\n<li>Ambients amb tabac.<\/li>\n<li>Al\u00b7l\u00e8rgies respirat\u00f2ries.<\/li>\n<li>Canvis hormonals.<\/li>\n<li>Cridar, for\u00e7ar la veu, posar &#8220;veuetes&#8221;.<\/li>\n<li>Parlar agafant pes o fent algun esfor\u00e7.<\/li>\n<li>Respirar per la boca.<\/li>\n<li>Estossec, riure, atac vocal.<\/li>\n<li>Alimentaci\u00f3.<\/li>\n<li>Postura f\u00edsica.<\/li>\n<\/ul>\n<p>Factors de risc socials-contextuals:<\/p>\n<ul>\n<li>Aniversari, parcs, esbarjo, etc.<\/li>\n<li>Clima, climatitzaci\u00f3 artificial, canvis bruscos de temperatura, ambients poc ventilats, sequedat ambiental.<\/li>\n<li>Soroll ambiental, fam\u00edlia, amics i estil comunicatius.<\/li>\n<\/ul>\n<p>Factors de risc psicol\u00f2gics:<\/p>\n<ul>\n<li>Relaxaci\u00f3 Benestar \/ malestar personal.<\/li>\n<li>Cansament f\u00edsic i mental.<\/li>\n<li>Falta de son.<\/li>\n<li>Descontrol emocional.<\/li>\n<li>Vida agitada, estr\u00e8s.<\/li>\n<li>Respiraci\u00f3 Tranquil\u00b7litat \/ agitaci\u00f3.<\/li>\n<\/ul>\n<p>Mesures d&#8217;higiene vocal:<\/p>\n<ul>\n<li>No s&#8217;ha de cridar o aclamar.\u00a0 S&#8217;ha d&#8217;evitar els ambients sorollosos que t&#8217;obliguen a augmentar la intensitat de les emissions vocals; o parlar amb persones que estiguin lluny de nosaltres.<\/li>\n<li>No s&#8217;ha de cantar i tampoc posar &#8220;veus rares&#8221; (ex.: xiscles, grunyits, sorolls d&#8217;animals, etc.).<\/li>\n<li>Cal fer tot el possible perqu\u00e8 desapareguin els factors que poden irritar les cordes vocals (ex.: fum, pol\u00b7luci\u00f3, pols, etc.).<\/li>\n<li>No parlar quan estiguis realitzant algun esfor\u00e7 f\u00edsic (gimn\u00e0stica, ballant, corrent &#8230;) o mentre est\u00e0s portant o empenyent un objecte pesat.<\/li>\n<li>No aclarir la gola (gargamellejar) ja que perjudica la laringe.<\/li>\n<li>Deixar descansar les cordes vocals. Intenta no parlar excessivament, sobretot en condicions d&#8217;al\u00b7l\u00e8rgies, infeccions respirat\u00f2ries o si notes la laringe molt seca.<\/li>\n<li>Evitar la veu bufada o xiuxiuejada per comunicar-se.<\/li>\n<li>No respirar per la boca. L&#8217;aire entra sec, fred i brut. Intenta mantenir sempre una inspiraci\u00f3 nasal. Realitza rentats nasals freq\u00fcents.<\/li>\n<li>No parlar sense agafar aire abans, i no ho esgotar-se mentre es parla. Parlar a poc a poc, r\u00edtmicament i amb pauses; amb tranquil\u00b7litat.<\/li>\n<li>Eliminar les begudes fredes i calentes. Beure molta aigua (2 litres) fora dels \u00e0pats.<\/li>\n<li>Evitar els canvis bruscos de temperatura.<\/li>\n<li>Reduir al m\u00e0xim les situacions d&#8217;esgotament nervi\u00f3s, la manca de son, el descontrol emotiu, la vida agitada&#8230;<\/li>\n<li>Ha d&#8217;estar i dormir en ambients lleugerament ventilats. Les calefaccions excessives i l&#8217;\u00fas d&#8217;aire condicionat afecten la laringe ja que en ressequen les mucoses. Incrementa la humitat en l&#8217;entorn familiar (pots utilitzar un humidificador).<\/li>\n<li>Evita el consum de productes mentolats. Tamb\u00e9 els aliments i begudes que et provoquin al\u00b7l\u00e8rgia o reflux.<\/li>\n<li>Disminuir l&#8217;\u00fas del tel\u00e8fon, el m\u00f2bil i els videojocs.<\/li>\n<\/ul>\n<p>Com humidificar les mucoses de les cordes vocals?<\/p>\n<ul>\n<li>Rentats nasals di\u00e0riament per retirar mucositats que puguin impedir una respiraci\u00f3 nasal adequada.<\/li>\n<li>Fer &#8220;g\u00e0rgares&#8221;: amb mel i unes gotes de llimona rebaixat amb aigua, a una temperatura no excessivament calenta.<\/li>\n<li>Bafs amb farigola (antis\u00e8ptic respiratori), tamb\u00e9 es pot utilitzar camamilla amarga (antiinflamatori) els dies amb major grau de disfonia: 1 litre d&#8217;aigua amb 2 culleradetes de farigola i 2 de camamilla amarga. Realitzar bafs durant 15 minuts 2 cops al dia. Conservar a la nevera 3-4 dies.<\/li>\n<li>Beure 2 litres d&#8217;aigua durant el dia.<\/li>\n<li>\u00das de gases humides al nas per respirar humitat quan es nota molta sequedat a la gola.<\/li>\n<\/ul>\n<p>[\/vc_column_text][\/vc_column][\/vc_row][vc_row css=&#8221;.vc_custom_1591887338930{background-color: rgba(232,241,255,0.59) !important;*background-color: rgb(232,241,255) !important;}&#8221;][vc_column css=&#8221;.vc_custom_1579881017377{border-radius: 5px !important;}&#8221;][vc_row_inner][vc_column_inner width=&#8221;1\/4&#8243;][vc_single_image image=&#8221;30598&#8243; alignment=&#8221;center&#8221; style=&#8221;vc_box_outline_circle_2&#8243; css=&#8221;.vc_custom_1595192634943{margin-top: 15px !important;margin-bottom: 15px !important;}&#8221;][vc_column_text]<\/p>\n<p style=\"text-align: center;\">Sandra Feli\u00fa<\/p>\n<p>[\/vc_column_text][vc_single_image image=&#8221;31347&#8243; alignment=&#8221;center&#8221; style=&#8221;vc_box_outline_circle_2&#8243; css=&#8221;.vc_custom_1591959219523{margin-top: 15px !important;margin-bottom: 15px !important;}&#8221;][vc_column_text]<\/p>\n<p style=\"text-align: center;\">Marc Giner<\/p>\n<p>[\/vc_column_text][\/vc_column_inner][vc_column_inner width=&#8221;3\/4&#8243;][vc_column_text css_animation=&#8221;fadeInUp&#8221; css=&#8221;.vc_custom_1610967819370{margin-top: 25px !important;margin-bottom: 25px !important;padding-top: 30px !important;padding-right: 30px !important;padding-bottom: 30px !important;padding-left: 30px !important;background-color: rgba(232,241,255,0.59) !important;*background-color: rgb(232,241,255) !important;border-radius: 5px !important;}&#8221;]<strong>Autora del presente article:<\/strong><\/p>\n<p>Sandra Feli\u00fa. Logopeda. Col\u00b7legiada n\u00famero 28\/1324 al Colegio de Logopedas de Madrid. <a href=\"https:\/\/www.linkedin.com\/in\/sandra-feli%C3%BA-vacas-73a02b176\/\">Lindekin<\/a><\/p>\n<p><strong>Edici\u00f3: <\/strong><\/p>\n<p>Marc Giner Llenas, psicopedagog, n\u00famero de col\u00b7legiat 387 al Col\u00b7legi de Pedagogs de Catalunya (COPEC). Director de Logop\u00e8dia a Domicili. <a href=\"https:\/\/www.linkedin.com\/in\/marc-giner-llenas-28b43836\/\">LINKEDIN<\/a>.<\/p>\n<p><strong>Bibliografia.<\/strong><\/p>\n<ul>\n<li style=\"list-style-type: none;\">\n<ul>\n<li>Far\u00edas, P. Ejercicios que restauran la funci\u00f3n vocal. Observaciones cl\u00ednicas. Editorial Akadia. Buenos Aires, Argentina. Primera edici\u00f3n 2007 [2011].<\/li>\n<li>Fiuza, M\u00aa J. Una realidad olvidada: la salud vocal en educaci\u00f3n infantil y primaria. Revista galego-portuguesa de psicolox\u00eda e educaci\u00f3n. Vol. 19, (n\u00ba. 1), Ano 16\u00ba-2011 ISSN: 1138-1663.<\/li>\n<li>Gutkin, D et al. Gu\u00edas de pr\u00e1ctica cl\u00ednica para el diagn\u00f3stico de la disfon\u00eda. revista faso a\u00f1o 23 &#8211; n\u00ba 3 \u2013 2016.<\/li>\n<li>Iglesias, M\u00aa J, Logoexploraci\u00f3n de la voz en el ni\u00f1o. Facultad de Ciencias de Educaci\u00f3n. Universidad de La Coru\u00f1a. III Congreso Galego-portugu\u00e9s de Psicopedagox\u00eda. La Coru\u00f1a 1997.<\/li>\n<li>Pe\u00f1a-Casanova, J. (2014). Manual de logopedia. Espa\u00f1a: Masson.<\/li>\n<\/ul>\n<\/li>\n<\/ul>\n<p><strong>Webgrafia.<\/strong><\/p>\n<ul>\n<li><a href=\"https:\/\/logopediayformacion.blogspot.com\/2013\/01\/las-disfonias-infantiles-etiologia.html\">https:\/\/logopediayformacion.blogspot.com\/2013\/01\/las-disfonias-infantiles-etiologia.html<\/a><\/li>\n<li>https:\/\/www.bebesymas.com\/salud-infantil\/trastornos-de-la-voz-disfonia-infantil<\/li>\n<\/ul>\n<p>[\/vc_column_text][\/vc_column_inner][\/vc_row_inner][\/vc_column][\/vc_row][vc_row][vc_column]<h2 class=\"box-header large align-center page-margin-top-section\">Un proceso simple y eficaz<\/h2>[vc_row_inner top_margin=&#8221;page-margin-top&#8221; el_class=&#8221;flex-box&#8221;][vc_column_inner width=&#8221;1\/3&#8243;]<div class=\"info-box features-phone animated-element animation-fadeIn\"><h3>Contacte<\/h3><p>Contacti amb nosaltres per ampliar la informaci\u00f3 dels nostres serveis i exposar el seu cas.<\/p><\/div><div class=\"arrow-container animated-element animation-slideRight\"><span class=\"arrow template-arrow-horizontal-4-after arrow-light\"><\/span><\/div>[\/vc_column_inner][vc_column_inner width=&#8221;1\/3&#8243;]<div class=\"info-box features-&#8221;doctor&#8221; animated-element animation-&#8221;slideRight&#8221;\"><h3>&#8221;Diagn\u00f2stic<\/h3><p>[vc_column_inner width=&#8221;1\/3&#8243;]<div class=\"info-box features-people\"><h3>Recuperaci\u00f3<\/h3><\/div>ALTA del servei quan s&#8217;aconsegueixen els objectius proposats inicialment.<\/p><\/div><div class=\"arrow-container animated-element animation-&#8221;slideRight&#8221;[\/vc_column_inner\"><span class=\"arrow template-arrow-horizontal-4-after arrow-&#8221;dark&#8221;\"><\/span><\/div>[\/vc_column_inner][\/vc_row_inner]<h2 class=\"box-header large align-center page-margin-top-section\">\u00c1reas en las que ofrecemos tratamientos<\/h2>[vc_row_inner top_margin=&#8221;page-margin-top-section&#8221;][vc_column_inner width=&#8221;1\/2&#8243;]<ul class=\"clearfix mc-features mc-features-small mc-features-style-default\"><li class=\"item-content clearfix\">\r\n\t\t\t\t<a class=\"hexagon small\" href=\"https:\/\/www.logopediadomicilio.es\/ca\/servicio\/logopedia-infantil\/\" title=\"Logop\u00e8dia infantil\"><span class=\"features-baby-bed\"><\/span><\/a><div class=\"text\"><h3><a href=\"https:\/\/www.logopediadomicilio.es\/ca\/servicio\/logopedia-infantil\/\"  title=\"Logop\u00e8dia infantil\">Logop\u00e8dia infantil<\/a><\/h3><p>Atenci\u00f3 logop\u00e8dica les dificultats en el llenguatge oral i escrit, aix\u00ed com pel que fa a el desenvolupament orofacial.<\/p>\n<\/div>\r\n\t\t\t<\/li><li class=\"item-content clearfix\">\r\n\t\t\t\t<a class=\"hexagon small\" href=\"https:\/\/www.logopediadomicilio.es\/ca\/servicio\/neurologopedia\/\" title=\"Neurologop\u00e8dia\"><span class=\"features-brain\"><\/span><\/a><div class=\"text\"><h3><a href=\"https:\/\/www.logopediadomicilio.es\/ca\/servicio\/neurologopedia\/\"  title=\"Neurologop\u00e8dia\">Neurologop\u00e8dia<\/a><\/h3><p>Tractament logop\u00e8dic de les alteracions del llenguatge i la degluci\u00f3 degudes a ictus, traumatismes cranioencef\u00e0lics i malalties neurodegeneratives.<\/p>\n<\/div>\r\n\t\t\t<\/li><\/ul>[\/vc_column_inner][vc_column_inner width=&#8221;1\/2&#8243;]<ul class=\"clearfix mc-features mc-features-small mc-features-style-default\"><li class=\"item-content clearfix\">\r\n\t\t\t\t<a class=\"hexagon small\" href=\"https:\/\/www.logopediadomicilio.es\/ca\/servicio\/alteracions-de-la-veu\/\" title=\"Alteracions de la veu\"><span class=\"features-people\"><\/span><\/a><div class=\"text\"><h3><a href=\"https:\/\/www.logopediadomicilio.es\/ca\/servicio\/alteracions-de-la-veu\/\"  title=\"Alteracions de la veu\">Alteracions de la veu<\/a><\/h3><p>Atenci\u00f3 logop\u00e8dica en les disfonies funcionals i org\u00e0niques, tant en poblaci\u00f3 infantil com adulta i en malalties neurodegeneratives.<\/p>\n<\/div>\r\n\t\t\t<\/li><li class=\"item-content clearfix\">\r\n\t\t\t\t<a class=\"hexagon small\" href=\"https:\/\/www.logopediadomicilio.es\/ca\/servicio\/terapia-miofuncional\/\" title=\"Ter\u00e0pia miofuncional\"><span class=\"features-list\"><\/span><\/a><div class=\"text\"><h3><a href=\"https:\/\/www.logopediadomicilio.es\/ca\/servicio\/terapia-miofuncional\/\"  title=\"Ter\u00e0pia miofuncional\">Ter\u00e0pia miofuncional<\/a><\/h3><p>La ter\u00e0pia miofuncional tracta les alteracions en el funcionament orofacial, com la degluci\u00f3 at\u00edpica, alteracions de l&#8217;ATM, entre d&#8217;altres.<\/p>\n<\/div>\r\n\t\t\t<\/li><\/ul>[\/vc_column_inner][\/vc_row_inner][vc_separator color=&#8221;peacoc&#8221; el_width=&#8221;40&#8243; css=&#8221;.vc_custom_1582465485534{margin-top: 25px !important;margin-bottom: 25px !important;}&#8221;]<h2 class=\"box-header large align-center no-border page-margin-top-section\">Ll\u00e1menos por tel\u00e9fono:<\/h2>[vc_row_inner][vc_column_inner][vc_column_text css_animation=&#8221;fadeInDown&#8221;]<\/p>\n<h2 style=\"text-align: center;\"><span style=\"color: #3366ff;\"><a style=\"color: #3366ff;\" href=\"tel:931001485\">931001485<\/a><\/span> (Barcelona) \/\u00a0<span style=\"color: #3366ff;\"><a style=\"color: #3366ff;\" href=\"tel:910911285\">910911285<\/a><\/span> (Madrid) \/ <span style=\"color: #3366ff;\"><a style=\"color: #3366ff;\" href=\"tel:960011185\">960011185<\/a><\/span> (Val\u00e8ncia)<\/h2>\n<p>[\/vc_column_text][\/vc_column_inner][\/vc_row_inner][vc_column_text el_class=&#8221;large align-center margin-top-20&#8243;]O, si ho preferiu, envieu-nos un formulari:[\/vc_column_text]\n<div class=\"wpcf7 no-js\" id=\"wpcf7-f31455-o1\" lang=\"ca\" dir=\"ltr\" data-wpcf7-id=\"31455\">\n<div class=\"screen-reader-response\"><p role=\"status\" aria-live=\"polite\" aria-atomic=\"true\"><\/p> <ul><\/ul><\/div>\n<form action=\"\/ca\/wp-json\/wp\/v2\/pages\/31843#wpcf7-f31455-o1\" method=\"post\" class=\"wpcf7-form init\" aria-label=\"Formulari de contacte\" novalidate=\"novalidate\" data-status=\"init\">\n<fieldset class=\"hidden-fields-container\"><input type=\"hidden\" name=\"_wpcf7\" value=\"31455\" \/><input type=\"hidden\" name=\"_wpcf7_version\" value=\"6.1.5\" \/><input type=\"hidden\" name=\"_wpcf7_locale\" value=\"ca\" \/><input type=\"hidden\" name=\"_wpcf7_unit_tag\" value=\"wpcf7-f31455-o1\" \/><input type=\"hidden\" name=\"_wpcf7_container_post\" value=\"0\" \/><input type=\"hidden\" name=\"_wpcf7_posted_data_hash\" value=\"\" \/><input type=\"hidden\" name=\"_wpcf7_recaptcha_response\" value=\"\" \/>\n<\/fieldset>\n<div class=\"form-row\">\n\t<div class=\"column-half\">\n\t\t<p><label> Nom (obligatori)<br \/>\n<span class=\"wpcf7-form-control-wrap\" data-name=\"your-name\"><input size=\"40\" maxlength=\"400\" class=\"wpcf7-form-control wpcf7-text wpcf7-validates-as-required\" aria-required=\"true\" aria-invalid=\"false\" value=\"\" type=\"text\" name=\"your-name\" \/><\/span> <\/label>\n\t\t<\/p>\n\t<\/div>\n\t<div class=\"column-half\">\n\t\t<p><label> Correu electr\u00f2nic (obligatori)<br \/>\n<span class=\"wpcf7-form-control-wrap\" data-name=\"your-email\"><input size=\"40\" maxlength=\"400\" class=\"wpcf7-form-control wpcf7-email wpcf7-validates-as-required wpcf7-text wpcf7-validates-as-email\" aria-required=\"true\" aria-invalid=\"false\" value=\"\" type=\"email\" name=\"your-email\" \/><\/span> <\/label>\n\t\t<\/p>\n\t<\/div>\n<\/div>\n<div class=\"column-half\">\n\t<p><label> Tel\u00e8fon<br \/>\n<span class=\"wpcf7-form-control-wrap\" data-name=\"tel-165\"><input size=\"40\" maxlength=\"400\" class=\"wpcf7-form-control wpcf7-tel wpcf7-text wpcf7-validates-as-tel\" aria-invalid=\"false\" value=\"\" type=\"tel\" name=\"tel-165\" \/><\/span> <\/label>\n\t<\/p>\n<\/div>\n<div class=\"column-half\">\n\t<p><label> Localitat (obligatorio)<br \/>\n<span class=\"wpcf7-form-control-wrap\" data-name=\"localidad\"><input size=\"40\" maxlength=\"400\" class=\"wpcf7-form-control wpcf7-text wpcf7-validates-as-required\" aria-required=\"true\" aria-invalid=\"false\" value=\"\" type=\"text\" name=\"localidad\" \/><\/span> <\/label>\n\t<\/p>\n<\/div>\n<p><label> Missatge<br \/>\n<span class=\"wpcf7-form-control-wrap\" data-name=\"your-message\"><textarea cols=\"40\" rows=\"10\" maxlength=\"2000\" class=\"wpcf7-form-control wpcf7-textarea\" aria-invalid=\"false\" name=\"your-message\"><\/textarea><\/span> <\/label>\n<\/p>\n<p><input class=\"wpcf7-form-control wpcf7-submit has-spinner\" type=\"submit\" value=\"Enviar formulari\" \/>\n<\/p><div class=\"wpcf7-response-output\" aria-hidden=\"true\"><\/div>\n<\/form>\n<\/div>\n[\/vc_column][\/vc_row]<\/p>\n<\/div>","protected":false},"excerpt":{"rendered":"<p>[vc_row][vc_column][vc_row_inner][vc_column_inner width=&#8221;1\/2&#8243;][vc_single_image image=&#8221;31369&#8243; img_size=&#8221;medium-thumb&#8221; onclick=&#8221;link_image&#8221;][\/vc_column_inner][vc_column_inner width=&#8221;1\/2&#8243;][vc_single_image image=&#8221;30409&#8243; img_size=&#8221;medium-thumb&#8221; onclick=&#8221;link_image&#8221;][\/vc_column_inner][\/vc_row_inner][vc_column_text el_class=&#8221;large margin-top-20&#8243;] Definici\u00f3 de disfonia infantil i les seves caracter\u00edstiques. Parlem de disfonia infantil quan algun dels par\u00e0metres vocals: intensitat (volum o pot\u00e8ncia), freq\u00fc\u00e8ncia (to), timbre (ressonadors) o melodia (ritme sonor), est\u00e0 comprom\u00e8s afectant la qualitat de la veu i de la comunicaci\u00f3 del pacient. Les<\/p>\n","protected":false},"author":3,"featured_media":31552,"parent":0,"menu_order":0,"comment_status":"closed","ping_status":"closed","template":"","meta":{"footnotes":""},"class_list":["post-31843","page","type-page","status-publish","has-post-thumbnail","hentry"],"_links":{"self":[{"href":"https:\/\/www.logopediadomicilio.es\/ca\/wp-json\/wp\/v2\/pages\/31843","targetHints":{"allow":["GET"]}}],"collection":[{"href":"https:\/\/www.logopediadomicilio.es\/ca\/wp-json\/wp\/v2\/pages"}],"about":[{"href":"https:\/\/www.logopediadomicilio.es\/ca\/wp-json\/wp\/v2\/types\/page"}],"author":[{"embeddable":true,"href":"https:\/\/www.logopediadomicilio.es\/ca\/wp-json\/wp\/v2\/users\/3"}],"replies":[{"embeddable":true,"href":"https:\/\/www.logopediadomicilio.es\/ca\/wp-json\/wp\/v2\/comments?post=31843"}],"version-history":[{"count":3,"href":"https:\/\/www.logopediadomicilio.es\/ca\/wp-json\/wp\/v2\/pages\/31843\/revisions"}],"predecessor-version":[{"id":31846,"href":"https:\/\/www.logopediadomicilio.es\/ca\/wp-json\/wp\/v2\/pages\/31843\/revisions\/31846"}],"wp:featuredmedia":[{"embeddable":true,"href":"https:\/\/www.logopediadomicilio.es\/ca\/wp-json\/wp\/v2\/media\/31552"}],"wp:attachment":[{"href":"https:\/\/www.logopediadomicilio.es\/ca\/wp-json\/wp\/v2\/media?parent=31843"}],"curies":[{"name":"wp","href":"https:\/\/api.w.org\/{rel}","templated":true}]}}